{"id":13694,"date":"2023-06-19T15:22:35","date_gmt":"2023-06-19T13:22:35","guid":{"rendered":"https:\/\/caracolvan2.demosbluefish.es\/eco-camper\/"},"modified":"2024-02-15T09:52:53","modified_gmt":"2024-02-15T07:52:53","slug":"eco-camper","status":"publish","type":"page","link":"https:\/\/caracolvan.com\/de\/eco-camper\/","title":{"rendered":"ECO CAMPER"},"content":{"rendered":"<p><div class=\"fusion-fullwidth fullwidth-box fusion-builder-row-1 fusion-flex-container has-pattern-background has-mask-background hundred-percent-fullwidth non-hundred-percent-height-scrolling\" style=\"--awb-background-repeat:repeat;--awb-border-radius-top-left:0px;--awb-border-radius-top-right:0px;--awb-border-radius-bottom-right:0px;--awb-border-radius-bottom-left:0px;--awb-padding-top:120px;--awb-padding-right:10%;--awb-padding-bottom:100px;--awb-padding-left:10%;--awb-padding-top-medium:70px;--awb-padding-top-small:60px;--awb-flex-wrap:wrap;\" ><div class=\"fusion-builder-row fusion-row fusion-flex-align-items-flex-start fusion-flex-content-wrap\" style=\"width:104% !important;max-width:104% !important;margin-left: calc(-4% \/ 2 );margin-right: calc(-4% \/ 2 );\"><div class=\"fusion-layout-column fusion_builder_column fusion-builder-column-0 fusion_builder_column_1_1 1_1 fusion-flex-column\" style=\"--awb-bg-size:cover;--awb-width-large:100%;--awb-margin-top-large:0px;--awb-spacing-right-large:1.92%;--awb-margin-bottom-large:10px;--awb-spacing-left-large:1.92%;--awb-width-medium:100%;--awb-order-medium:0;--awb-spacing-right-medium:1.92%;--awb-spacing-left-medium:1.92%;--awb-width-small:100%;--awb-order-small:0;--awb-spacing-right-small:1.92%;--awb-spacing-left-small:1.92%;\" data-scroll-devices=\"small-visibility,medium-visibility,large-visibility\"><div class=\"fusion-column-wrapper fusion-column-has-shadow fusion-flex-justify-content-flex-start fusion-content-layout-column\"><div class=\"fusion-title title fusion-title-1 fusion-sep-none fusion-title-text fusion-title-size-one\" style=\"--awb-text-color:var(--awb-color7);--awb-margin-bottom:30px;--awb-margin-top-small:10px;--awb-margin-right-small:0px;--awb-margin-bottom-small:10px;--awb-margin-left-small:0px;--awb-font-size:var(--awb-typography2-font-size);\"><h1 class=\"fusion-title-heading title-heading-left awb-responsive-type__disable\" style=\"font-family:var(--awb-typography2-font-family);font-weight:var(--awb-typography2-font-weight);font-style:var(--awb-typography2-font-style);margin:0;letter-spacing:var(--awb-typography2-letter-spacing);text-transform:var(--awb-typography2-text-transform);font-size:1em;line-height:var(--awb-typography2-line-height);\">ECO CAMPER<\/h1><\/div><\/div><\/div><div class=\"fusion-layout-column fusion_builder_column fusion-builder-column-1 fusion_builder_column_2_3 2_3 fusion-flex-column fusion-flex-align-self-stretch\" style=\"--awb-bg-size:cover;--awb-width-large:66.666666666667%;--awb-margin-top-large:0px;--awb-spacing-right-large:2.88%;--awb-margin-bottom-large:20px;--awb-spacing-left-large:2.88%;--awb-width-medium:100%;--awb-order-medium:0;--awb-spacing-right-medium:1.92%;--awb-spacing-left-medium:1.92%;--awb-width-small:100%;--awb-order-small:0;--awb-spacing-right-small:1.92%;--awb-spacing-left-small:1.92%;\" data-scroll-devices=\"small-visibility,medium-visibility,large-visibility\"><div class=\"fusion-column-wrapper fusion-column-has-shadow fusion-flex-justify-content-flex-start fusion-content-layout-column\"><div class=\"fusion-video fusion-youtube\" style=\"--awb-max-width:1200px;--awb-max-height:600px;\"><div class=\"video-shortcode\"><div class=\"fluid-width-video-wrapper\" style=\"padding-top:50%;\" ><iframe title=\"YouTube video player 1\" src=\"https:\/\/www.youtube.com\/embed\/0egvrPKFm7w?wmode=transparent&autoplay=0\" width=\"1200\" height=\"600\" allowfullscreen allow=\"autoplay; clipboard-write; encrypted-media; gyroscope; picture-in-picture;\"><\/iframe><\/div><\/div><\/div><\/div><\/div><div class=\"fusion-layout-column fusion_builder_column fusion-builder-column-2 awb-sticky awb-sticky-large fusion_builder_column_1_3 1_3 fusion-flex-column\" style=\"--awb-padding-top:10px;--awb-padding-bottom:30px;--awb-bg-color:var(--awb-color7);--awb-bg-color-hover:var(--awb-color7);--awb-bg-size:cover;--awb-width-large:33.333333333333%;--awb-margin-top-large:0px;--awb-spacing-right-large:5.76%;--awb-margin-bottom-large:20px;--awb-spacing-left-large:5.76%;--awb-width-medium:100%;--awb-order-medium:0;--awb-spacing-right-medium:1.92%;--awb-spacing-left-medium:1.92%;--awb-width-small:100%;--awb-order-small:0;--awb-spacing-right-small:1.92%;--awb-spacing-left-small:1.92%;--awb-sticky-offset:180px;\" data-scroll-devices=\"small-visibility,medium-visibility,large-visibility\"><div class=\"fusion-column-wrapper fusion-column-has-shadow fusion-flex-justify-content-flex-start fusion-content-layout-column\"><div class=\"fusion-title title fusion-title-2 fusion-sep-none fusion-title-text fusion-title-size-two\" style=\"--awb-text-color:var(--awb-color1);--awb-margin-left:5%;--awb-margin-top-small:10px;--awb-margin-right-small:0px;--awb-margin-bottom-small:10px;--awb-margin-left-small:5%;--awb-margin-left-medium:5%;--awb-font-size:var(--awb-typography4-font-size);\"><h2 class=\"fusion-title-heading title-heading-left\" style=\"font-family:var(--awb-typography4-font-family);font-weight:var(--awb-typography4-font-weight);font-style:var(--awb-typography4-font-style);margin:0;letter-spacing:var(--awb-typography4-letter-spacing);text-transform:var(--awb-typography4-text-transform);font-size:1em;line-height:var(--awb-typography4-line-height);\">Mieten Sie Ihre ECO CAMPER<\/h2><\/div><div class=\"fusion-separator fusion-full-width-sep\" style=\"align-self: center;margin-left: auto;margin-right: auto;width:100%;max-width:100%;\"><div class=\"fusion-separator-border sep-single sep-solid\" style=\"--awb-height:20px;--awb-amount:20px;--awb-sep-color:#676767;border-color:#676767;border-top-width:2px;\"><\/div><\/div><div class=\"fusion-text fusion-text-1 fusion-text-no-margin\" style=\"--awb-letter-spacing:var(--awb-custom_typography_2-letter-spacing);--awb-text-transform:var(--awb-custom_typography_2-text-transform);--awb-text-color:var(--awb-color1);--awb-margin-top:25px;--awb-margin-right:5%;--awb-margin-bottom:30px;--awb-margin-left:5%;--awb-text-font-family:var(--awb-custom_typography_2-font-family);--awb-text-font-weight:var(--awb-custom_typography_2-font-weight);--awb-text-font-style:var(--awb-custom_typography_2-font-style);\"><p>Ab <span class=\"caracol-furgo-precio\">79,00 \u20ac<\/span><\/p>\n<\/div><div style=\"text-align:center;\"><a class=\"fusion-button button-flat fusion-button-default-size button-default fusion-button-default button-1 fusion-button-span-yes fusion-button-default-type\" style=\"--button_margin-right:5%;--button_margin-left:5%;width:calc(100% - 5% - 5%);\" target=\"_self\" href=\"https:\/\/caracolvan.com\/de\/van-mieten\/?view=cardetails&amp;carid=6\"><span class=\"fusion-button-text awb-button__text awb-button__text--default\">Buchen Sie jetzt<\/span><i class=\"icon-flecha-boton awb-button__icon awb-button__icon--default button-icon-right\" aria-hidden=\"true\"><\/i><\/a><\/div><\/div><\/div><div class=\"fusion-layout-column fusion_builder_column fusion-builder-column-3 fusion_builder_column_2_3 2_3 fusion-flex-column fusion-flex-align-self-center\" style=\"--awb-bg-size:cover;--awb-width-large:66.666666666667%;--awb-margin-top-large:40px;--awb-spacing-right-large:2.88%;--awb-margin-bottom-large:20px;--awb-spacing-left-large:2.88%;--awb-width-medium:100%;--awb-order-medium:0;--awb-spacing-right-medium:1.92%;--awb-spacing-left-medium:1.92%;--awb-width-small:100%;--awb-order-small:0;--awb-spacing-right-small:1.92%;--awb-spacing-left-small:1.92%;\" data-scroll-devices=\"small-visibility,medium-visibility,large-visibility\"><div class=\"fusion-column-wrapper fusion-column-has-shadow fusion-flex-justify-content-flex-start fusion-content-layout-column\"><div class=\"fusion-title title fusion-title-3 fusion-sep-none fusion-title-text fusion-title-size-two\" style=\"--awb-margin-bottom:20px;--awb-margin-top-small:10px;--awb-margin-right-small:0px;--awb-margin-bottom-small:10px;--awb-margin-left-small:0px;--awb-font-size:var(--awb-typography4-font-size);\"><h2 class=\"fusion-title-heading title-heading-left\" style=\"font-family:var(--awb-typography4-font-family);font-weight:var(--awb-typography4-font-weight);font-style:var(--awb-typography4-font-style);margin:0;letter-spacing:var(--awb-typography4-letter-spacing);text-transform:var(--awb-typography4-text-transform);font-size:1em;line-height:var(--awb-typography4-line-height);\">Wohnmobil mit der n\u00f6tigen Ausstattung f\u00fcr zwei Personen zu einem erschwinglichen Preis.<\/h2><\/div><div class=\"fusion-text fusion-text-2\"><p>Der <strong>Eco<\/strong> <strong>Camper<\/strong> ist ein Modell, welches Ihnen die notwenige Ausstattung f\u00fcr 2 Personen <strong>in einem Mietwohnwagen bietet<\/strong> und das zu einem g\u00fcnstigen Preis. Wir stellen sicher, dass Sie alle wichtigen Dinge haben und <strong>Ihnen<\/strong> in Ihrem Urlaub nichts fehlt.<\/p>\n<p>Er hat ein <strong>Bett<\/strong> von 120\u00d7190 cm, <strong>einen<\/strong> Innenwohnraum mit <strong>Tisch,<\/strong> eine K\u00fcche mit Sp\u00fcle und <strong>Kochgelegenheit,<\/strong> zudem einen <strong>K\u00fchlschrank<\/strong>, der Dank der zus\u00e4tzlichen Batterie v\u00f6llig <strong>unabh\u00e4ngig l\u00e4uft.<\/strong> Verbunden mit einem 50 Liter Tank und <strong>einer<\/strong> <strong>Au\u00dfendusche<\/strong>, fehlt einem nichts im Vergleich mit einem gro\u00dfen Wohnmobil.<\/p>\n<p>Der <strong>Eco Camper<\/strong> hat einen modernen Innenraum, eine Klimaanlage, Servolenkung und eine wenig verbrauchende Diesel Maschine. Damit ist er der perfekte Van f\u00fcr all jene, die zum ersten Mal eine <strong>\u201cCamper Erfahrung\u201d<\/strong> erleben wollen.<\/p>\n<\/div><div class=\"fusion-title title fusion-title-4 fusion-sep-none fusion-title-center fusion-title-text fusion-title-size-three\" style=\"--awb-margin-top:50px;--awb-margin-bottom:30px;--awb-margin-top-small:10px;--awb-margin-right-small:0px;--awb-margin-bottom-small:10px;--awb-margin-left-small:0px;\"><h3 class=\"fusion-title-heading title-heading-center\" style=\"margin:0;\">Im Ausland<\/h3><\/div><div class=\"fusion-image-carousel fusion-image-carousel-auto fusion-image-carousel-1 lightbox-enabled fusion-carousel-border caracol-furgo-carousel\"><div class=\"awb-carousel awb-swiper awb-swiper-carousel awb-carousel--carousel awb-swiper-dots-position-bottom\" data-layout=\"carousel\" data-autoplay=\"no\" data-autoplayspeed=\"2500\" data-autoplaypause=\"no\" data-columns=\"2\" data-columnsmedium=\"1\" data-columnssmall=\"1\" data-itemmargin=\"10\" data-itemwidth=\"180\" data-touchscroll=\"no\" data-freemode=\"no\" data-imagesize=\"auto\" data-scrollitems=\"0\" data-centeredslides=\"no\" data-rotationangle=\"50\" data-depth=\"100\" data-speed=\"500\" data-shadow=\"no\" data-pagination=\"bullets\" style=\"--awb-columns:2;--awb-column-spacing:10px;--awb-border-width:1px;--awb-border-color:#e9eaee;\"><div class=\"swiper-wrapper awb-image-carousel-wrapper fusion-flex-align-items-flex-start\"><div class=\"swiper-slide\"><div class=\"fusion-carousel-item-wrapper\"><div class=\"fusion-image-wrapper hover-type-none\"><a data-rel=\"iLightbox[image_carousel_1]\" data-caption=\"perfect camper-van for couples\" data-title=\"Transit_Eco_Camper01_L\" aria-label=\"Transit_Eco_Camper01_L\" href=\"https:\/\/caracolvan.com\/wp-content\/uploads\/2018\/04\/Transit_Eco_Camper01_L.jpg\" target=\"_self\"><img decoding=\"async\" width=\"1024\" height=\"600\" src=\"https:\/\/caracolvan.com\/wp-content\/uploads\/2018\/04\/Transit_Eco_Camper01_L.jpg\" class=\"attachment-full size-full\" alt=\"cheap camper van hire spain\" \/><\/a><\/div><\/div><\/div><div class=\"swiper-slide\"><div class=\"fusion-carousel-item-wrapper\"><div class=\"fusion-image-wrapper hover-type-none\"><a data-rel=\"iLightbox[image_carousel_1]\" data-caption=\"Camper van road trip spain\" data-title=\"Transit_Eco_Camper03_L\" aria-label=\"Transit_Eco_Camper03_L\" href=\"https:\/\/caracolvan.com\/wp-content\/uploads\/2018\/04\/Transit_Eco_Camper03_L.jpg\" target=\"_self\"><img decoding=\"async\" width=\"1024\" height=\"600\" src=\"https:\/\/caracolvan.com\/wp-content\/uploads\/2018\/04\/Transit_Eco_Camper03_L.jpg\" class=\"attachment-full size-full\" alt=\"Eco camper van for rent in Spain\" \/><\/a><\/div><\/div><\/div><div class=\"swiper-slide\"><div class=\"fusion-carousel-item-wrapper\"><div class=\"fusion-image-wrapper hover-type-none\"><a data-rel=\"iLightbox[image_carousel_1]\" data-caption=\"camper vam hire in spain\" data-title=\"Transit_Eco_Camper02_L\" aria-label=\"Transit_Eco_Camper02_L\" href=\"https:\/\/caracolvan.com\/wp-content\/uploads\/2018\/04\/Transit_Eco_Camper02_L.jpg\" target=\"_self\"><img decoding=\"async\" width=\"1024\" height=\"600\" src=\"https:\/\/caracolvan.com\/wp-content\/uploads\/2018\/04\/Transit_Eco_Camper02_L.jpg\" class=\"attachment-full size-full\" alt=\"camper van for couples\" \/><\/a><\/div><\/div><\/div><div class=\"swiper-slide\"><div class=\"fusion-carousel-item-wrapper\"><div class=\"fusion-image-wrapper hover-type-none\"><a data-rel=\"iLightbox[image_carousel_1]\" data-title=\"Eco Camper Sommer Van Verleih\" aria-label=\"Eco Camper Sommer Van Verleih\" href=\"https:\/\/caracolvan.com\/wp-content\/uploads\/2018\/04\/alquiler-furgo-eco-camper-verano.jpg\" target=\"_self\"><img decoding=\"async\" width=\"800\" height=\"550\" src=\"https:\/\/caracolvan.com\/wp-content\/uploads\/2018\/04\/alquiler-furgo-eco-camper-verano.jpg\" class=\"attachment-full size-full\" alt=\"Eco Camper Sommer Van Verleih\" \/><\/a><\/div><\/div><\/div><div class=\"swiper-slide\"><div class=\"fusion-carousel-item-wrapper\"><div class=\"fusion-image-wrapper hover-type-none\"><a data-rel=\"iLightbox[image_carousel_1]\" data-title=\"Eco Camper Caracolvan C\u00e1diz Van Hire\" aria-label=\"Eco Camper Caracolvan C\u00e1diz Van Hire\" href=\"https:\/\/caracolvan.com\/wp-content\/uploads\/2018\/04\/alquiler-furgoneta-eco-camper-caracolvan-Cadiz.jpg\" target=\"_self\"><img decoding=\"async\" width=\"800\" height=\"550\" src=\"https:\/\/caracolvan.com\/wp-content\/uploads\/2018\/04\/alquiler-furgoneta-eco-camper-caracolvan-Cadiz.jpg\" class=\"attachment-full size-full\" alt=\"Eco Camper Caracolvan C\u00e1diz Van Hire\" \/><\/a><\/div><\/div><\/div><div class=\"swiper-slide\"><div class=\"fusion-carousel-item-wrapper\"><div class=\"fusion-image-wrapper hover-type-none\"><a data-rel=\"iLightbox[image_carousel_1]\" data-title=\"Eco camper alquiler Caracolvan\" aria-label=\"Eco camper alquiler Caracolvan\" href=\"https:\/\/caracolvan.com\/wp-content\/uploads\/2023\/05\/Eco-camper-alquiler-Caracolvan.jpeg\" target=\"_self\"><img decoding=\"async\" width=\"1024\" height=\"767\" src=\"https:\/\/caracolvan.com\/wp-content\/uploads\/2023\/05\/Eco-camper-alquiler-Caracolvan.jpeg\" class=\"attachment-full size-full\" alt=\"eco campervermietung caracolvan\" srcset=\"https:\/\/caracolvan.com\/wp-content\/uploads\/2023\/05\/Eco-camper-alquiler-Caracolvan-200x150.jpeg 200w, https:\/\/caracolvan.com\/wp-content\/uploads\/2023\/05\/Eco-camper-alquiler-Caracolvan-400x300.jpeg 400w, https:\/\/caracolvan.com\/wp-content\/uploads\/2023\/05\/Eco-camper-alquiler-Caracolvan-600x449.jpeg 600w, https:\/\/caracolvan.com\/wp-content\/uploads\/2023\/05\/Eco-camper-alquiler-Caracolvan-800x599.jpeg 800w, https:\/\/caracolvan.com\/wp-content\/uploads\/2023\/05\/Eco-camper-alquiler-Caracolvan.jpeg 1024w\" sizes=\"(min-width: 2200px) 100vw, (min-width: 712px) 595px, (min-width: 640px) 712px, \" \/><\/a><\/div><\/div><\/div><\/div><div class=\"awb-swiper-button awb-swiper-button-prev\"><i class=\"awb-icon-angle-left\" aria-hidden=\"true\"><\/i><\/div><div class=\"awb-swiper-button awb-swiper-button-next\"><i class=\"awb-icon-angle-right\" aria-hidden=\"true\"><\/i><\/div><\/div><\/div><div class=\"fusion-title title fusion-title-5 fusion-sep-none fusion-title-center fusion-title-text fusion-title-size-three\" style=\"--awb-margin-top:20px;--awb-margin-bottom:30px;--awb-margin-top-small:10px;--awb-margin-right-small:0px;--awb-margin-bottom-small:10px;--awb-margin-left-small:0px;\"><h3 class=\"fusion-title-heading title-heading-center\" style=\"margin:0;\">Im Innenraum des Eco Campers<\/h3><\/div><div class=\"fusion-image-carousel fusion-image-carousel-auto fusion-image-carousel-2 lightbox-enabled fusion-carousel-border caracol-furgo-carousel\" style=\"margin-bottom:50px;\"><div class=\"awb-carousel awb-swiper awb-swiper-carousel awb-carousel--carousel awb-swiper-dots-position-bottom\" data-layout=\"carousel\" data-autoplay=\"no\" data-autoplayspeed=\"2500\" data-autoplaypause=\"no\" data-columns=\"2\" data-columnsmedium=\"1\" data-columnssmall=\"1\" data-itemmargin=\"10\" data-itemwidth=\"180\" data-touchscroll=\"no\" data-freemode=\"no\" data-imagesize=\"auto\" data-scrollitems=\"0\" data-centeredslides=\"no\" data-rotationangle=\"50\" data-depth=\"100\" data-speed=\"500\" data-shadow=\"no\" data-pagination=\"bullets\" style=\"--awb-columns:2;--awb-column-spacing:10px;--awb-border-width:1px;--awb-border-color:#e9eaee;\"><div class=\"swiper-wrapper awb-image-carousel-wrapper fusion-flex-align-items-flex-start\"><div class=\"swiper-slide\"><div class=\"fusion-carousel-item-wrapper\"><div class=\"fusion-image-wrapper hover-type-none\"><a data-rel=\"iLightbox[image_carousel_2]\" data-title=\"Vermietung Eco Camper Paare\" aria-label=\"Vermietung Eco Camper Paare\" href=\"https:\/\/caracolvan.com\/wp-content\/uploads\/2018\/04\/alquiler-furgo-eco-camper-parejas.jpg\" target=\"_self\"><img decoding=\"async\" width=\"800\" height=\"550\" src=\"https:\/\/caracolvan.com\/wp-content\/uploads\/2018\/04\/alquiler-furgo-eco-camper-parejas.jpg\" class=\"attachment-full size-full\" alt=\"Vermietung Eco Camper Paare\" \/><\/a><\/div><\/div><\/div><div class=\"swiper-slide\"><div class=\"fusion-carousel-item-wrapper\"><div class=\"fusion-image-wrapper hover-type-none\"><a data-rel=\"iLightbox[image_carousel_2]\" data-title=\"Eco Camper Innentabelle\" aria-label=\"Eco Camper Innentabelle\" href=\"https:\/\/caracolvan.com\/wp-content\/uploads\/2018\/04\/furgo-eco-camper-mesa-interior.jpg\" target=\"_self\"><img decoding=\"async\" width=\"800\" height=\"550\" src=\"https:\/\/caracolvan.com\/wp-content\/uploads\/2018\/04\/furgo-eco-camper-mesa-interior.jpg\" class=\"attachment-full size-full\" alt=\"Eco Camper Innentabelle\" \/><\/a><\/div><\/div><\/div><div class=\"swiper-slide\"><div class=\"fusion-carousel-item-wrapper\"><div class=\"fusion-image-wrapper hover-type-none\"><a data-rel=\"iLightbox[image_carousel_2]\" data-title=\"Eco Camper Lounge\" aria-label=\"Eco Camper Lounge\" href=\"https:\/\/caracolvan.com\/wp-content\/uploads\/2018\/04\/furgo-eco-camper-salon.jpg\" target=\"_self\"><img decoding=\"async\" width=\"800\" height=\"550\" src=\"https:\/\/caracolvan.com\/wp-content\/uploads\/2018\/04\/furgo-eco-camper-salon.jpg\" class=\"attachment-full size-full\" alt=\"Eco Camper Lounge\" \/><\/a><\/div><\/div><\/div><div class=\"swiper-slide\"><div class=\"fusion-carousel-item-wrapper\"><div class=\"fusion-image-wrapper hover-type-none\"><a data-rel=\"iLightbox[image_carousel_2]\" data-title=\"Eco Camper van K\u00fcche\" aria-label=\"Eco Camper van K\u00fcche\" href=\"https:\/\/caracolvan.com\/wp-content\/uploads\/2018\/04\/furgo-eco-camper-cocina.jpg\" target=\"_self\"><img decoding=\"async\" width=\"800\" height=\"550\" src=\"https:\/\/caracolvan.com\/wp-content\/uploads\/2018\/04\/furgo-eco-camper-cocina.jpg\" class=\"attachment-full size-full\" alt=\"Eco Camper van K\u00fcche\" \/><\/a><\/div><\/div><\/div><div class=\"swiper-slide\"><div class=\"fusion-carousel-item-wrapper\"><div class=\"fusion-image-wrapper hover-type-none\"><a data-rel=\"iLightbox[image_carousel_2]\" data-title=\"K\u00fcchenwagen Eco Camper\" aria-label=\"K\u00fcchenwagen Eco Camper\" href=\"https:\/\/caracolvan.com\/wp-content\/uploads\/2018\/04\/cocina-furgo-eco-camper.jpg\" target=\"_self\"><img decoding=\"async\" width=\"800\" height=\"550\" src=\"https:\/\/caracolvan.com\/wp-content\/uploads\/2018\/04\/cocina-furgo-eco-camper.jpg\" class=\"attachment-full size-full\" alt=\"K\u00fcchenwagen Eco Camper\" \/><\/a><\/div><\/div><\/div><div class=\"swiper-slide\"><div class=\"fusion-carousel-item-wrapper\"><div class=\"fusion-image-wrapper hover-type-none\"><a data-rel=\"iLightbox[image_carousel_2]\" data-title=\"Wohnmobil von Eco Camper Andaluc\u00eda\" aria-label=\"Wohnmobil von Eco Camper Andaluc\u00eda\" href=\"https:\/\/caracolvan.com\/wp-content\/uploads\/2018\/04\/cama-furgoneta-eco-camper-andalucia.jpg\" target=\"_self\"><img decoding=\"async\" width=\"800\" height=\"550\" src=\"https:\/\/caracolvan.com\/wp-content\/uploads\/2018\/04\/cama-furgoneta-eco-camper-andalucia.jpg\" class=\"attachment-full size-full\" alt=\"Wohnmobil von Eco Camper Andaluc\u00eda\" \/><\/a><\/div><\/div><\/div><div class=\"swiper-slide\"><div class=\"fusion-carousel-item-wrapper\"><div class=\"fusion-image-wrapper hover-type-none\"><a data-rel=\"iLightbox[image_carousel_2]\" data-title=\"Eco Camper Sommerwagen\" aria-label=\"Eco Camper Sommerwagen\" href=\"https:\/\/caracolvan.com\/wp-content\/uploads\/2018\/04\/cama-furgo-eco-camper-verano.jpg\" target=\"_self\"><img decoding=\"async\" width=\"800\" height=\"550\" src=\"https:\/\/caracolvan.com\/wp-content\/uploads\/2018\/04\/cama-furgo-eco-camper-verano.jpg\" class=\"attachment-full size-full\" alt=\"Eco Camper Sommerwagen\" \/><\/a><\/div><\/div><\/div><div class=\"swiper-slide\"><div class=\"fusion-carousel-item-wrapper\"><div class=\"fusion-image-wrapper hover-type-none\"><a data-rel=\"iLightbox[image_carousel_2]\" data-title=\"k\u00fcchenwagen vw caddy eco camper\" aria-label=\"k\u00fcchenwagen vw caddy eco camper\" href=\"https:\/\/caracolvan.com\/wp-content\/uploads\/2018\/03\/cocina-furgoneta-vw-caddy-eco-camper.jpg\" target=\"_self\"><img decoding=\"async\" width=\"1200\" height=\"800\" src=\"https:\/\/caracolvan.com\/wp-content\/uploads\/2018\/03\/cocina-furgoneta-vw-caddy-eco-camper.jpg\" class=\"attachment-full size-full\" alt=\"k\u00fcchenwagen vw caddy eco camper\" \/><\/a><\/div><\/div><\/div><div class=\"swiper-slide\"><div class=\"fusion-carousel-item-wrapper\"><div class=\"fusion-image-wrapper hover-type-none\"><a data-rel=\"iLightbox[image_carousel_2]\" data-title=\"Eco Camper Interior van\" aria-label=\"Eco Camper Interior van\" href=\"https:\/\/caracolvan.com\/wp-content\/uploads\/2018\/04\/furgoneta-eco-camper-interior.jpg\" target=\"_self\"><img decoding=\"async\" width=\"800\" height=\"550\" src=\"https:\/\/caracolvan.com\/wp-content\/uploads\/2018\/04\/furgoneta-eco-camper-interior.jpg\" class=\"attachment-full size-full\" alt=\"Eco Camper Interior van\" \/><\/a><\/div><\/div><\/div><div class=\"swiper-slide\"><div class=\"fusion-carousel-item-wrapper\"><div class=\"fusion-image-wrapper hover-type-none\"><a data-rel=\"iLightbox[image_carousel_2]\" data-title=\"Eco Camper van Ausr\u00fcstung\" aria-label=\"Eco Camper van Ausr\u00fcstung\" href=\"https:\/\/caracolvan.com\/wp-content\/uploads\/2018\/04\/furgoneta-eco-camper-equipamiento.jpg\" target=\"_self\"><img decoding=\"async\" width=\"800\" height=\"550\" src=\"https:\/\/caracolvan.com\/wp-content\/uploads\/2018\/04\/furgoneta-eco-camper-equipamiento.jpg\" class=\"attachment-full size-full\" alt=\"Eco Camper van Ausr\u00fcstung\" \/><\/a><\/div><\/div><\/div><\/div><div class=\"awb-swiper-button awb-swiper-button-prev\"><i class=\"awb-icon-angle-left\" aria-hidden=\"true\"><\/i><\/div><div class=\"awb-swiper-button awb-swiper-button-next\"><i class=\"awb-icon-angle-right\" aria-hidden=\"true\"><\/i><\/div><\/div><\/div><div class=\"fusion-builder-row fusion-builder-row-inner fusion-row fusion-flex-align-items-flex-start fusion-flex-content-wrap\" style=\"--awb-flex-grow:0;--awb-flex-grow-medium:0;--awb-flex-grow-small:0;--awb-flex-shrink:0;--awb-flex-shrink-medium:0;--awb-flex-shrink-small:0;width:104% !important;max-width:104% !important;margin-left: calc(-4% \/ 2 );margin-right: calc(-4% \/ 2 );\"><div class=\"fusion-layout-column fusion_builder_column_inner fusion-builder-nested-column-0 fusion_builder_column_inner_1_2 1_2 fusion-flex-column fusion-flex-align-self-stretch\" style=\"--awb-padding-top:20px;--awb-padding-right:25px;--awb-padding-bottom:20px;--awb-padding-left:25px;--awb-bg-color:var(--awb-color2);--awb-bg-color-hover:var(--awb-color2);--awb-bg-size:cover;--awb-width-large:50%;--awb-margin-top-large:0px;--awb-spacing-right-large:5px;--awb-margin-bottom-large:20px;--awb-spacing-left-large:3.84%;--awb-width-medium:50%;--awb-order-medium:0;--awb-spacing-right-medium:5px;--awb-spacing-left-medium:3.84%;--awb-width-small:100%;--awb-order-small:0;--awb-spacing-right-small:1.92%;--awb-spacing-left-small:1.92%;\" data-scroll-devices=\"small-visibility,medium-visibility,large-visibility\"><div class=\"fusion-column-wrapper fusion-column-has-shadow fusion-flex-justify-content-center fusion-content-layout-column\"><div class=\"fusion-title title fusion-title-6 fusion-sep-none fusion-title-text fusion-title-size-four\" style=\"--awb-margin-bottom:0px;--awb-margin-top-small:10px;--awb-margin-right-small:0px;--awb-margin-bottom-small:10px;--awb-margin-left-small:0px;--awb-font-size:var(--awb-typography5-font-size);\"><h4 class=\"fusion-title-heading title-heading-left\" style=\"font-family:var(--awb-typography5-font-family);font-weight:var(--awb-typography5-font-weight);font-style:var(--awb-typography5-font-style);margin:0;letter-spacing:var(--awb-typography5-letter-spacing);text-transform:var(--awb-typography5-text-transform);font-size:1em;line-height:var(--awb-typography5-line-height);\">Highlights:<\/h4><\/div><div class=\"fusion-text fusion-text-3\"><ul>\n<li>Sparsam im Verbrauch<\/li>\n<li>Alles was man f\u00fcr 2 braucht<\/li>\n<li>Leicht zu steuern<\/li>\n<\/ul>\n<\/div><\/div><\/div><div class=\"fusion-layout-column fusion_builder_column_inner fusion-builder-nested-column-1 fusion_builder_column_inner_1_2 1_2 fusion-flex-column fusion-flex-align-self-stretch\" style=\"--awb-padding-top:20px;--awb-padding-right:25px;--awb-padding-bottom:20px;--awb-padding-left:25px;--awb-bg-color:var(--awb-color2);--awb-bg-color-hover:var(--awb-color2);--awb-bg-size:cover;--awb-width-large:50%;--awb-margin-top-large:0px;--awb-spacing-right-large:3.84%;--awb-margin-bottom-large:20px;--awb-spacing-left-large:5px;--awb-width-medium:50%;--awb-order-medium:0;--awb-spacing-right-medium:3.84%;--awb-spacing-left-medium:5px;--awb-width-small:100%;--awb-order-small:0;--awb-spacing-right-small:1.92%;--awb-spacing-left-small:1.92%;\" data-scroll-devices=\"small-visibility,medium-visibility,large-visibility\"><div class=\"fusion-column-wrapper fusion-column-has-shadow fusion-flex-justify-content-center fusion-content-layout-column\"><div class=\"fusion-title title fusion-title-7 fusion-sep-none fusion-title-text fusion-title-size-four\" style=\"--awb-margin-bottom:0px;--awb-margin-top-small:10px;--awb-margin-right-small:0px;--awb-margin-bottom-small:10px;--awb-margin-left-small:0px;--awb-font-size:var(--awb-typography5-font-size);\"><h4 class=\"fusion-title-heading title-heading-left\" style=\"font-family:var(--awb-typography5-font-family);font-weight:var(--awb-typography5-font-weight);font-style:var(--awb-typography5-font-style);margin:0;letter-spacing:var(--awb-typography5-letter-spacing);text-transform:var(--awb-typography5-text-transform);font-size:1em;line-height:var(--awb-typography5-line-height);\">Empfohlen f\u00fcr:<\/h4><\/div><div class=\"fusion-text fusion-text-4\"><ul>\n<li>Wenn Sie es unkompliziert m\u00f6gen<\/li>\n<li>Vielreisende<\/li>\n<li>Man wenig Luxus braucht<\/li>\n<\/ul>\n<\/div><\/div><\/div><\/div><div class=\"fusion-tabs fusion-tabs-1 clean nav-is-justified caracol-furgo-tabs horizontal-tabs icon-position-left mobile-mode-carousel\" style=\"--awb-margin-top:50px;--awb-title-border-radius-top-left:0px;--awb-title-border-radius-top-right:0px;--awb-title-border-radius-bottom-right:0px;--awb-title-border-radius-bottom-left:0px;--awb-title-padding-bottom:0px;--awb-title-font-size:18px;--awb-title-text-transform:uppercase;--awb-alignment:start;--awb-inactive-color:var(--awb-color1);--awb-title-active-text-color:var(--awb-color5);--awb-background-color:var(--awb-color2);--awb-border-color:var(--awb-color2);--awb-active-border-color:var(--awb-color5);--awb-title-font-family:&quot;Mulish&quot;;--awb-title-font-style:normal;--awb-title-font-weight:600;\"><div class=\"nav\"><ul class=\"nav-tabs nav-justified\" role=\"tablist\"><li class=\"active\" role=\"presentation\"><a class=\"tab-link\" data-toggle=\"tab\" role=\"tab\" aria-controls=\"tab-69b65fae5bcd0185ef5\" aria-selected=\"true\" id=\"fusion-tab-wohnmobil-ausr\u00fcstung\" href=\"#tab-69b65fae5bcd0185ef5\"><h5 class=\"fusion-tab-heading\">Wohnmobil-Ausr\u00fcstung<\/h5><\/a><\/li><li role=\"presentation\"><a class=\"tab-link\" data-toggle=\"tab\" role=\"tab\" aria-controls=\"tab-1ac391fd7a200e4e078\" aria-selected=\"false\" tabindex=\"-1\" id=\"fusion-tab-datenblatt\" href=\"#tab-1ac391fd7a200e4e078\"><h5 class=\"fusion-tab-heading\">Datenblatt<\/h5><\/a><\/li><li role=\"presentation\"><a class=\"tab-link\" data-toggle=\"tab\" role=\"tab\" aria-controls=\"tab-de3665418a7db9c7794\" aria-selected=\"false\" tabindex=\"-1\" id=\"fusion-tab-extras\" href=\"#tab-de3665418a7db9c7794\"><h5 class=\"fusion-tab-heading\">Extras<\/h5><\/a><\/li><\/ul><\/div><div class=\"tab-content\"><div class=\"tab-pane fade fusion-clearfix in active\" role=\"tabpanel\" tabindex=\"0\" aria-labelledby=\"fusion-tab-wohnmobil-ausr\u00fcstung\" id=\"tab-69b65fae5bcd0185ef5\">\n<div class=\"caracol-furgo-equipamiento\">\n<div class=\"caracol-furgo-equipamiento-col\">\n<ul>\n<li><i class=\"fa fa-user\"><\/i>\n<p class=\"caracol-furgo-equipamiento-text1\">Sitzpl\u00e4tze<\/p>\n<p class=\"caracol-furgo-equipamiento-text2\">2\/3<\/p>\n<\/li>\n<li><i class=\"fa fa-shower\"><\/i>\n<p class=\"caracol-furgo-equipamiento-text1\">Au\u00dfendusche<\/p>\n<p class=\"caracol-furgo-equipamiento-text2\">Ja<\/p>\n<\/li>\n<li><i class=\"fas fa-toilet\"><\/i>\n<p class=\"caracol-furgo-equipamiento-text1\">WC<\/p>\n<p class=\"caracol-furgo-equipamiento-text2\">Optional (Chemical)<\/p>\n<\/li>\n<li><i class=\"fa fa-cutlery\" aria-hidden=\"true\"><\/i>\n<p class=\"caracol-furgo-equipamiento-text1\">Kitchen<\/p>\n<p class=\"caracol-furgo-equipamiento-text2\">Ja<\/p>\n<\/li>\n<li><i class=\"fas fa-thermometer-full\"><\/i>\n<p class=\"caracol-furgo-equipamiento-text1\">Hei\u00dfes Wasser<\/p>\n<p class=\"caracol-furgo-equipamiento-text2\">Nein<\/p>\n<\/li>\n<li><i class=\"fas fa-moon\"><\/i>\n<p class=\"caracol-furgo-equipamiento-text1\">Schlafpl\u00e4tze<\/p>\n<p class=\"caracol-furgo-equipamiento-text2\">2\/3<\/p>\n<\/li>\n<li><i class=\"fas fa-chair\"><\/i>\n<p class=\"caracol-furgo-equipamiento-text1\">Drehst\u00fchle<\/p>\n<p class=\"caracol-furgo-equipamiento-text2\">Nein<\/p>\n<\/li>\n<li><i class=\"fas fa-couch\"><\/i>\n<p class=\"caracol-furgo-equipamiento-text1\">Wohnbereich<\/p>\n<p class=\"caracol-furgo-equipamiento-text2\">Ja<\/p>\n<\/li>\n<li><i class=\"fas fa-tint\"><\/i>\n<p class=\"caracol-furgo-equipamiento-text1\">Wassertank<\/p>\n<p class=\"caracol-furgo-equipamiento-text2\">50 liters<\/p>\n<\/li>\n<\/ul>\n<\/div>\n<div class=\"caracol-furgo-equipamiento-col\">\n<ul>\n<li><i class=\"fas fa-car-battery\"><\/i>\n<p class=\"caracol-furgo-equipamiento-text1\">Zusatzbatterie<\/p>\n<p class=\"caracol-furgo-equipamiento-text2\">Ja<\/p>\n<\/li>\n<li><i class=\"fas fa-faucet\"><\/i>\n<p class=\"caracol-furgo-equipamiento-text1\">Sp\u00fcle<\/p>\n<p class=\"caracol-furgo-equipamiento-text2\">Ja<\/p>\n<\/li>\n<li><i class=\"fas fa-restroom\"><\/i>\n<p class=\"caracol-furgo-equipamiento-text1\">Badazimmer<\/p>\n<p class=\"caracol-furgo-equipamiento-text2\">Nein<\/p>\n<\/li>\n<li><i class=\"fas fa-bed\"><\/i>\n<p class=\"caracol-furgo-equipamiento-text1\">Doppelbett<\/p>\n<p class=\"caracol-furgo-equipamiento-text2\">1 (120*190)<\/p>\n<\/li>\n<li><i class=\"fas fa-chevron-up\"><\/i>\n<p class=\"caracol-furgo-equipamiento-text1\">Ausfahrbares Dach<\/p>\n<p class=\"caracol-furgo-equipamiento-text2\">Nein<\/p>\n<\/li>\n<li><i class=\"fas fa-temperature-high\"><\/i>\n<p class=\"caracol-furgo-equipamiento-text1\">Zusatzheizung<\/p>\n<p class=\"caracol-furgo-equipamiento-text2\">Nein<\/p>\n<\/li>\n<li><i class=\"fas fa-tshirt\"><\/i>\n<p class=\"caracol-furgo-equipamiento-text1\">Schr\u00e4nke<\/p>\n<p class=\"caracol-furgo-equipamiento-text2\">Nein<\/p>\n<\/li>\n<li><i class=\"fas fa-snowflake\"><\/i>\n<p class=\"caracol-furgo-equipamiento-text1\">K\u00fchlschrank<\/p>\n<p class=\"caracol-furgo-equipamiento-text2\">Ja<\/p>\n<\/li>\n<li><i class=\"fa-sharp fa-solid fa-solar-panel\"><\/i>\n<p class=\"caracol-furgo-equipamiento-text1\">Sonnenkollektor<\/p>\n<p class=\"caracol-furgo-equipamiento-text2\">Nein<\/p>\n<\/li>\n<\/ul>\n<\/div>\n<\/div>\n<\/div><div class=\"tab-pane fade fusion-clearfix\" role=\"tabpanel\" tabindex=\"0\" aria-labelledby=\"fusion-tab-datenblatt\" id=\"tab-1ac391fd7a200e4e078\">\n<div class=\"caracol-furgo-ficha\">\n<div class=\"caracol-furgo-ficha-lista\">\n<ul>\n<li><span class=\"caracol-furgo-ficha-negrita\">Kraftstoff<\/span>: Diesel<\/li>\n<li><span class=\"caracol-furgo-ficha-negrita\">Kraftstoffverbrauch:<\/span> 7 l. x 100 km<\/li>\n<li><span class=\"caracol-furgo-ficha-negrita\">Motorleistung:<\/span> 102 CV<\/li>\n<li><span class=\"caracol-furgo-ficha-negrita\">Mindestalter des Fahrers:<\/span> 25<\/li>\n<li><span class=\"caracol-furgo-ficha-negrita\">Getriebe:<\/span> Manual<\/li>\n<li><span class=\"caracol-furgo-ficha-negrita\">Max Passagiere:<\/span> 2<\/li>\n<li><span class=\"caracol-furgo-ficha-negrita\">T\u00fcren:<\/span> 4<\/li>\n<li><span class=\"caracol-furgo-ficha-negrita\">Preis ab:<\/span> 95 EUR \/ Tag<\/li>\n<\/ul>\n<\/div>\n<div class=\"caracol-furgo-ficha-titulo\">\n<h6>ZUS\u00c4TZLICHE INFORMATIONEN<\/h6>\n<\/div>\n<div class=\"caracol-furgo-ficha-adicional\">\n<ul>\n<li>ABS<\/li>\n<li>Airbag<\/li>\n<li>Klimaanlage<\/li>\n<li>Zusatzbatterie<\/li>\n<li>Bluetooth<\/li>\n<li>Zentralverriegelung<\/li>\n<li>Servolenkung<\/li>\n<li>Elektrische Fensterheber<\/li>\n<li>Aux Audiostecker<\/li>\n<li>Radio<\/li>\n<\/ul>\n<\/div>\n<\/div>\n<\/div><div class=\"tab-pane fade fusion-clearfix\" role=\"tabpanel\" tabindex=\"0\" aria-labelledby=\"fusion-tab-extras\" id=\"tab-de3665418a7db9c7794\">\n<div class=\"caracol-furgo-extras\">\n<div>\n<p><img decoding=\"async\" class=\"alignnone size-full wp-image-10509\" src=\"https:\/\/caracolvan.com\/wp-content\/uploads\/2023\/03\/garmin-1.png\" alt=\"\" width=\"112\" height=\"75\" \/><\/p>\n<p>GPS Navigator<\/p>\n<\/div>\n<div>\n<p><img decoding=\"async\" class=\"alignnone size-full wp-image-10518\" src=\"https:\/\/caracolvan.com\/wp-content\/uploads\/2023\/03\/bebe200x200-1.png\" alt=\"\" width=\"102\" height=\"102\" srcset=\"https:\/\/caracolvan.com\/wp-content\/uploads\/2023\/03\/bebe200x200-1-66x66.png 66w, https:\/\/caracolvan.com\/wp-content\/uploads\/2023\/03\/bebe200x200-1.png 102w\" sizes=\"(max-width: 102px) 100vw, 102px\" \/><\/p>\n<p>Babysitz<\/p>\n<\/div>\n<div>\n<p><img decoding=\"async\" class=\"alignnone size-full wp-image-10522\" src=\"https:\/\/caracolvan.com\/wp-content\/uploads\/2023\/03\/asiento-infantil-trans-250-1.png\" alt=\"\" width=\"110\" height=\"88\" \/><\/p>\n<p>Kindersitz<\/p>\n<\/div>\n<div>\n<p><img decoding=\"async\" class=\"alignnone size-full wp-image-10526\" src=\"https:\/\/caracolvan.com\/wp-content\/uploads\/2023\/03\/cadenas-300x213-1.png\" alt=\"\" width=\"118\" height=\"83\" \/><\/p>\n<p>Schneeketten<\/p>\n<\/div>\n<div>\n<p><img decoding=\"async\" class=\"alignnone size-full wp-image-10537\" src=\"https:\/\/caracolvan.com\/wp-content\/uploads\/2023\/03\/tent-300x202-1.png\" alt=\"\" width=\"134\" height=\"91\" \/><\/p>\n<p>Zelt<\/p>\n<\/div>\n<div>\n<p><img decoding=\"async\" class=\"alignnone size-full wp-image-10541\" src=\"https:\/\/caracolvan.com\/wp-content\/uploads\/2023\/03\/Conversor-12v-220V-Waeco-trans-300x200-1.png\" alt=\"\" width=\"166\" height=\"111\" \/><\/p>\n<p>Konverter 12V-220V<\/p>\n<\/div>\n<div>\n<p><img decoding=\"async\" class=\"alignnone size-full wp-image-10550\" src=\"https:\/\/caracolvan.com\/wp-content\/uploads\/2023\/03\/calzos-nivelacion-thule-trans-300x200-1.png\" alt=\"\" width=\"134\" height=\"89\" \/><\/p>\n<p>Ausgleichsrampe<\/p>\n<\/div>\n<div>\n<p><img decoding=\"async\" class=\"alignnone size-full wp-image-10584\" src=\"https:\/\/caracolvan.com\/wp-content\/uploads\/2023\/03\/Group-85.png\" alt=\"\" width=\"176\" height=\"132\" \/><\/p>\n<p>Fahrrad<\/p>\n<\/div>\n<div>\n<p><img decoding=\"async\" class=\"alignnone size-full wp-image-10580\" src=\"https:\/\/caracolvan.com\/wp-content\/uploads\/2023\/03\/portabicis-VW-T6-Californi-Trans-200-300x253-1-1.png\" alt=\"\" width=\"155\" height=\"130\" \/><\/p>\n<p>Fahrradtr\u00e4ger<\/p>\n<\/div>\n<div>\n<p><img decoding=\"async\" class=\"alignnone size-full wp-image-10572\" src=\"https:\/\/caracolvan.com\/wp-content\/uploads\/2023\/03\/baca-300x233-300x233-1.png\" alt=\"\" width=\"165\" height=\"128\" \/><\/p>\n<p>Dachtr\u00e4ger<\/p>\n<\/div>\n<div>\n<p><img decoding=\"async\" class=\"alignnone size-full wp-image-10558\" src=\"https:\/\/caracolvan.com\/wp-content\/uploads\/2023\/03\/barbacoa-portatil-trans-250-1.png\" alt=\"\" width=\"144\" height=\"102\" \/><\/p>\n<p>Wegwerfgrill<\/p>\n<\/div>\n<\/div>\n<\/div><\/div><\/div><\/div><\/div><\/div><\/div><div class=\"fusion-fullwidth fullwidth-box fusion-builder-row-2 fusion-flex-container has-pattern-background has-mask-background nonhundred-percent-fullwidth non-hundred-percent-height-scrolling\" style=\"--awb-border-radius-top-left:0px;--awb-border-radius-top-right:0px;--awb-border-radius-bottom-right:0px;--awb-border-radius-bottom-left:0px;--awb-flex-wrap:wrap;\" ><div class=\"fusion-builder-row fusion-row fusion-flex-align-items-flex-start fusion-flex-content-wrap\" style=\"max-width:1248px;margin-left: calc(-4% \/ 2 );margin-right: calc(-4% \/ 2 );\"><div class=\"fusion-layout-column fusion_builder_column fusion-builder-column-4 fusion_builder_column_1_1 1_1 fusion-flex-column\" style=\"--awb-bg-size:cover;--awb-width-large:100%;--awb-margin-top-large:0px;--awb-spacing-right-large:1.92%;--awb-margin-bottom-large:20px;--awb-spacing-left-large:1.92%;--awb-width-medium:100%;--awb-order-medium:0;--awb-spacing-right-medium:1.92%;--awb-spacing-left-medium:1.92%;--awb-width-small:100%;--awb-order-small:0;--awb-spacing-right-small:1.92%;--awb-spacing-left-small:1.92%;\"><div class=\"fusion-column-wrapper fusion-column-has-shadow fusion-flex-justify-content-flex-start fusion-content-layout-column\"><div class=\"fusion-text fusion-text-5\"><h2>Der Eco Camper, viel mehr als nur ein Campingwagen<\/h2>\n<p>Seit unseren Vorfahren waren die Menschen von Natur aus Nomaden. Sie zogen umher auf der Suche nach dem besten Essen, den besten Pl\u00e4tzen zum Zelten und dem besten Wetter. Tausende von Jahren sp\u00e4ter ist etwas in unserem Instinkt und in unseren Ferien geblieben, wir ziehen weiter, auf der Suche nach sch\u00f6nen Landschaften, der besten Gastronomie und ein bisschen W\u00e4rme (oder K\u00fchle, je nachdem, wo man den Rest des Jahres verbringt), um diese freien Tage ohne Arbeit zu genie\u00dfen.<\/p>\n<p>Daf\u00fcr, um der Routine zu entfliehen, braucht man nicht viel, es kommt darauf an, wie spartanisch oder sybaritisch man ist. Wenn wir davon ausgehen, dass wir erwachsen geworden sind und die Zeit des Busreisens oder \"Trampens\" vorbei ist, dass wir beschlossen haben, das Zelt hinter uns zu lassen und uns in einem gemieteten Wohnmobil in ein Abenteuer zu st\u00fcrzen, aber unser Budget es uns nicht erlaubt, ein voll ausgestattetes Wohnmobil zu mieten, lesen Sie weiter.<\/p>\n<h2>Basis-Wohnmobil: Bett, K\u00fcche, K\u00fchlschrank und Dusche<\/h2>\n<p>Wenn alles, was wir uns w\u00fcnschen, ein Wohnmobil ist, das ein Bett, eine K\u00fcche, wenn m\u00f6glich einen K\u00fchlschrank und etwas Wasser hat, um ab und zu zu duschen, dann k\u00f6nnte das der Eco Camper sein. Das k\u00f6nnte der Eco Camper sein. Ein einfaches, aber sehr gut gemachtes Wohnmobil, mit dem Sie den ertr\u00e4umten \"Roadtrip\" alleine, mit Ihrem Partner, mit Ihrem Seelenverwandten oder mit Ihrem Hund genie\u00dfen k\u00f6nnen.<\/p>\n<p>Wir haben einen modernen Van genommen, der nicht viel Kraftstoff verbraucht und bequem zu fahren ist, und im hinteren Teil, wo normalerweise die Sitze oder die Ladung untergebracht sind, haben wir eine Lounge mit Sitzen und einem Tisch in der Mitte eingebaut. In diesem Raum ist ein bequemes Bett von 120 cm x 190 cm montiert, in dem man schlafen oder sich ungez\u00fcgelter Leidenschaft hingeben kann.<\/p>\n<p>Die tragbare K\u00fcchenzeile ist sehr praktisch, so dass man drinnen oder drau\u00dfen kochen kann, je nachdem, wie die Morgenstimmung ist oder wie nett die Nachbarn sind. Und ein Sp\u00fclbecken, das gleichzeitig als Waschbecken dient, um sich morgens das Gesicht zu waschen und die Tasse k\u00f6stlichen Kaffees abzusp\u00fclen, die man getrunken hat. Die Idee ist klar, sehr einfach, aber alles funktioniert.<\/p>\n<h2>Kaltes Bier und ein sch\u00f6ner Garten.<\/h2>\n<p>Er hat einen 50-Liter-Wassertank, mit dem wir duschen k\u00f6nnen, nat\u00fcrlich mit kaltem Wasser, aber im Sommer ist das sehr willkommen und gibt uns Kraft. Au\u00dferdem hat er einen Kompressor-K\u00fchlschrank, um das Bier und die Lebensmittel k\u00fchl zu halten, der mit einer Hilfsbatterie arbeitet, die die gesamte Ausr\u00fcstung des Wagens versorgt, so dass wir immer den Motor starten und die Stra\u00dfe zu unserem n\u00e4chsten Ziel verfolgen k\u00f6nnen.<\/p>\n<p>Wenn Sie eine vierk\u00f6pfige Familie sind, ist dies nat\u00fcrlich nicht Ihr ideales Wohnmobil, aber wenn Sie ein verliebtes Paar oder ein paar junge und abenteuerlustige Kollegen sind, brauchen Sie nicht viel, um einen tollen Urlaub am Steuer eines komfortablen, einfachen und effektiven Wohnmobils zu genie\u00dfen.<\/p>\n<p>Extras, f\u00fcr die ich Sie liebe<\/p>\n<p>Wir wollen eine Toilette... entweder wir nehmen eine Schaufel mit, um den Berg zu erklimmen (ich empfehle es: Link zu \"<a href=\"https:\/\/www.libreriadesnivel.com\/libros\/como-cagar-en-el-monte\/9788498293128\/\">How to shit in the bush<\/a>\") oder wir mieten auch die tragbare Toilette, die auf unserer <a href=\"https:\/\/caracolvan.com\/de\/extras\/\">Extraseite<\/a> erh\u00e4ltlich ist. Wer eine Mikrowelle will, ist hier falsch, wir haben eine Kaffeemaschine und einen Gasherd. Es gibt keine Eile, genie\u00dfen Sie die Landschaft, die R\u00fcckkehr zu den Urspr\u00fcngen, morgens aufzustehen und auf das frische Gras als Teppich zu treten, wir machen es Ihnen leicht!<\/p>\n<\/div><\/div><\/div><\/div><\/div><\/p>\n","protected":false},"excerpt":{"rendered":"","protected":false},"author":11,"featured_media":8194,"parent":0,"menu_order":0,"comment_status":"closed","ping_status":"closed","template":"100-width.php","meta":{"_joinchat":[],"footnotes":""},"class_list":["post-13694","page","type-page","status-publish","has-post-thumbnail","hentry"],"yoast_head":"<!-- This site is optimized with the Yoast SEO Premium plugin v27.2 (Yoast SEO v27.2) - https:\/\/yoast.com\/product\/yoast-seo-premium-wordpress\/ -->\n<title>Vermietung von Eco Camper | Caracolvan<\/title>\n<meta name=\"description\" content=\"Reisen Sie umweltfreundlich durch Spanien mit dem Eco Camper von Caracolvan. Bequeme, voll ausgestattete und nachhaltige Fahrzeuge.\" \/>\n<meta name=\"robots\" content=\"index, follow, max-snippet:-1, max-image-preview:large, max-video-preview:-1\" \/>\n<link rel=\"canonical\" href=\"https:\/\/caracolvan.com\/de\/eco-camper\/\" \/>\n<meta property=\"og:locale\" content=\"de_DE\" \/>\n<meta property=\"og:type\" content=\"article\" \/>\n<meta property=\"og:title\" content=\"ECO CAMPER\" \/>\n<meta property=\"og:description\" content=\"Reisen Sie umweltfreundlich durch Spanien mit dem Eco Camper von Caracolvan. Bequeme, voll ausgestattete und nachhaltige Fahrzeuge.\" \/>\n<meta property=\"og:url\" content=\"https:\/\/caracolvan.com\/de\/eco-camper\/\" \/>\n<meta property=\"og:site_name\" content=\"Alquiler Camper Rental - Caracolvan\" \/>\n<meta property=\"article:publisher\" content=\"https:\/\/www.facebook.com\/Caracolvan\/\" \/>\n<meta property=\"article:modified_time\" content=\"2024-02-15T07:52:53+00:00\" \/>\n<meta property=\"og:image\" content=\"https:\/\/caracolvan.com\/wp-content\/uploads\/2018\/04\/Transit_Eco_Camper05_L.jpg\" \/>\n\t<meta property=\"og:image:width\" content=\"1024\" \/>\n\t<meta property=\"og:image:height\" content=\"600\" \/>\n\t<meta property=\"og:image:type\" content=\"image\/jpeg\" \/>\n<meta name=\"twitter:card\" content=\"summary_large_image\" \/>\n<meta name=\"twitter:site\" content=\"@Caracolvan\" \/>\n<meta name=\"twitter:label1\" content=\"Gesch\u00e4tzte Lesezeit\" \/>\n\t<meta name=\"twitter:data1\" content=\"10\u00a0Minuten\" \/>\n<script type=\"application\/ld+json\" class=\"yoast-schema-graph\">{\"@context\":\"https:\/\/schema.org\",\"@graph\":[{\"@type\":\"WebPage\",\"@id\":\"https:\/\/caracolvan.com\/de\/eco-camper\/\",\"url\":\"https:\/\/caracolvan.com\/de\/eco-camper\/\",\"name\":\"Vermietung von Eco Camper | Caracolvan\",\"isPartOf\":{\"@id\":\"https:\/\/caracolvan.com\/de\/#website\"},\"primaryImageOfPage\":{\"@id\":\"https:\/\/caracolvan.com\/de\/eco-camper\/#primaryimage\"},\"image\":{\"@id\":\"https:\/\/caracolvan.com\/de\/eco-camper\/#primaryimage\"},\"thumbnailUrl\":\"https:\/\/caracolvan.com\/wp-content\/uploads\/2018\/04\/Transit_Eco_Camper05_L.jpg\",\"datePublished\":\"2023-06-19T13:22:35+00:00\",\"dateModified\":\"2024-02-15T07:52:53+00:00\",\"description\":\"Reisen Sie umweltfreundlich durch Spanien mit dem Eco Camper von Caracolvan. Bequeme, voll ausgestattete und nachhaltige Fahrzeuge.\",\"breadcrumb\":{\"@id\":\"https:\/\/caracolvan.com\/de\/eco-camper\/#breadcrumb\"},\"inLanguage\":\"de\",\"potentialAction\":[{\"@type\":\"ReadAction\",\"target\":[\"https:\/\/caracolvan.com\/de\/eco-camper\/\"]}]},{\"@type\":\"ImageObject\",\"inLanguage\":\"de\",\"@id\":\"https:\/\/caracolvan.com\/de\/eco-camper\/#primaryimage\",\"url\":\"https:\/\/caracolvan.com\/wp-content\/uploads\/2018\/04\/Transit_Eco_Camper05_L.jpg\",\"contentUrl\":\"https:\/\/caracolvan.com\/wp-content\/uploads\/2018\/04\/Transit_Eco_Camper05_L.jpg\",\"width\":1024,\"height\":600,\"caption\":\"Transit_Eco_Camper05_L\"},{\"@type\":\"BreadcrumbList\",\"@id\":\"https:\/\/caracolvan.com\/de\/eco-camper\/#breadcrumb\",\"itemListElement\":[{\"@type\":\"ListItem\",\"position\":1,\"name\":\"Portada\",\"item\":\"https:\/\/caracolvan.com\/de\/\"},{\"@type\":\"ListItem\",\"position\":2,\"name\":\"ECO CAMPER\"}]},{\"@type\":\"WebSite\",\"@id\":\"https:\/\/caracolvan.com\/de\/#website\",\"url\":\"https:\/\/caracolvan.com\/de\/\",\"name\":\"Alquiler Camper Rental - Caracolvan\",\"description\":\"Alquiler de furgonetas camper y autocaravanas\",\"publisher\":{\"@id\":\"https:\/\/caracolvan.com\/de\/#organization\"},\"potentialAction\":[{\"@type\":\"SearchAction\",\"target\":{\"@type\":\"EntryPoint\",\"urlTemplate\":\"https:\/\/caracolvan.com\/de\/?s={search_term_string}\"},\"query-input\":{\"@type\":\"PropertyValueSpecification\",\"valueRequired\":true,\"valueName\":\"search_term_string\"}}],\"inLanguage\":\"de\"},{\"@type\":\"Organization\",\"@id\":\"https:\/\/caracolvan.com\/de\/#organization\",\"name\":\"Caracolvan\",\"url\":\"https:\/\/caracolvan.com\/de\/\",\"logo\":{\"@type\":\"ImageObject\",\"inLanguage\":\"de\",\"@id\":\"https:\/\/caracolvan.com\/de\/#\/schema\/logo\/image\/\",\"url\":\"https:\/\/caracolvan.com\/wp-content\/uploads\/2023\/08\/caracolvan-logotipo.jpg\",\"contentUrl\":\"https:\/\/caracolvan.com\/wp-content\/uploads\/2023\/08\/caracolvan-logotipo.jpg\",\"width\":696,\"height\":696,\"caption\":\"Caracolvan\"},\"image\":{\"@id\":\"https:\/\/caracolvan.com\/de\/#\/schema\/logo\/image\/\"},\"sameAs\":[\"https:\/\/www.facebook.com\/Caracolvan\/\",\"https:\/\/x.com\/Caracolvan\"]}]}<\/script>\n<!-- \/ Yoast SEO Premium plugin. -->","yoast_head_json":{"title":"Vermietung von Eco Camper | Caracolvan","description":"Reisen Sie umweltfreundlich durch Spanien mit dem Eco Camper von Caracolvan. Bequeme, voll ausgestattete und nachhaltige Fahrzeuge.","robots":{"index":"index","follow":"follow","max-snippet":"max-snippet:-1","max-image-preview":"max-image-preview:large","max-video-preview":"max-video-preview:-1"},"canonical":"https:\/\/caracolvan.com\/de\/eco-camper\/","og_locale":"de_DE","og_type":"article","og_title":"ECO CAMPER","og_description":"Reisen Sie umweltfreundlich durch Spanien mit dem Eco Camper von Caracolvan. Bequeme, voll ausgestattete und nachhaltige Fahrzeuge.","og_url":"https:\/\/caracolvan.com\/de\/eco-camper\/","og_site_name":"Alquiler Camper Rental - Caracolvan","article_publisher":"https:\/\/www.facebook.com\/Caracolvan\/","article_modified_time":"2024-02-15T07:52:53+00:00","og_image":[{"width":1024,"height":600,"url":"https:\/\/caracolvan.com\/wp-content\/uploads\/2018\/04\/Transit_Eco_Camper05_L.jpg","type":"image\/jpeg"}],"twitter_card":"summary_large_image","twitter_site":"@Caracolvan","twitter_misc":{"Gesch\u00e4tzte Lesezeit":"10\u00a0Minuten"},"schema":{"@context":"https:\/\/schema.org","@graph":[{"@type":"WebPage","@id":"https:\/\/caracolvan.com\/de\/eco-camper\/","url":"https:\/\/caracolvan.com\/de\/eco-camper\/","name":"Vermietung von Eco Camper | Caracolvan","isPartOf":{"@id":"https:\/\/caracolvan.com\/de\/#website"},"primaryImageOfPage":{"@id":"https:\/\/caracolvan.com\/de\/eco-camper\/#primaryimage"},"image":{"@id":"https:\/\/caracolvan.com\/de\/eco-camper\/#primaryimage"},"thumbnailUrl":"https:\/\/caracolvan.com\/wp-content\/uploads\/2018\/04\/Transit_Eco_Camper05_L.jpg","datePublished":"2023-06-19T13:22:35+00:00","dateModified":"2024-02-15T07:52:53+00:00","description":"Reisen Sie umweltfreundlich durch Spanien mit dem Eco Camper von Caracolvan. Bequeme, voll ausgestattete und nachhaltige Fahrzeuge.","breadcrumb":{"@id":"https:\/\/caracolvan.com\/de\/eco-camper\/#breadcrumb"},"inLanguage":"de","potentialAction":[{"@type":"ReadAction","target":["https:\/\/caracolvan.com\/de\/eco-camper\/"]}]},{"@type":"ImageObject","inLanguage":"de","@id":"https:\/\/caracolvan.com\/de\/eco-camper\/#primaryimage","url":"https:\/\/caracolvan.com\/wp-content\/uploads\/2018\/04\/Transit_Eco_Camper05_L.jpg","contentUrl":"https:\/\/caracolvan.com\/wp-content\/uploads\/2018\/04\/Transit_Eco_Camper05_L.jpg","width":1024,"height":600,"caption":"Transit_Eco_Camper05_L"},{"@type":"BreadcrumbList","@id":"https:\/\/caracolvan.com\/de\/eco-camper\/#breadcrumb","itemListElement":[{"@type":"ListItem","position":1,"name":"Portada","item":"https:\/\/caracolvan.com\/de\/"},{"@type":"ListItem","position":2,"name":"ECO CAMPER"}]},{"@type":"WebSite","@id":"https:\/\/caracolvan.com\/de\/#website","url":"https:\/\/caracolvan.com\/de\/","name":"Alquiler Camper Rental - Caracolvan","description":"Alquiler de furgonetas camper y autocaravanas","publisher":{"@id":"https:\/\/caracolvan.com\/de\/#organization"},"potentialAction":[{"@type":"SearchAction","target":{"@type":"EntryPoint","urlTemplate":"https:\/\/caracolvan.com\/de\/?s={search_term_string}"},"query-input":{"@type":"PropertyValueSpecification","valueRequired":true,"valueName":"search_term_string"}}],"inLanguage":"de"},{"@type":"Organization","@id":"https:\/\/caracolvan.com\/de\/#organization","name":"Caracolvan","url":"https:\/\/caracolvan.com\/de\/","logo":{"@type":"ImageObject","inLanguage":"de","@id":"https:\/\/caracolvan.com\/de\/#\/schema\/logo\/image\/","url":"https:\/\/caracolvan.com\/wp-content\/uploads\/2023\/08\/caracolvan-logotipo.jpg","contentUrl":"https:\/\/caracolvan.com\/wp-content\/uploads\/2023\/08\/caracolvan-logotipo.jpg","width":696,"height":696,"caption":"Caracolvan"},"image":{"@id":"https:\/\/caracolvan.com\/de\/#\/schema\/logo\/image\/"},"sameAs":["https:\/\/www.facebook.com\/Caracolvan\/","https:\/\/x.com\/Caracolvan"]}]}},"_links":{"self":[{"href":"https:\/\/caracolvan.com\/de\/wp-json\/wp\/v2\/pages\/13694","targetHints":{"allow":["GET"]}}],"collection":[{"href":"https:\/\/caracolvan.com\/de\/wp-json\/wp\/v2\/pages"}],"about":[{"href":"https:\/\/caracolvan.com\/de\/wp-json\/wp\/v2\/types\/page"}],"author":[{"embeddable":true,"href":"https:\/\/caracolvan.com\/de\/wp-json\/wp\/v2\/users\/11"}],"replies":[{"embeddable":true,"href":"https:\/\/caracolvan.com\/de\/wp-json\/wp\/v2\/comments?post=13694"}],"version-history":[{"count":8,"href":"https:\/\/caracolvan.com\/de\/wp-json\/wp\/v2\/pages\/13694\/revisions"}],"predecessor-version":[{"id":14811,"href":"https:\/\/caracolvan.com\/de\/wp-json\/wp\/v2\/pages\/13694\/revisions\/14811"}],"wp:featuredmedia":[{"embeddable":true,"href":"https:\/\/caracolvan.com\/de\/wp-json\/wp\/v2\/media\/8194"}],"wp:attachment":[{"href":"https:\/\/caracolvan.com\/de\/wp-json\/wp\/v2\/media?parent=13694"}],"curies":[{"name":"wp","href":"https:\/\/api.w.org\/{rel}","templated":true}]}}