{"id":7324,"date":"2018-02-01T10:35:09","date_gmt":"2018-02-01T10:35:09","guid":{"rendered":"https:\/\/www.caracolvan.com\/where\/"},"modified":"2024-10-25T11:20:50","modified_gmt":"2024-10-25T09:20:50","slug":"wo-sind-wir","status":"publish","type":"page","link":"https:\/\/caracolvan.com\/de\/wo-sind-wir\/","title":{"rendered":"Wo sind wir?"},"content":{"rendered":"<p><div class=\"fusion-fullwidth fullwidth-box fusion-builder-row-1 fusion-flex-container has-pattern-background has-mask-background fusion-parallax-none nonhundred-percent-fullwidth non-hundred-percent-height-scrolling\" style=\"--awb-background-position-medium:right center;--awb-background-position-small:right center;--awb-border-radius-top-left:0px;--awb-border-radius-top-right:0px;--awb-border-radius-bottom-right:0px;--awb-border-radius-bottom-left:0px;--awb-padding-top:10%;--awb-padding-bottom:10%;--awb-padding-top-medium:80px;--awb-padding-bottom-medium:80px;--awb-padding-top-small:70px;--awb-padding-bottom-small:70px;--awb-margin-top:0px;--awb-min-height:300px;--awb-background-color:#262626;--awb-background-image:linear-gradient(180deg, rgba(20,20,20,0.3) 0%,rgba(20,20,20,0.3) 100%),url(https:\/\/caracolvan.com\/wp-content\/uploads\/2023\/05\/Donde-ESTAMOS-General_1.jpg);;--awb-background-size:cover;--awb-flex-wrap:wrap;\" ><div class=\"fusion-builder-row fusion-row fusion-flex-align-items-flex-start fusion-flex-content-wrap\" style=\"max-width:1248px;margin-left: calc(-4% \/ 2 );margin-right: calc(-4% \/ 2 );\"><div class=\"fusion-layout-column fusion_builder_column fusion-builder-column-0 fusion_builder_column_1_1 1_1 fusion-flex-column fusion-flex-align-self-center\" style=\"--awb-bg-size:cover;--awb-width-large:100%;--awb-margin-top-large:0px;--awb-spacing-right-large:1.92%;--awb-margin-bottom-large:0px;--awb-spacing-left-large:1.92%;--awb-width-medium:100%;--awb-order-medium:0;--awb-spacing-right-medium:1.92%;--awb-spacing-left-medium:1.92%;--awb-width-small:100%;--awb-order-small:0;--awb-spacing-right-small:1.92%;--awb-spacing-left-small:1.92%;\"><div class=\"fusion-column-wrapper fusion-column-has-shadow fusion-flex-justify-content-center fusion-content-layout-column\"><div class=\"fusion-title title fusion-title-1 fusion-sep-none fusion-title-center fusion-title-text fusion-title-size-one\" style=\"--awb-text-color:var(--awb-color1);--awb-margin-top-small:10px;--awb-margin-right-small:0px;--awb-margin-bottom-small:10px;--awb-margin-left-small:0px;--awb-font-size:var(--awb-typography1-font-size);\"><h1 class=\"fusion-title-heading title-heading-center\" style=\"font-family:var(--awb-typography1-font-family);font-weight:var(--awb-typography1-font-weight);font-style:var(--awb-typography1-font-style);margin:0;letter-spacing:var(--awb-typography1-letter-spacing);text-transform:uppercase;font-size:1em;line-height:var(--awb-typography1-line-height);\">WO SIND WIR?<\/h1><\/div><\/div><\/div><\/div><\/div><div class=\"fusion-fullwidth fullwidth-box fusion-builder-row-2 fusion-flex-container has-pattern-background has-mask-background hundred-percent-fullwidth non-hundred-percent-height-scrolling caracol-home-puntos\" style=\"--awb-border-radius-top-left:0px;--awb-border-radius-top-right:0px;--awb-border-radius-bottom-right:0px;--awb-border-radius-bottom-left:0px;--awb-padding-right-medium:0px;--awb-padding-left-medium:0px;--awb-padding-right-small:0px;--awb-padding-left-small:0px;--awb-margin-top:100px;--awb-margin-bottom:70px;--awb-margin-top-medium:70px;--awb-margin-top-small:50px;--awb-flex-wrap:wrap;\" ><div class=\"fusion-builder-row fusion-row fusion-flex-align-items-flex-start fusion-flex-content-wrap\" style=\"width:104% !important;max-width:104% !important;margin-left: calc(-4% \/ 2 );margin-right: calc(-4% \/ 2 );\"><div class=\"fusion-layout-column fusion_builder_column fusion-builder-column-1 fusion_builder_column_3_5 3_5 fusion-flex-column fusion-flex-align-self-stretch\" style=\"--awb-padding-right-medium:10px;--awb-padding-bottom-medium:30px;--awb-padding-left-medium:10px;--awb-padding-right-small:10px;--awb-padding-bottom-small:30px;--awb-padding-left-small:10px;--awb-bg-color:var(--awb-color4);--awb-bg-color-hover:var(--awb-color4);--awb-bg-size:cover;--awb-width-large:60%;--awb-margin-top-large:0px;--awb-spacing-right-large:3.2%;--awb-margin-bottom-large:20px;--awb-spacing-left-large:0px;--awb-width-medium:100%;--awb-order-medium:2;--awb-margin-top-medium:40px;--awb-spacing-right-medium:1.92%;--awb-margin-bottom-medium:0;--awb-spacing-left-medium:0px;--awb-width-small:100%;--awb-order-small:2;--awb-margin-top-small:30px;--awb-spacing-right-small:0px;--awb-margin-bottom-small:0;--awb-spacing-left-small:0px;\" data-scroll-devices=\"small-visibility,medium-visibility,large-visibility\"><div class=\"fusion-column-wrapper fusion-column-has-shadow fusion-flex-justify-content-flex-start fusion-content-layout-column\"><div style=\"--awb-alignment:flex-end;--awb-popover-heading-background-color:var(--awb-color1);--awb-popover-border-color:var(--awb-color1);\" class=\"awb-image-hotspots awb-image-hotspots-1 caracol-draw-map md-flex-align-center\"><div class=\"awb-image-hotspots-wrapper\"><img decoding=\"async\" src=\"https:\/\/caracolvan.com\/wp-content\/uploads\/2023\/02\/Puntos-de-recogida.png\" alt=\"Abholpunkte fur Campingbusse\" width=\"1030\" height=\"698\" title=\"Puntos de recogida\" class=\"awb-image-hotspots-image wp-image-10221\" srcset=\"https:\/\/caracolvan.com\/wp-content\/uploads\/2023\/02\/Puntos-de-recogida-200x136.png 200w, https:\/\/caracolvan.com\/wp-content\/uploads\/2023\/02\/Puntos-de-recogida-300x203.png 300w, https:\/\/caracolvan.com\/wp-content\/uploads\/2023\/02\/Puntos-de-recogida-400x271.png 400w, https:\/\/caracolvan.com\/wp-content\/uploads\/2023\/02\/Puntos-de-recogida-600x407.png 600w, https:\/\/caracolvan.com\/wp-content\/uploads\/2023\/02\/Puntos-de-recogida-768x520.png 768w, https:\/\/caracolvan.com\/wp-content\/uploads\/2023\/02\/Puntos-de-recogida-800x542.png 800w, https:\/\/caracolvan.com\/wp-content\/uploads\/2023\/02\/Puntos-de-recogida-1024x694.png 1024w, https:\/\/caracolvan.com\/wp-content\/uploads\/2023\/02\/Puntos-de-recogida.png 1030w\" sizes=\"(max-width: 1030px) 100vw, 1030px\"\/><a style=\"--awb-font-size:16px;--awb-hotspot-background-color:rgba(255,255,255,0);--awb-hotspot-hover-background-color:rgba(226,226,226,0);--awb-pos-x:78.0%;--awb-pos-y:5.0%;\" class=\"awb-image-hotspots-hotspot awb-image-hotspots-hotspot-1\" role=\"button\" tabindex=\"0\" data-awb-toggle-image-hotspot-popover=\"true\" data-trigger=\"hover focus\" data-placement=\"auto\"> Francia<\/a><a style=\"--awb-font-size:23px;--awb-hotspot-background-color:rgba(255,255,255,0);--awb-hotspot-hover-background-color:rgba(226,226,226,0);--awb-pos-x:40.0%;--awb-pos-y:38.0%;\" class=\"awb-image-hotspots-hotspot awb-image-hotspots-hotspot-2\" role=\"button\" tabindex=\"0\" data-awb-toggle-image-hotspot-popover=\"true\" data-trigger=\"hover focus\" data-placement=\"auto\"> Espa\u00f1a<\/a><a style=\"--awb-font-size:16px;--awb-hotspot-background-color:rgba(255,255,255,0);--awb-hotspot-hover-background-color:rgba(226,226,226,0);--awb-pos-x:25.0%;--awb-pos-y:24.0%;\" class=\"awb-image-hotspots-hotspot awb-image-hotspots-hotspot-3\" role=\"button\" tabindex=\"0\" data-awb-toggle-image-hotspot-popover=\"true\" data-trigger=\"hover focus\" data-placement=\"auto\"> Portugal<\/a><a style=\"--awb-font-size:16px;--awb-hotspot-background-color:rgba(255,255,255,0);--awb-hotspot-hover-background-color:rgba(226,226,226,0);--awb-pos-x:80.0%;--awb-pos-y:64.0%;\" class=\"awb-image-hotspots-hotspot awb-image-hotspots-hotspot-4\" role=\"button\" tabindex=\"0\" data-awb-toggle-image-hotspot-popover=\"true\" data-trigger=\"hover focus\" data-placement=\"auto\"> Islas Baleares<\/a><a style=\"--awb-font-size:16px;--awb-hotspot-background-color:rgba(255,255,255,0);--awb-hotspot-hover-background-color:rgba(226,226,226,0);--awb-pos-x:1.0%;--awb-pos-y:72.0%;\" class=\"awb-image-hotspots-hotspot awb-image-hotspots-hotspot-5\" role=\"button\" tabindex=\"0\" data-awb-toggle-image-hotspot-popover=\"true\" data-trigger=\"hover focus\" data-placement=\"auto\"> Islas Canarias<\/a><a style=\"--awb-font-size:16px;--awb-hotspot-background-color:var(--awb-color1);--awb-hotspot-hover-background-color:var(--awb-color1);--awb-pos-x:25.0%;--awb-pos-y:70.0%;\" class=\"awb-image-hotspots-hotspot awb-image-hotspots-hotspot-6\" role=\"button\" tabindex=\"0\" data-awb-toggle-image-hotspot-popover=\"true\" data-content=\"- Oficinas en El Puerto de Santa Mar\u00eda, C\u00e1diz, Espa\u00f1a.\n&lt;br&gt;\n- Aeropuerto de Jerez (XRY), C\u00e1diz, Espa\u00f1a.\n&lt;br&gt;\n- Estaci\u00f3n de tren, El Puerto Sta M\u00aa y C\u00e1diz.\" data-trigger=\"hover focus\" data-placement=\"auto\"> C\u00e1diz<\/a><a style=\"--awb-font-size:16px;--awb-hotspot-background-color:var(--awb-color1);--awb-hotspot-hover-background-color:var(--awb-color1);--awb-pos-x:35.0%;--awb-pos-y:60.0%;\" class=\"awb-image-hotspots-hotspot awb-image-hotspots-hotspot-7\" role=\"button\" tabindex=\"0\" data-awb-toggle-image-hotspot-popover=\"true\" data-content=\"-Aeropuerto de Sevilla (SVQ), Espa\u00f1a.\n&lt;br&gt;\n-Estaci\u00f3n tren Sevilla Santa Justa, Espa\u00f1a.\" data-trigger=\"hover focus\" data-placement=\"auto\"> Sevilla<\/a><a style=\"--awb-font-size:16px;--awb-hotspot-background-color:var(--awb-color1);--awb-hotspot-hover-background-color:var(--awb-color1);--awb-pos-x:48.0%;--awb-pos-y:74.0%;\" class=\"awb-image-hotspots-hotspot awb-image-hotspots-hotspot-8\" role=\"button\" tabindex=\"0\" data-awb-toggle-image-hotspot-popover=\"true\" data-content=\"-Aeropuerto de M\u00e1laga (AGP), Espa\u00f1a.\n&lt;br&gt;\n-Estaci\u00f3n de tren de M\u00e1laga, Espa\u00f1a.\" data-trigger=\"hover focus\" data-placement=\"auto\"> M\u00e1laga<\/a><\/div><\/div>\n<\/div><\/div><div class=\"fusion-layout-column fusion_builder_column fusion-builder-column-2 fusion_builder_column_1_3 1_3 fusion-flex-column fusion-flex-align-self-stretch\" style=\"--awb-padding-right-medium:5%;--awb-padding-left-medium:5%;--awb-padding-right-small:5%;--awb-padding-left-small:5%;--awb-bg-size:cover;--awb-width-large:33.333333333333%;--awb-margin-top-large:0px;--awb-spacing-right-large:5.76%;--awb-margin-bottom-large:20px;--awb-spacing-left-large:5.76%;--awb-width-medium:100%;--awb-order-medium:1;--awb-spacing-right-medium:4.8%;--awb-spacing-left-medium:4.8%;--awb-width-small:100%;--awb-order-small:1;--awb-spacing-right-small:4.8%;--awb-spacing-left-small:4.8%;\" data-scroll-devices=\"small-visibility,medium-visibility,large-visibility\"><div class=\"fusion-column-wrapper fusion-column-has-shadow fusion-flex-justify-content-center fusion-content-layout-column\"><div class=\"fusion-title title fusion-title-2 fusion-sep-none fusion-title-text fusion-title-size-two\" style=\"--awb-margin-top-small:10px;--awb-margin-right-small:0px;--awb-margin-bottom-small:10px;--awb-margin-left-small:0px;--awb-font-size:var(--awb-typography3-font-size);\"><h2 class=\"fusion-title-heading title-heading-left\" style=\"font-family:var(--awb-typography3-font-family);font-weight:var(--awb-typography3-font-weight);font-style:var(--awb-typography3-font-style);margin:0;letter-spacing:var(--awb-typography3-letter-spacing);text-transform:var(--awb-typography3-text-transform);font-size:1em;line-height:var(--awb-typography3-line-height);\">Mieten sie ihren camper van oder wohnmobil in Andaluc\u00eda.<\/h2><\/div><div class=\"fusion-text fusion-text-1\"><p>ie denken <strong>\u00fcber einen<\/strong> Urlaub in <strong>Spanien<\/strong> oder <strong>Portugal<\/strong> nach, der in <strong>Andalusien<\/strong> beginnen soll \u2013 dann haben wir genau das, was Sie suchen! Hier k\u00f6nnen Sie sehen, wo sich die Anleihe- und <strong>R\u00fcckgabestationen unserer Mietwohnwagen befinden.<\/strong> Wir haben unseren Sitz in <strong>El Puerto de Santa Mar\u00eda, C\u00e1diz.<\/strong> Bei Bedarf bringen wir das <strong>Wohnmobil<\/strong> direkt zum <strong>Flughafen<\/strong> oder Bahnhof, damit Sie keine Zeit <strong>verlieren.<\/strong> Wenn <strong>Sie eine \u201eOne-Way\u201c-<\/strong>Reise machen m\u00f6chten, k\u00f6nnen Sie <strong>auch verschiedene Abhol- und R\u00fcckgabepunkte w\u00e4hlen<\/strong>. Brauchst du noch was?<\/p>\n<\/div><div ><a class=\"fusion-button button-flat fusion-button-default-size button-custom fusion-button-default button-1 fusion-button-default-span fusion-button-default-type caracol-home-puntos-btn\" style=\"--button_accent_color:var(--awb-color1);--button_accent_hover_color:var(--awb-color1);--button_border_hover_color:var(--awb-color1);--button_gradient_top_color:var(--awb-color3);--button_gradient_bottom_color:var(--awb-color3);--button_gradient_top_color_hover:var(--awb-color4);--button_gradient_bottom_color_hover:var(--awb-color4);\" target=\"_self\" href=\"https:\/\/caracolvan.com\/de\/reservierung\/\"><span class=\"fusion-button-text awb-button__text awb-button__text--default\">Buchen Sie jetzt Ihr Wohnmobil<\/span><i class=\"icon-flecha-boton awb-button__icon awb-button__icon--default button-icon-right\" aria-hidden=\"true\"><\/i><\/a><\/div><\/div><\/div><\/div><\/div><div class=\"fusion-fullwidth fullwidth-box fusion-builder-row-3 fusion-flex-container has-pattern-background has-mask-background hundred-percent-fullwidth non-hundred-percent-height-scrolling caracol-comollegar-cajas\" style=\"--awb-border-radius-top-left:0px;--awb-border-radius-top-right:0px;--awb-border-radius-bottom-right:0px;--awb-border-radius-bottom-left:0px;--awb-padding-right:10%;--awb-padding-left:10%;--awb-padding-right-medium:5%;--awb-padding-left-medium:5%;--awb-padding-right-small:0px;--awb-padding-left-small:0px;--awb-flex-wrap:wrap;\" ><div class=\"fusion-builder-row fusion-row fusion-flex-align-items-flex-start fusion-flex-content-wrap\" style=\"width:104% !important;max-width:104% !important;margin-left: calc(-4% \/ 2 );margin-right: calc(-4% \/ 2 );\"><div class=\"fusion-layout-column fusion_builder_column fusion-builder-column-3 fusion_builder_column_1_1 1_1 fusion-flex-column\" style=\"--awb-bg-size:cover;--awb-width-large:100%;--awb-margin-top-large:0px;--awb-spacing-right-large:1.92%;--awb-margin-bottom-large:50px;--awb-spacing-left-large:1.92%;--awb-width-medium:100%;--awb-order-medium:0;--awb-spacing-right-medium:1.92%;--awb-spacing-left-medium:1.92%;--awb-width-small:100%;--awb-order-small:0;--awb-spacing-right-small:1.92%;--awb-spacing-left-small:1.92%;\"><div class=\"fusion-column-wrapper fusion-column-has-shadow fusion-flex-justify-content-flex-start fusion-content-layout-column\"><div class=\"fusion-title title fusion-title-3 fusion-sep-none fusion-title-center fusion-title-text fusion-title-size-two\" style=\"--awb-margin-top-small:10px;--awb-margin-right-small:0px;--awb-margin-bottom-small:10px;--awb-margin-left-small:0px;--awb-font-size:var(--awb-typography3-font-size);\"><h2 class=\"fusion-title-heading title-heading-center\" style=\"font-family:var(--awb-typography3-font-family);font-weight:var(--awb-typography3-font-weight);font-style:var(--awb-typography3-font-style);margin:0;letter-spacing:var(--awb-typography3-letter-spacing);text-transform:var(--awb-typography3-text-transform);font-size:1em;line-height:var(--awb-typography3-line-height);\">So k\u00f6nnen Sie Ihr Wohnmobil mieten<\/h2><\/div><\/div><\/div><div class=\"fusion-layout-column fusion_builder_column fusion-builder-column-4 fusion_builder_column_1_2 1_2 fusion-flex-column\" style=\"--awb-padding-right-small:5%;--awb-padding-left-small:5%;--awb-bg-size:cover;--awb-width-large:50%;--awb-margin-top-large:0px;--awb-spacing-right-large:3.84%;--awb-margin-bottom-large:20px;--awb-spacing-left-large:3.84%;--awb-width-medium:50%;--awb-order-medium:0;--awb-spacing-right-medium:3.84%;--awb-spacing-left-medium:3.84%;--awb-width-small:100%;--awb-order-small:0;--awb-spacing-right-small:4.8%;--awb-spacing-left-small:4.8%;\"><div class=\"fusion-column-wrapper fusion-column-has-shadow fusion-flex-justify-content-flex-start fusion-content-layout-column\"><div class=\"fusion-image-element \" style=\"text-align:center;--awb-caption-title-font-family:var(--h2_typography-font-family);--awb-caption-title-font-weight:var(--h2_typography-font-weight);--awb-caption-title-font-style:var(--h2_typography-font-style);--awb-caption-title-size:var(--h2_typography-font-size);--awb-caption-title-transform:var(--h2_typography-text-transform);--awb-caption-title-line-height:var(--h2_typography-line-height);--awb-caption-title-letter-spacing:var(--h2_typography-letter-spacing);\"><span class=\" fusion-imageframe imageframe-none imageframe-1 hover-type-none\"><img decoding=\"async\" width=\"100\" height=\"100\" title=\"Mesa de trabajo 13 copia@4x 5\" src=\"https:\/\/caracolvan.com\/wp-content\/uploads\/2023\/03\/Mesa-de-trabajo-13-copia@4x-5.png\" alt class=\"img-responsive wp-image-10711\" srcset=\"https:\/\/caracolvan.com\/wp-content\/uploads\/2023\/03\/Mesa-de-trabajo-13-copia@4x-5-66x66.png 66w, https:\/\/caracolvan.com\/wp-content\/uploads\/2023\/03\/Mesa-de-trabajo-13-copia@4x-5.png 100w\" sizes=\"(max-width: 100px) 100vw, 100px\" \/><\/span><\/div><div class=\"fusion-title title fusion-title-4 fusion-sep-none fusion-title-center fusion-title-text fusion-title-size-three\" style=\"--awb-margin-top-small:10px;--awb-margin-right-small:0px;--awb-margin-bottom-small:10px;--awb-margin-left-small:0px;--awb-font-size:var(--awb-typography4-font-size);\"><h3 class=\"fusion-title-heading title-heading-center\" style=\"font-family:var(--awb-typography4-font-family);font-weight:var(--awb-typography4-font-weight);font-style:var(--awb-typography4-font-style);margin:0;letter-spacing:var(--awb-typography4-letter-spacing);text-transform:var(--awb-typography4-text-transform);font-size:1em;line-height:var(--awb-typography4-line-height);\">VOM FLUGHAFEN<\/h3><\/div><div class=\"accordian fusion-accordian\" style=\"--awb-border-size:1px;--awb-icon-size:25px;--awb-content-font-size:var(--awb-custom_typography_1-font-size);--awb-content-letter-spacing:var(--awb-custom_typography_1-letter-spacing);--awb-content-text-transform:var(--awb-custom_typography_1-text-transform);--awb-content-line-height:var(--awb-custom_typography_1-line-height);--awb-icon-alignment:right;--awb-hover-color:var(--awb-color2);--awb-border-color:#eaeaea;--awb-background-color:#F4F4F480;--awb-divider-color:var(--awb-color2);--awb-divider-hover-color:var(--awb-color2);--awb-icon-color:var(--awb-color8);--awb-title-color:var(--awb-color8);--awb-content-color:var(--awb-color8);--awb-icon-box-color:rgba(20,22,23,0);--awb-toggle-hover-accent-color:var(--awb-color8);--awb-toggle-active-accent-color:var(--awb-color8);--awb-title-font-family:var(--awb-typography5-font-family);--awb-title-font-weight:var(--awb-typography5-font-weight);--awb-title-font-style:var(--awb-typography5-font-style);--awb-title-font-size:var(--awb-typography5-font-size);--awb-title-letter-spacing:var(--awb-typography5-letter-spacing);--awb-title-line-height:var(--awb-typography5-line-height);--awb-title-text-transform:var(--awb-typography5-text-transform);--awb-content-font-family:var(--awb-custom_typography_1-font-family);--awb-content-font-weight:var(--awb-custom_typography_1-font-weight);--awb-content-font-style:var(--awb-custom_typography_1-font-style);\"><div class=\"panel-group fusion-toggle-icon-right fusion-toggle-icon-unboxed\" id=\"accordion-7324-1\"><div class=\"fusion-panel panel-default panel-46972acb726673ef2 fusion-toggle-no-divider fusion-toggle-boxed-mode\" style=\"--awb-content-font-size:var(--awb-custom_typography_1-font-size);--awb-content-letter-spacing:var(--awb-custom_typography_1-letter-spacing);--awb-content-text-transform:var(--awb-custom_typography_1-text-transform);--awb-content-line-height:var(--awb-custom_typography_1-line-height);--awb-content-font-family:var(--awb-custom_typography_1-font-family);--awb-content-font-weight:var(--awb-custom_typography_1-font-weight);--awb-content-font-style:var(--awb-custom_typography_1-font-style);--awb-title-font-family:&quot;Mulish&quot;;--awb-title-font-weight:600;--awb-title-font-style:normal;--awb-title-font-size:var(--awb-typography5-font-size);--awb-title-letter-spacing:var(--awb-typography5-letter-spacing);--awb-title-line-height:var(--awb-typography5-line-height);--awb-title-text-transform:var(--awb-typography5-text-transform);--awb-title-color:var(--awb-color8);--awb-content-color:var(--awb-color8);\"><div class=\"panel-heading\"><h4 class=\"panel-title toggle\" id=\"toggle_46972acb726673ef2\"><a aria-expanded=\"false\" aria-controls=\"46972acb726673ef2\" role=\"button\" data-toggle=\"collapse\" data-parent=\"#accordion-7324-1\" data-target=\"#46972acb726673ef2\" href=\"#46972acb726673ef2\"><span class=\"fusion-toggle-icon-wrapper\" aria-hidden=\"true\"><i class=\"fa-fusion-box active-icon fa-chevron-up fas\" aria-hidden=\"true\"><\/i><i class=\"fa-fusion-box inactive-icon fa-chevron-down fas\" aria-hidden=\"true\"><\/i><\/span><span class=\"fusion-toggle-heading\">Flughafen Jerez de la Frontera (XRY). Kostenlose Lieferung und Abholung<\/span><\/a><\/h4><\/div><div id=\"46972acb726673ef2\" class=\"panel-collapse collapse \" aria-labelledby=\"toggle_46972acb726673ef2\"><div class=\"panel-body toggle-content fusion-clearfix\">\n<p>Wenn Sie nach <strong>C\u00e1diz<\/strong> fliegen m\u00f6chten, ist der n\u00e4chstgelegene <strong>Flughafen<\/strong> der internationale <strong>Flughafen<\/strong> <strong>Jerez de la Frontera (XRY<\/strong>), der nur 12 km von <strong>El Puerto de Santa Mar\u00eda, C\u00e1diz, Andalusien<\/strong> entfernt liegt.<\/p>\n<p>Es bestehen regelm\u00e4\u00dfige Verbindungen nach <strong>Madrid, Barcelona, \u200b\u200b\u200b\u200bden Kanarischen Inseln, den Balearen, dem Baskenland...<\/strong> Verschiedene europ\u00e4ische Unternehmen f\u00fchren Direktfl\u00fcge mit Hauptst\u00e4dten wie <strong>Frankfurt, D\u00fcsseldorf, M\u00fcnchen, Paris, London, Br\u00fcssel und Wien durch , Amsterdam usw.<\/strong><\/p>\n<p>Um eines unserer <strong>Mietwohnmobile in C\u00e1diz abzuholen<\/strong>, empfehlen wir auf jeden Fall den <strong>Flughafen Jerez.<\/strong> Dar\u00fcber hinaus k\u00f6nnen wir das <strong>Wohnmobil bei einer Mietdauer von mindestens einer Woche kostenlos direkt zum Flughafen liefern.<\/strong><\/p>\n<\/div><\/div><\/div><div class=\"fusion-panel panel-default panel-79abb8d7a0dc8f695 fusion-toggle-no-divider fusion-toggle-boxed-mode\" style=\"--awb-content-font-size:var(--awb-custom_typography_1-font-size);--awb-content-letter-spacing:var(--awb-custom_typography_1-letter-spacing);--awb-content-text-transform:var(--awb-custom_typography_1-text-transform);--awb-content-line-height:var(--awb-custom_typography_1-line-height);--awb-content-font-family:var(--awb-custom_typography_1-font-family);--awb-content-font-weight:var(--awb-custom_typography_1-font-weight);--awb-content-font-style:var(--awb-custom_typography_1-font-style);--awb-title-font-family:&quot;Mulish&quot;;--awb-title-font-weight:600;--awb-title-font-style:normal;--awb-title-font-size:var(--awb-typography5-font-size);--awb-title-letter-spacing:var(--awb-typography5-letter-spacing);--awb-title-line-height:var(--awb-typography5-line-height);--awb-title-text-transform:var(--awb-typography5-text-transform);--awb-title-color:var(--awb-color8);--awb-content-color:var(--awb-color8);\"><div class=\"panel-heading\"><h4 class=\"panel-title toggle\" id=\"toggle_79abb8d7a0dc8f695\"><a aria-expanded=\"false\" aria-controls=\"79abb8d7a0dc8f695\" role=\"button\" data-toggle=\"collapse\" data-parent=\"#accordion-7324-1\" data-target=\"#79abb8d7a0dc8f695\" href=\"#79abb8d7a0dc8f695\"><span class=\"fusion-toggle-icon-wrapper\" aria-hidden=\"true\"><i class=\"fa-fusion-box active-icon fa-chevron-up fas\" aria-hidden=\"true\"><\/i><i class=\"fa-fusion-box inactive-icon fa-chevron-down fas\" aria-hidden=\"true\"><\/i><\/span><span class=\"fusion-toggle-heading\">Flughafen Sevilla (SVQ). *Lieferung und Abholung gegen Aufpreis<\/span><\/a><\/h4><\/div><div id=\"79abb8d7a0dc8f695\" class=\"panel-collapse collapse \" aria-labelledby=\"toggle_79abb8d7a0dc8f695\"><div class=\"panel-body toggle-content fusion-clearfix\">\n<p>Internationaler Flughafen <strong>Sevilla.<\/strong> Er liegt 120 km von <strong>El Puerto de Santa Mar\u00eda, C\u00e1diz, Andalusien,<\/strong> mit Direktfl\u00fcgen in die wichtigsten spanischen und ausl\u00e4ndischen Hauptst\u00e4dte.<\/p>\n<p>Vom Flughafen verkehren regelm\u00e4\u00dfig Busse nach <strong>Sevilla<\/strong>, die EA-Linie, die Sie in nur drei Haltestellen vor dem <strong>Bahnhof Santa Justa<\/strong> bringt, von wo aus fast st\u00fcndlich Z\u00fcge in Richtung El <strong>Puerto de Santa Mar\u00eda, C\u00e1diz,<\/strong> verkehren. Die Fahrt dauert nur 60 Minuten und von hier aus bringt Sie ein kostenloser Transport zu unseren Einrichtungen, wo Sie Ihren Transporter in <strong>C\u00e0diz<\/strong> mieten k\u00f6nnen. Es ist wirklich ganz einfach!<\/p>\n<p>Wenn Sie es jedoch vorziehen, dass wir das Wohnmobil direkt zum <strong>Flughafen Sevilla<\/strong> bringen, kein Problem, wir bringen es zu Ihnen. Daf\u00fcr muss die Anmietung mindestens <strong>eine Woche dauern<\/strong> und es f\u00e4llt ein kleiner Aufpreis f\u00fcr die Reisekosten in H\u00f6he von <strong>55 Euro pro Strecke an.<\/strong><\/p>\n<\/div><\/div><\/div><div class=\"fusion-panel panel-default panel-55cf85605e771f799 fusion-toggle-no-divider fusion-toggle-boxed-mode\" style=\"--awb-content-font-size:var(--awb-custom_typography_1-font-size);--awb-content-letter-spacing:var(--awb-custom_typography_1-letter-spacing);--awb-content-text-transform:var(--awb-custom_typography_1-text-transform);--awb-content-line-height:var(--awb-custom_typography_1-line-height);--awb-content-font-family:var(--awb-custom_typography_1-font-family);--awb-content-font-weight:var(--awb-custom_typography_1-font-weight);--awb-content-font-style:var(--awb-custom_typography_1-font-style);--awb-title-font-family:&quot;Mulish&quot;;--awb-title-font-weight:600;--awb-title-font-style:normal;--awb-title-font-size:var(--awb-typography5-font-size);--awb-title-letter-spacing:var(--awb-typography5-letter-spacing);--awb-title-line-height:var(--awb-typography5-line-height);--awb-title-text-transform:var(--awb-typography5-text-transform);--awb-title-color:var(--awb-color8);--awb-content-color:var(--awb-color8);\"><div class=\"panel-heading\"><h4 class=\"panel-title toggle\" id=\"toggle_55cf85605e771f799\"><a aria-expanded=\"false\" aria-controls=\"55cf85605e771f799\" role=\"button\" data-toggle=\"collapse\" data-parent=\"#accordion-7324-1\" data-target=\"#55cf85605e771f799\" href=\"#55cf85605e771f799\"><span class=\"fusion-toggle-icon-wrapper\" aria-hidden=\"true\"><i class=\"fa-fusion-box active-icon fa-chevron-up fas\" aria-hidden=\"true\"><\/i><i class=\"fa-fusion-box inactive-icon fa-chevron-down fas\" aria-hidden=\"true\"><\/i><\/span><span class=\"fusion-toggle-heading\">Flughafen M\u00e1laga (AGP). *Lieferung und Abholung gegen Aufpreis<\/span><\/a><\/h4><\/div><div id=\"55cf85605e771f799\" class=\"panel-collapse collapse \" aria-labelledby=\"toggle_55cf85605e771f799\"><div class=\"panel-body toggle-content fusion-clearfix\">\n<p>Der internationale <strong>Flughafen<\/strong> <strong>Malaga<\/strong> liegt 224 km von <strong>El Puerto de Santa Mar\u00eda, C\u00e1diz, Andalusien<\/strong>, entfernt und bietet Direktfl\u00fcge zu vielen spanischen Hauptst\u00e4dten und St\u00e4dten auf der ganzen Welt. Es ist das verkehrsreichste in <strong>Andalusien<\/strong> und eines der gr\u00f6\u00dften in <strong>Spanien.<\/strong><\/p>\n<p>Vom Flughafen gibt es \u00f6ffentliche Verkehrsmittel in die Hauptstadt <strong>Malaga<\/strong> und mit dem Zug oder Bus k\u00f6nnen Sie uns erreichen. Wenn Sie diese ben\u00f6tigen, fragen Sie uns nach den Informationen und wir stellen Ihnen Routen und Fahrpl\u00e4ne zur Verf\u00fcgung.<\/p>\n<p>Wenn Sie es jedoch vorziehen, dass wir Ihren gemieteten Wohnmobil direkt am Terminal des <strong>Flughafens M\u00e1laga<\/strong> abstellen, fragen Sie uns und wir werden dies tun (je nach Verf\u00fcgbarkeit). Daf\u00fcr muss Ihre Anmietung mindestens <strong>eine Woche<\/strong> dauern und wir m\u00fcssen <strong>85 \u20ac pro Strecke<\/strong> f\u00fcr die Reisekosten hinzuf\u00fcgen.<\/p>\n<\/div><\/div><\/div><div class=\"fusion-panel panel-default panel-af1334e4727a3ce32 fusion-toggle-no-divider fusion-toggle-boxed-mode\" style=\"--awb-content-font-size:var(--awb-custom_typography_1-font-size);--awb-content-letter-spacing:var(--awb-custom_typography_1-letter-spacing);--awb-content-text-transform:var(--awb-custom_typography_1-text-transform);--awb-content-line-height:var(--awb-custom_typography_1-line-height);--awb-content-font-family:var(--awb-custom_typography_1-font-family);--awb-content-font-weight:var(--awb-custom_typography_1-font-weight);--awb-content-font-style:var(--awb-custom_typography_1-font-style);--awb-title-font-family:&quot;Mulish&quot;;--awb-title-font-weight:600;--awb-title-font-style:normal;--awb-title-font-size:var(--awb-typography5-font-size);--awb-title-letter-spacing:var(--awb-typography5-letter-spacing);--awb-title-line-height:var(--awb-typography5-line-height);--awb-title-text-transform:var(--awb-typography5-text-transform);--awb-title-color:var(--awb-color8);--awb-content-color:var(--awb-color8);\"><div class=\"panel-heading\"><h4 class=\"panel-title toggle\" id=\"toggle_af1334e4727a3ce32\"><a aria-expanded=\"false\" aria-controls=\"af1334e4727a3ce32\" role=\"button\" data-toggle=\"collapse\" data-parent=\"#accordion-7324-1\" data-target=\"#af1334e4727a3ce32\" href=\"#af1334e4727a3ce32\"><span class=\"fusion-toggle-icon-wrapper\" aria-hidden=\"true\"><i class=\"fa-fusion-box active-icon fa-chevron-up fas\" aria-hidden=\"true\"><\/i><i class=\"fa-fusion-box inactive-icon fa-chevron-down fas\" aria-hidden=\"true\"><\/i><\/span><span class=\"fusion-toggle-heading\">Flughafen Gibraltar (GIB). *Lieferung und Abholung gegen Aufpreis<\/span><\/a><\/h4><\/div><div id=\"af1334e4727a3ce32\" class=\"panel-collapse collapse \" aria-labelledby=\"toggle_af1334e4727a3ce32\"><div class=\"panel-body toggle-content fusion-clearfix\">\n<p>Es liegt 140 km von <strong>El Puerto de Santa Mar\u00eda, C\u00e1diz, Andalusien<\/strong>, entfernt und bietet mehrere t\u00e4gliche Fl\u00fcge haupts\u00e4chlich in das Vereinigte <strong>K\u00f6nigreich,<\/strong> wo British Airways und Monarch Airlines operieren. Von La L\u00ednea, einer spanischen Stadt an der Grenze zu <strong>Gibraltar,<\/strong> gibt es Busse in die Hauptstadt <strong>C\u00e1diz.<\/strong><\/p>\n<p>Wenn Sie es jedoch vorziehen, dass wir Ihren Mietwohnwagen direkt am <strong>Flughafenterminal<\/strong> abstellen, fragen Sie uns und wir werden dies tun (je nach Verf\u00fcgbarkeit). Daf\u00fcr muss Ihre Anmietung mindestens <strong>eine Woche<\/strong> dauern und wir m\u00fcssen <strong>80 \u20ac pro Strecke<\/strong> f\u00fcr die Reisekosten hinzuf\u00fcgen.<\/p>\n<\/div><\/div><\/div><\/div><\/div><div class=\"fusion-image-element \" style=\"text-align:center;--awb-margin-top:50px;--awb-caption-title-font-family:var(--h2_typography-font-family);--awb-caption-title-font-weight:var(--h2_typography-font-weight);--awb-caption-title-font-style:var(--h2_typography-font-style);--awb-caption-title-size:var(--h2_typography-font-size);--awb-caption-title-transform:var(--h2_typography-text-transform);--awb-caption-title-line-height:var(--h2_typography-line-height);--awb-caption-title-letter-spacing:var(--h2_typography-letter-spacing);\"><span class=\" fusion-imageframe imageframe-none imageframe-2 hover-type-none\"><img decoding=\"async\" width=\"100\" height=\"100\" title=\"caracol-barco\" src=\"https:\/\/caracolvan.com\/wp-content\/uploads\/2023\/03\/caracol-barco.png\" alt class=\"img-responsive wp-image-10727\" srcset=\"https:\/\/caracolvan.com\/wp-content\/uploads\/2023\/03\/caracol-barco-66x66.png 66w, https:\/\/caracolvan.com\/wp-content\/uploads\/2023\/03\/caracol-barco.png 100w\" sizes=\"(max-width: 100px) 100vw, 100px\" \/><\/span><\/div><div class=\"fusion-title title fusion-title-5 fusion-sep-none fusion-title-center fusion-title-text fusion-title-size-three\" style=\"--awb-margin-top-small:10px;--awb-margin-right-small:0px;--awb-margin-bottom-small:10px;--awb-margin-left-small:0px;--awb-font-size:var(--awb-typography4-font-size);\"><h3 class=\"fusion-title-heading title-heading-center\" style=\"font-family:var(--awb-typography4-font-family);font-weight:var(--awb-typography4-font-weight);font-style:var(--awb-typography4-font-style);margin:0;letter-spacing:var(--awb-typography4-letter-spacing);text-transform:var(--awb-typography4-text-transform);font-size:1em;line-height:var(--awb-typography4-line-height);\">MIT DEM SCHIFF<\/h3><\/div><div class=\"fusion-text fusion-text-2 caracol-comollegar-cajas-textos\"><p>Wenn Sie m\u00f6chten, k\u00f6nnen Sie auch mit dem Boot anreisen. Es gibt eine Katamaranlinie, die El <a class=\"caracol-links\" href=\"https:\/\/cmtbc.es\/catamaran.php\" target=\"_blank\" rel=\"noopener\"><u>Puerto de Santa Mar\u00eda mit C\u00e1diz und Rota verbindet:<\/u><\/a><br \/>\nSie k\u00f6nnen auch von den Kanarischen I<strong>nseln aus in C\u00e1diz<\/strong> mit der <a class=\"caracol-links\" href=\"http:\/\/www.trasmediterranea.es\/\" target=\"_blank\" rel=\"noopener\"><u>Reederei Transmediterranea<\/u><\/a> anlegen. Wir holen Sie direkt am <strong>Hafen von C\u00e1diz<\/strong> ab.<\/p>\n<\/div><\/div><\/div><div class=\"fusion-layout-column fusion_builder_column fusion-builder-column-5 fusion_builder_column_1_2 1_2 fusion-flex-column fusion-flex-align-self-flex-start\" style=\"--awb-padding-right-small:5%;--awb-padding-left-small:5%;--awb-bg-size:cover;--awb-width-large:50%;--awb-margin-top-large:0px;--awb-spacing-right-large:3.84%;--awb-margin-bottom-large:20px;--awb-spacing-left-large:3.84%;--awb-width-medium:50%;--awb-order-medium:0;--awb-spacing-right-medium:3.84%;--awb-spacing-left-medium:3.84%;--awb-width-small:100%;--awb-order-small:0;--awb-spacing-right-small:4.8%;--awb-spacing-left-small:4.8%;\"><div class=\"fusion-column-wrapper fusion-column-has-shadow fusion-flex-justify-content-flex-start fusion-content-layout-column\"><div class=\"fusion-image-element \" style=\"text-align:center;--awb-caption-title-font-family:var(--h2_typography-font-family);--awb-caption-title-font-weight:var(--h2_typography-font-weight);--awb-caption-title-font-style:var(--h2_typography-font-style);--awb-caption-title-size:var(--h2_typography-font-size);--awb-caption-title-transform:var(--h2_typography-text-transform);--awb-caption-title-line-height:var(--h2_typography-line-height);--awb-caption-title-letter-spacing:var(--h2_typography-letter-spacing);\"><span class=\" fusion-imageframe imageframe-none imageframe-3 hover-type-none\"><img decoding=\"async\" width=\"100\" height=\"100\" title=\"caracol-coche\" src=\"https:\/\/caracolvan.com\/wp-content\/uploads\/2023\/03\/caracol-coche.png\" alt class=\"img-responsive wp-image-10731\" srcset=\"https:\/\/caracolvan.com\/wp-content\/uploads\/2023\/03\/caracol-coche-66x66.png 66w, https:\/\/caracolvan.com\/wp-content\/uploads\/2023\/03\/caracol-coche.png 100w\" sizes=\"(max-width: 100px) 100vw, 100px\" \/><\/span><\/div><div class=\"fusion-title title fusion-title-6 fusion-sep-none fusion-title-center fusion-title-text fusion-title-size-three\" style=\"--awb-margin-top-small:10px;--awb-margin-right-small:0px;--awb-margin-bottom-small:10px;--awb-margin-left-small:0px;--awb-font-size:var(--awb-typography4-font-size);\"><h3 class=\"fusion-title-heading title-heading-center\" style=\"font-family:var(--awb-typography4-font-family);font-weight:var(--awb-typography4-font-weight);font-style:var(--awb-typography4-font-style);margin:0;letter-spacing:var(--awb-typography4-letter-spacing);text-transform:var(--awb-typography4-text-transform);font-size:1em;line-height:var(--awb-typography4-line-height);\">MIT DEM AUTO<\/h3><\/div><div class=\"fusion-text fusion-text-3 caracol-comollegar-cajas-textos\"><p>Wenn Sie mit Ihrem <strong>Auto<\/strong> anreisen, verf\u00fcgen wir \u00fcber einen <span style=\"color: #000000;\"><a style=\"color: #000000; text-decoration: underline;\" href=\"https:\/\/www.google.com\/maps\/dir\/40.0590454,-4.2083394\/caracolvan+mas\/@38.4844525,-7.1283087,7z\/data=!3m1!4b1!4m9!4m8!1m1!4e1!1m5!1m1!1s0xd0dcfc9179a551d:0x879a49618392bf45!2m2!1d-6.2082586!2d36.6149379\" target=\"_blank\" rel=\"noopener\"><strong>kostenlosen Parkplatz<\/strong><\/a><\/span>, auf dem Sie es w\u00e4hrend der <strong>Mietdauer Ihres Wohnmobils in Puerto de Santa Mar\u00eda abstellen k\u00f6nnen.<\/strong><br \/>\nWir sind <strong>648 km von Madrid, 120 km von Sevilla und 20 km von C\u00e1diz<\/strong> entfernt. Sie erreichen uns \u00fcber die Autobahn AP-IV Sevilla-C\u00e1diz.<br \/>\nM\u00e1laga ist 250 km entfernt, entlang der Nationalstra\u00dfe 340 C\u00e1diz-M\u00e1laga oder auf der Nationalstra\u00dfe 342 durch die Sierra de C\u00e1diz, die uns mit dem andalusischen Landesinneren verbindet.<\/p>\n<div class=\"fusion-button-wrapper\"><a class=\"fusion-button button-flat fusion-button-default-size button-default fusion-button-default button-2 fusion-button-default-span fusion-button-default-type\" target=\"_blank\" rel=\"noopener noreferrer\" href=\"https:\/\/www.google.com\/maps\/place\/Caracolvan+Alquiler+furgonetas+Camper+Rental\/@36.6152877,-6.2088621,19z\/data=!4m14!1m7!4m6!1m4!2m2!1d-4.2083384!2d40.0590438!4e1!1m0!3m5!1s0xd0dcfc9179a551d:0x879a49618392bf45!8m2!3d36.6149379!4d-6.2082586!16s%2Fg%2F1s04gq9ty\"><i class=\"fa-location-arrow fas awb-button__icon awb-button__icon--default button-icon-left\" aria-hidden=\"true\"><\/i><span class=\"fusion-button-text awb-button__text awb-button__text--default\">WIE KOMMT MAN<\/span><\/a><\/div>\n<\/div><div class=\"fusion-image-element \" style=\"text-align:center;--awb-margin-top:50px;--awb-caption-title-font-family:var(--h2_typography-font-family);--awb-caption-title-font-weight:var(--h2_typography-font-weight);--awb-caption-title-font-style:var(--h2_typography-font-style);--awb-caption-title-size:var(--h2_typography-font-size);--awb-caption-title-transform:var(--h2_typography-text-transform);--awb-caption-title-line-height:var(--h2_typography-line-height);--awb-caption-title-letter-spacing:var(--h2_typography-letter-spacing);\"><span class=\" fusion-imageframe imageframe-none imageframe-4 hover-type-none\"><img decoding=\"async\" width=\"100\" height=\"100\" title=\"tren-caracolvan\" src=\"https:\/\/caracolvan.com\/wp-content\/uploads\/2023\/03\/tren-caracolvan.png\" alt class=\"img-responsive wp-image-10721\" srcset=\"https:\/\/caracolvan.com\/wp-content\/uploads\/2023\/03\/tren-caracolvan-66x66.png 66w, https:\/\/caracolvan.com\/wp-content\/uploads\/2023\/03\/tren-caracolvan.png 100w\" sizes=\"(max-width: 100px) 100vw, 100px\" \/><\/span><\/div><div class=\"fusion-title title fusion-title-7 fusion-sep-none fusion-title-center fusion-title-text fusion-title-size-three\" style=\"--awb-margin-top-small:10px;--awb-margin-right-small:0px;--awb-margin-bottom-small:10px;--awb-margin-left-small:0px;--awb-font-size:var(--awb-typography4-font-size);\"><h3 class=\"fusion-title-heading title-heading-center\" style=\"font-family:var(--awb-typography4-font-family);font-weight:var(--awb-typography4-font-weight);font-style:var(--awb-typography4-font-style);margin:0;letter-spacing:var(--awb-typography4-letter-spacing);text-transform:var(--awb-typography4-text-transform);font-size:1em;line-height:var(--awb-typography4-line-height);\">MIT DEM ZUG<\/h3><\/div><div class=\"fusion-text fusion-text-4 caracol-comollegar-cajas-textos\"><p>*<strong>Kostenlose Lieferung<\/strong> und <strong>Abholung am Bahnhof El Puerto de Santa Mar\u00eda, C\u00e1diz.<\/strong><br \/>\nEine der bequemsten <strong>M\u00f6glichkeiten<\/strong>, nach <strong>C\u00e1diz<\/strong> zu gelangen, ist der Zug mit den Linien, die <strong>RENFE<\/strong> Ihnen von der <strong>spanischen Hauptstadt Madrid<\/strong> aus zur Verf\u00fcgung stellt. Mehrere t\u00e4gliche <strong>Hochgeschwindigkeitsz\u00fcge \u201eAlvia\u201c verbinden C\u00e1diz und El Puerto de Santa Mar\u00eda<\/strong> in nur wenigen Minuten Dreieinhalb Stunden <strong>mit Madrid<\/strong> entfernt, werden Sie im Handumdrehen an denselben Str\u00e4nden landen <strong>C\u00e1diz, Andaluc\u00eda.<\/strong><br \/>\nDerzeit gibt es mehrere <strong>Direktz\u00fcge aus verschiedenen Teilen Spaniens nach El Puerto de Santa Mar\u00eda,<\/strong> C\u00e1diz. Je nach Saison erreichen Sie uns direkt von Gij\u00f3n, Santander, Burgos, Valladolid, Palencia, Barcelona, \u200b\u200b\u200b\u200bZaragoza\u2026.<br \/>\nSie haben auch zahlreiche <strong>AVE nach Sevilla<\/strong>, von wo aus Sie uns bequem erreichen k\u00f6nnen.<br \/>\nFahrpl\u00e4ne und Preise finden Sie unter: <a class=\"caracol-links\" href=\"https:\/\/www.renfe.com\/es\/es\"><u>www.renfe.es<\/u><\/a><\/p>\n<\/div><\/div><\/div><\/div><\/div><div class=\"fusion-fullwidth fullwidth-box fusion-builder-row-4 fusion-flex-container has-pattern-background has-mask-background hundred-percent-fullwidth non-hundred-percent-height-scrolling\" style=\"--awb-border-radius-top-left:0px;--awb-border-radius-top-right:0px;--awb-border-radius-bottom-right:0px;--awb-border-radius-bottom-left:0px;--awb-padding-right:0px;--awb-padding-left:10%;--awb-padding-left-medium:5%;--awb-padding-right-small:0px;--awb-padding-left-small:0px;--awb-margin-top:70px;--awb-margin-bottom:50px;--awb-margin-top-small:70px;--awb-margin-bottom-small:0px;--awb-flex-wrap:wrap;\" ><div class=\"fusion-builder-row fusion-row fusion-flex-align-items-flex-start fusion-flex-content-wrap\" style=\"width:104% !important;max-width:104% !important;margin-left: calc(-4% \/ 2 );margin-right: calc(-4% \/ 2 );\"><div class=\"fusion-layout-column fusion_builder_column fusion-builder-column-6 fusion_builder_column_2_5 2_5 fusion-flex-column fusion-flex-align-self-center\" style=\"--awb-padding-right-small:5%;--awb-padding-left-small:5%;--awb-bg-size:cover;--awb-width-large:40%;--awb-margin-top-large:0px;--awb-spacing-right-large:0%;--awb-margin-bottom-large:20px;--awb-spacing-left-large:4.8%;--awb-width-medium:40%;--awb-order-medium:0;--awb-spacing-right-medium:0%;--awb-spacing-left-medium:4.8%;--awb-width-small:100%;--awb-order-small:0;--awb-spacing-right-small:4.8%;--awb-margin-bottom-small:30px;--awb-spacing-left-small:4.8%;\"><div class=\"fusion-column-wrapper fusion-column-has-shadow fusion-flex-justify-content-flex-start fusion-content-layout-column\"><div class=\"fusion-title title fusion-title-8 fusion-sep-none fusion-title-text fusion-title-size-two\" style=\"--awb-margin-top-small:10px;--awb-margin-right-small:0px;--awb-margin-bottom-small:10px;--awb-margin-left-small:0px;--awb-font-size:var(--awb-typography3-font-size);\"><h2 class=\"fusion-title-heading title-heading-left\" style=\"font-family:var(--awb-typography3-font-family);font-weight:var(--awb-typography3-font-weight);font-style:var(--awb-typography3-font-style);margin:0;letter-spacing:var(--awb-typography3-letter-spacing);text-transform:var(--awb-typography3-text-transform);font-size:1em;line-height:var(--awb-typography3-line-height);\">MIETEN SIE IHREN CAMPER VAN ODER WOHNMOBIL IN C\u00c1DIZ<\/h2><\/div><div class=\"fusion-text fusion-text-5\"><p>Unser Hauptsitz befindet sich in <strong>El Puerto de Santa Mar\u00eda, in C\u00e1diz.<\/strong> Das ist kein schlechter Platz, oder? Egal ob Sie mit dem <strong>Auto, Zug oder Boot anreisen<\/strong>! Um <strong>Ihren Urlaub zu starten k\u00f6nnen Sie Ihren Camper direkt in unserem B\u00fcro abholen<\/strong>. The beste Option ist es hier abzuholen, da die Abholung in jedem Fall <strong>kostenfrei<\/strong> ist.<\/p>\n<\/div><div ><a class=\"fusion-button button-flat fusion-button-default-size button-default fusion-button-default button-3 fusion-button-default-span fusion-button-default-type\" target=\"_self\" href=\"https:\/\/caracolvan.com\/de\/mieten-sie-ihr-wohnmobil-in-cadiz\/\"><span class=\"fusion-button-text awb-button__text awb-button__text--default\">Weitere informationen<\/span><i class=\"icon-flecha-boton awb-button__icon awb-button__icon--default button-icon-right\" aria-hidden=\"true\"><\/i><\/a><\/div><\/div><\/div><div class=\"fusion-layout-column fusion_builder_column fusion-builder-column-7 fusion_builder_column_3_5 3_5 fusion-flex-column fusion-flex-align-self-flex-start\" style=\"--awb-padding-right:10%;--awb-bg-image:url(&#039;https:\/\/caracolvan.com\/wp-content\/uploads\/2023\/03\/177342079_296396768726729_5447032849363898077_n-7.jpg&#039;);--awb-bg-size:cover;--awb-width-large:60%;--awb-margin-top-large:0px;--awb-spacing-right-large:3.2%;--awb-margin-bottom-large:20px;--awb-spacing-left-large:8%;--awb-width-medium:60%;--awb-order-medium:0;--awb-spacing-right-medium:3.2%;--awb-spacing-left-medium:8%;--awb-width-small:100%;--awb-order-small:0;--awb-spacing-right-small:1.92%;--awb-margin-bottom-small:0;--awb-spacing-left-small:1.92%;\"><div class=\"fusion-column-wrapper fusion-column-has-shadow fusion-flex-justify-content-flex-start fusion-content-layout-column fusion-empty-column-bg-image fusion-column-has-bg-image\" data-bg-url=\"https:\/\/caracolvan.com\/wp-content\/uploads\/2023\/03\/177342079_296396768726729_5447032849363898077_n-7.jpg\"><img decoding=\"async\" class=\"fusion-empty-dims-img-placeholder\" aria-label=\"177342079_296396768726729_5447032849363898077_n-(7)\" src=\"data:image\/svg+xml,%3Csvg%20xmlns%3D%27http%3A%2F%2Fwww.w3.org%2F2000%2Fsvg%27%20width%3D%27864%27%20height%3D%27495%27%20viewBox%3D%270%200%20864%20495%27%3E%3Crect%20width%3D%27864%27%20height%3D%27495%27%20fill-opacity%3D%220%22%2F%3E%3C%2Fsvg%3E\"><\/div><\/div><\/div><\/div><div class=\"fusion-fullwidth fullwidth-box fusion-builder-row-5 fusion-flex-container has-pattern-background has-mask-background hundred-percent-fullwidth non-hundred-percent-height-scrolling\" style=\"--awb-border-radius-top-left:0px;--awb-border-radius-top-right:0px;--awb-border-radius-bottom-right:0px;--awb-border-radius-bottom-left:0px;--awb-padding-right:10%;--awb-padding-left:0px;--awb-padding-right-medium:5%;--awb-padding-right-small:0px;--awb-padding-left-small:0px;--awb-margin-top:70px;--awb-margin-bottom:50px;--awb-margin-top-small:0px;--awb-margin-bottom-small:0px;--awb-flex-wrap:wrap;\" ><div class=\"fusion-builder-row fusion-row fusion-flex-align-items-flex-start fusion-flex-content-wrap\" style=\"width:104% !important;max-width:104% !important;margin-left: calc(-4% \/ 2 );margin-right: calc(-4% \/ 2 );\"><div class=\"fusion-layout-column fusion_builder_column fusion-builder-column-8 fusion_builder_column_3_5 3_5 fusion-flex-column fusion-flex-align-self-flex-start\" style=\"--awb-padding-right:10%;--awb-bg-image:url(&#039;https:\/\/caracolvan.com\/wp-content\/uploads\/2023\/03\/177342079_296396768726729_5447032849363898077_n-8.jpg&#039;);--awb-bg-size:cover;--awb-width-large:60%;--awb-margin-top-large:0px;--awb-spacing-right-large:8%;--awb-margin-bottom-large:20px;--awb-spacing-left-large:0px;--awb-width-medium:60%;--awb-order-medium:0;--awb-spacing-right-medium:8%;--awb-spacing-left-medium:0px;--awb-width-small:100%;--awb-order-small:1;--awb-spacing-right-small:1.92%;--awb-margin-bottom-small:0;--awb-spacing-left-small:1.92%;\"><div class=\"fusion-column-wrapper fusion-column-has-shadow fusion-flex-justify-content-flex-start fusion-content-layout-column fusion-empty-column-bg-image fusion-column-has-bg-image\" data-bg-url=\"https:\/\/caracolvan.com\/wp-content\/uploads\/2023\/03\/177342079_296396768726729_5447032849363898077_n-8.jpg\"><img decoding=\"async\" class=\"fusion-empty-dims-img-placeholder\" aria-label=\"177342079_296396768726729_5447032849363898077_n-(8)\" src=\"data:image\/svg+xml,%3Csvg%20xmlns%3D%27http%3A%2F%2Fwww.w3.org%2F2000%2Fsvg%27%20width%3D%27864%27%20height%3D%27495%27%20viewBox%3D%270%200%20864%20495%27%3E%3Crect%20width%3D%27864%27%20height%3D%27495%27%20fill-opacity%3D%220%22%2F%3E%3C%2Fsvg%3E\"><\/div><\/div><div class=\"fusion-layout-column fusion_builder_column fusion-builder-column-9 fusion_builder_column_2_5 2_5 fusion-flex-column fusion-flex-align-self-center\" style=\"--awb-padding-right-small:5%;--awb-padding-left-small:5%;--awb-bg-size:cover;--awb-width-large:40%;--awb-margin-top-large:0px;--awb-spacing-right-large:0%;--awb-margin-bottom-large:20px;--awb-spacing-left-large:4.8%;--awb-width-medium:40%;--awb-order-medium:0;--awb-spacing-right-medium:0%;--awb-spacing-left-medium:4.8%;--awb-width-small:100%;--awb-order-small:0;--awb-margin-top-small:30px;--awb-spacing-right-small:4.8%;--awb-margin-bottom-small:30px;--awb-spacing-left-small:4.8%;\"><div class=\"fusion-column-wrapper fusion-column-has-shadow fusion-flex-justify-content-flex-start fusion-content-layout-column\"><div class=\"fusion-title title fusion-title-9 fusion-sep-none fusion-title-text fusion-title-size-two\" style=\"--awb-margin-top-small:10px;--awb-margin-right-small:0px;--awb-margin-bottom-small:10px;--awb-margin-left-small:0px;--awb-font-size:var(--awb-typography3-font-size);\"><h2 class=\"fusion-title-heading title-heading-left\" style=\"font-family:var(--awb-typography3-font-family);font-weight:var(--awb-typography3-font-weight);font-style:var(--awb-typography3-font-style);margin:0;letter-spacing:var(--awb-typography3-letter-spacing);text-transform:var(--awb-typography3-text-transform);font-size:1em;line-height:var(--awb-typography3-line-height);\">MIETEN SIE IHREN CAMPER VAN ODER WOHNMOBIL IN SEVILLE<\/h2><\/div><div class=\"fusion-text fusion-text-6\"><p>Um den Start in Ihren <strong>Camper Urlaub<\/strong> zu erleichtern, k\u00f6nnen wir den <strong>Van<\/strong> direkt zum <strong>Flughafen Sevilla (SVQ)<\/strong> oder <strong>zum Bahnhof Santa Justa<\/strong> bringen, sollten Sie in <strong>Sevilla<\/strong> ankommen. Was denken Sie? Wir f\u00fcgen nur die Kosten unserer Anreise zur andalusischen Hauptstadt hinzu.<\/p>\n<\/div><div ><a class=\"fusion-button button-flat fusion-button-default-size button-default fusion-button-default button-4 fusion-button-default-span fusion-button-default-type\" target=\"_self\" href=\"https:\/\/caracolvan.com\/de\/mieten-sie-ihren-camper-van-in-sevilla\/\"><span class=\"fusion-button-text awb-button__text awb-button__text--default\">Weitere informationen<\/span><i class=\"icon-flecha-boton awb-button__icon awb-button__icon--default button-icon-right\" aria-hidden=\"true\"><\/i><\/a><\/div><\/div><\/div><\/div><\/div><div class=\"fusion-fullwidth fullwidth-box fusion-builder-row-6 fusion-flex-container has-pattern-background has-mask-background hundred-percent-fullwidth non-hundred-percent-height-scrolling\" style=\"--awb-border-radius-top-left:0px;--awb-border-radius-top-right:0px;--awb-border-radius-bottom-right:0px;--awb-border-radius-bottom-left:0px;--awb-padding-right:0px;--awb-padding-left:10%;--awb-padding-left-medium:5%;--awb-padding-right-small:0px;--awb-padding-left-small:0px;--awb-margin-top:70px;--awb-margin-bottom:50px;--awb-margin-top-small:0px;--awb-margin-bottom-small:0px;--awb-flex-wrap:wrap;\" ><div class=\"fusion-builder-row fusion-row fusion-flex-align-items-flex-start fusion-flex-content-wrap\" style=\"width:104% !important;max-width:104% !important;margin-left: calc(-4% \/ 2 );margin-right: calc(-4% \/ 2 );\"><div class=\"fusion-layout-column fusion_builder_column fusion-builder-column-10 fusion_builder_column_2_5 2_5 fusion-flex-column fusion-flex-align-self-center\" style=\"--awb-padding-right-small:5%;--awb-padding-left-small:5%;--awb-bg-size:cover;--awb-width-large:40%;--awb-margin-top-large:0px;--awb-spacing-right-large:0%;--awb-margin-bottom-large:20px;--awb-spacing-left-large:4.8%;--awb-width-medium:40%;--awb-order-medium:0;--awb-spacing-right-medium:0%;--awb-spacing-left-medium:4.8%;--awb-width-small:100%;--awb-order-small:0;--awb-margin-top-small:30px;--awb-spacing-right-small:4.8%;--awb-margin-bottom-small:30px;--awb-spacing-left-small:4.8%;\" data-scroll-devices=\"small-visibility,medium-visibility,large-visibility\"><div class=\"fusion-column-wrapper fusion-column-has-shadow fusion-flex-justify-content-flex-start fusion-content-layout-column\"><div class=\"fusion-title title fusion-title-10 fusion-sep-none fusion-title-text fusion-title-size-two\" style=\"--awb-margin-top-small:10px;--awb-margin-right-small:0px;--awb-margin-bottom-small:10px;--awb-margin-left-small:0px;--awb-font-size:var(--awb-typography3-font-size);\"><h2 class=\"fusion-title-heading title-heading-left\" style=\"font-family:var(--awb-typography3-font-family);font-weight:var(--awb-typography3-font-weight);font-style:var(--awb-typography3-font-style);margin:0;letter-spacing:var(--awb-typography3-letter-spacing);text-transform:var(--awb-typography3-text-transform);font-size:1em;line-height:var(--awb-typography3-line-height);\">MIETEN SIE IHREN CAMPER VAN ODER WOHNMOBIL IN JEREZ<\/h2><\/div><div class=\"fusion-text fusion-text-7\"><p>Der <strong>Jerez Airport (XRY)<\/strong> ist der ideale Startpunkt f\u00fcr Ihren <strong>Urlaub.<\/strong> Er ist klein und ruhig. Von hier aus k\u00f6nnen Sie Ihren <strong>Roadtrip durch Andalusien<\/strong> starten. Der Strand befindet sich nur 15 Minuten von der Flugbahn entfernt. Ahhh! Und da es so nah an unserem B\u00fcro liegt, bringen wir Ihnen den <strong>Camper Van<\/strong> auch dorthin. <strong>KOSTENLOS!<\/strong><\/p>\n<\/div><div ><a class=\"fusion-button button-flat fusion-button-default-size button-default fusion-button-default button-5 fusion-button-default-span fusion-button-default-type\" target=\"_self\" href=\"https:\/\/caracolvan.com\/de\/mieten-sie-ihren-camper-van-in-jerez\/\"><span class=\"fusion-button-text awb-button__text awb-button__text--default\">Weitere informationen<\/span><i class=\"icon-flecha-boton awb-button__icon awb-button__icon--default button-icon-right\" aria-hidden=\"true\"><\/i><\/a><\/div><\/div><\/div><div class=\"fusion-layout-column fusion_builder_column fusion-builder-column-11 fusion_builder_column_3_5 3_5 fusion-flex-column fusion-flex-align-self-flex-start\" style=\"--awb-padding-right:10%;--awb-bg-image:url(&#039;https:\/\/caracolvan.com\/wp-content\/uploads\/2024\/06\/jerez_1.jpg&#039;);--awb-bg-size:cover;--awb-width-large:60%;--awb-margin-top-large:0px;--awb-spacing-right-large:3.2%;--awb-margin-bottom-large:20px;--awb-spacing-left-large:8%;--awb-width-medium:60%;--awb-order-medium:0;--awb-spacing-right-medium:3.2%;--awb-spacing-left-medium:8%;--awb-width-small:100%;--awb-order-small:0;--awb-spacing-right-small:1.92%;--awb-margin-bottom-small:0;--awb-spacing-left-small:1.92%;\" data-scroll-devices=\"small-visibility,medium-visibility,large-visibility\"><div class=\"fusion-column-wrapper fusion-column-has-shadow fusion-flex-justify-content-flex-start fusion-content-layout-column fusion-empty-column-bg-image fusion-column-has-bg-image\" data-bg-url=\"https:\/\/caracolvan.com\/wp-content\/uploads\/2024\/06\/jerez_1.jpg\"><img decoding=\"async\" class=\"fusion-empty-dims-img-placeholder\" aria-label=\"jerez_1\" src=\"data:image\/svg+xml,%3Csvg%20xmlns%3D%27http%3A%2F%2Fwww.w3.org%2F2000%2Fsvg%27%20width%3D%271920%27%20height%3D%271158%27%20viewBox%3D%270%200%201920%201158%27%3E%3Crect%20width%3D%271920%27%20height%3D%271158%27%20fill-opacity%3D%220%22%2F%3E%3C%2Fsvg%3E\"><\/div><\/div><\/div><\/div><div class=\"fusion-fullwidth fullwidth-box fusion-builder-row-7 fusion-flex-container has-pattern-background has-mask-background hundred-percent-fullwidth non-hundred-percent-height-scrolling\" style=\"--awb-border-radius-top-left:0px;--awb-border-radius-top-right:0px;--awb-border-radius-bottom-right:0px;--awb-border-radius-bottom-left:0px;--awb-padding-right:10%;--awb-padding-left:0px;--awb-padding-right-medium:5%;--awb-padding-right-small:0px;--awb-padding-left-small:0px;--awb-margin-top:70px;--awb-margin-bottom:70px;--awb-margin-top-small:0px;--awb-margin-bottom-small:70px;--awb-flex-wrap:wrap;\" ><div class=\"fusion-builder-row fusion-row fusion-flex-align-items-flex-start fusion-flex-content-wrap\" style=\"width:104% !important;max-width:104% !important;margin-left: calc(-4% \/ 2 );margin-right: calc(-4% \/ 2 );\"><div class=\"fusion-layout-column fusion_builder_column fusion-builder-column-12 fusion_builder_column_3_5 3_5 fusion-flex-column fusion-flex-align-self-flex-start\" style=\"--awb-padding-right:10%;--awb-bg-image:url(&#039;https:\/\/caracolvan.com\/wp-content\/uploads\/2023\/03\/177342079_296396768726729_5447032849363898077_n-10.jpg&#039;);--awb-bg-size:cover;--awb-width-large:60%;--awb-margin-top-large:0px;--awb-spacing-right-large:8%;--awb-margin-bottom-large:20px;--awb-spacing-left-large:0px;--awb-width-medium:60%;--awb-order-medium:0;--awb-spacing-right-medium:8%;--awb-spacing-left-medium:0px;--awb-width-small:100%;--awb-order-small:1;--awb-spacing-right-small:1.92%;--awb-margin-bottom-small:0;--awb-spacing-left-small:1.92%;\"><div class=\"fusion-column-wrapper fusion-column-has-shadow fusion-flex-justify-content-flex-start fusion-content-layout-column fusion-empty-column-bg-image fusion-column-has-bg-image\" data-bg-url=\"https:\/\/caracolvan.com\/wp-content\/uploads\/2023\/03\/177342079_296396768726729_5447032849363898077_n-10.jpg\"><img decoding=\"async\" class=\"fusion-empty-dims-img-placeholder\" aria-label=\"177342079_296396768726729_5447032849363898077_n-(10)\" src=\"data:image\/svg+xml,%3Csvg%20xmlns%3D%27http%3A%2F%2Fwww.w3.org%2F2000%2Fsvg%27%20width%3D%27864%27%20height%3D%27495%27%20viewBox%3D%270%200%20864%20495%27%3E%3Crect%20width%3D%27864%27%20height%3D%27495%27%20fill-opacity%3D%220%22%2F%3E%3C%2Fsvg%3E\"><\/div><\/div><div class=\"fusion-layout-column fusion_builder_column fusion-builder-column-13 fusion_builder_column_2_5 2_5 fusion-flex-column fusion-flex-align-self-center\" style=\"--awb-padding-right-small:5%;--awb-padding-left-small:5%;--awb-bg-size:cover;--awb-width-large:40%;--awb-margin-top-large:0px;--awb-spacing-right-large:0%;--awb-margin-bottom-large:20px;--awb-spacing-left-large:4.8%;--awb-width-medium:40%;--awb-order-medium:0;--awb-spacing-right-medium:0%;--awb-spacing-left-medium:4.8%;--awb-width-small:100%;--awb-order-small:0;--awb-margin-top-small:30px;--awb-spacing-right-small:4.8%;--awb-margin-bottom-small:30px;--awb-spacing-left-small:4.8%;\"><div class=\"fusion-column-wrapper fusion-column-has-shadow fusion-flex-justify-content-flex-start fusion-content-layout-column\"><div class=\"fusion-title title fusion-title-11 fusion-sep-none fusion-title-text fusion-title-size-two\" style=\"--awb-margin-top-small:10px;--awb-margin-right-small:0px;--awb-margin-bottom-small:10px;--awb-margin-left-small:0px;--awb-font-size:var(--awb-typography3-font-size);\"><h2 class=\"fusion-title-heading title-heading-left\" style=\"font-family:var(--awb-typography3-font-family);font-weight:var(--awb-typography3-font-weight);font-style:var(--awb-typography3-font-style);margin:0;letter-spacing:var(--awb-typography3-letter-spacing);text-transform:var(--awb-typography3-text-transform);font-size:1em;line-height:var(--awb-typography3-line-height);\">MIETEN SIE IHREN CAMPER VAN ODER WOHNMOBIL IN M\u00c1LAGA<\/h2><\/div><div class=\"fusion-text fusion-text-8\"><p><strong>Malaga<\/strong> und sein <strong>Flughafen (AGP)<\/strong> befinden sich im Herzen der Costa del Sol. Wenn Sie nach Malaga fliegen m\u00f6chten, wie k\u00f6nnten <strong>Sie n\u00e4her an Ihrem Camper sein?<\/strong> Nat\u00fcrlich, da wir ein bisschen weiter weg sind, <strong>erheben wir eine kleine Anliefergeb\u00fchr,<\/strong> aber wir <strong>bringen den Van direkt<\/strong> vor die <strong>T\u00fcr Ihres Terminals!<br \/>\n<\/strong><\/p>\n<\/div><div ><a class=\"fusion-button button-flat fusion-button-default-size button-default fusion-button-default button-6 fusion-button-default-span fusion-button-default-type\" target=\"_self\" href=\"https:\/\/caracolvan.com\/de\/mieten-sie-ihren-camper-in-malaga\/\"><span class=\"fusion-button-text awb-button__text awb-button__text--default\">Weitere informationen<\/span><i class=\"icon-flecha-boton awb-button__icon awb-button__icon--default button-icon-right\" aria-hidden=\"true\"><\/i><\/a><\/div><\/div><\/div><\/div><\/div><div class=\"fusion-fullwidth fullwidth-box fusion-builder-row-8 fusion-flex-container has-pattern-background has-mask-background hundred-percent-fullwidth non-hundred-percent-height-scrolling\" style=\"--awb-border-radius-top-left:0px;--awb-border-radius-top-right:0px;--awb-border-radius-bottom-right:0px;--awb-border-radius-bottom-left:0px;--awb-padding-right:0px;--awb-padding-left:10%;--awb-padding-left-medium:5%;--awb-padding-right-small:0px;--awb-padding-left-small:0px;--awb-margin-top:70px;--awb-margin-bottom:50px;--awb-margin-top-small:0px;--awb-margin-bottom-small:50px;--awb-flex-wrap:wrap;\" ><div class=\"fusion-builder-row fusion-row fusion-flex-align-items-flex-start fusion-flex-content-wrap\" style=\"width:104% !important;max-width:104% !important;margin-left: calc(-4% \/ 2 );margin-right: calc(-4% \/ 2 );\"><div class=\"fusion-layout-column fusion_builder_column fusion-builder-column-14 fusion_builder_column_2_5 2_5 fusion-flex-column fusion-flex-align-self-center\" style=\"--awb-padding-right-small:5%;--awb-padding-left-small:5%;--awb-bg-size:cover;--awb-width-large:40%;--awb-margin-top-large:0px;--awb-spacing-right-large:0%;--awb-margin-bottom-large:20px;--awb-spacing-left-large:4.8%;--awb-width-medium:40%;--awb-order-medium:0;--awb-spacing-right-medium:0%;--awb-spacing-left-medium:4.8%;--awb-width-small:100%;--awb-order-small:0;--awb-margin-top-small:30px;--awb-spacing-right-small:4.8%;--awb-margin-bottom-small:30px;--awb-spacing-left-small:4.8%;\"><div class=\"fusion-column-wrapper fusion-column-has-shadow fusion-flex-justify-content-flex-start fusion-content-layout-column\"><div class=\"fusion-title title fusion-title-12 fusion-sep-none fusion-title-text fusion-title-size-two\" style=\"--awb-margin-top-small:10px;--awb-margin-right-small:0px;--awb-margin-bottom-small:10px;--awb-margin-left-small:0px;--awb-font-size:var(--awb-typography3-font-size);\"><h2 class=\"fusion-title-heading title-heading-left\" style=\"font-family:var(--awb-typography3-font-family);font-weight:var(--awb-typography3-font-weight);font-style:var(--awb-typography3-font-style);margin:0;letter-spacing:var(--awb-typography3-letter-spacing);text-transform:var(--awb-typography3-text-transform);font-size:1em;line-height:var(--awb-typography3-line-height);\"><h2><b>MIETEN SIE IHR WOHNMOBIL ODER IHREN WOHNWAGEN IN TARIFA.<\/b><\/h2><\/h2><\/div><div class=\"fusion-text fusion-text-9\"><p>Wenn Ihr <b>Ziel<\/b> <b>Tarifa, C\u00e1diz<\/b>, ist, bieten wir Ihnen zwei M\u00f6glichkeiten: Wir liefern das <b>Wohnmobil zu mieten <\/b>an einem der <b>n\u00e4chstgelegenen Flugh\u00e4fen, Jerez, Malaga oder Sevilla <\/b>, so dass Sie auf R\u00e4dern ankommen k\u00f6nnen. Oder wenn Sie bereits dort sind oder von <b>Tanger, Marokko zum Hafen von Tarifa<\/b> kommen, k\u00f6nnen wir das Wohnmobil direkt dort liefern.<\/p>\n<\/div><div ><a class=\"fusion-button button-flat fusion-button-default-size button-default fusion-button-default button-7 fusion-button-default-span fusion-button-default-type\" target=\"_self\" href=\"https:\/\/caracolvan.com\/de\/miete-einen-wohnwagen-zum-tarifa\/\"><span class=\"fusion-button-text awb-button__text awb-button__text--default\">Weitere informationen<\/span><i class=\"icon-flecha-boton awb-button__icon awb-button__icon--default button-icon-right\" aria-hidden=\"true\"><\/i><\/a><\/div><\/div><\/div><div class=\"fusion-layout-column fusion_builder_column fusion-builder-column-15 fusion_builder_column_3_5 3_5 fusion-flex-column fusion-flex-align-self-flex-start\" style=\"--awb-padding-right:10%;--awb-bg-image:url(&#039;https:\/\/caracolvan.com\/wp-content\/uploads\/2024\/06\/1-Alquilar_Camper_Tarifa_2.jpg&#039;);--awb-bg-position:center bottom;--awb-bg-size:cover;--awb-width-large:60%;--awb-margin-top-large:0px;--awb-spacing-right-large:3.2%;--awb-margin-bottom-large:20px;--awb-spacing-left-large:8%;--awb-width-medium:60%;--awb-order-medium:0;--awb-spacing-right-medium:3.2%;--awb-spacing-left-medium:8%;--awb-width-small:100%;--awb-order-small:0;--awb-spacing-right-small:1.92%;--awb-margin-bottom-small:0;--awb-spacing-left-small:1.92%;\" data-scroll-devices=\"small-visibility,medium-visibility,large-visibility\"><div class=\"fusion-column-wrapper fusion-column-has-shadow fusion-flex-justify-content-flex-start fusion-content-layout-column fusion-empty-column-bg-image fusion-column-has-bg-image\" data-bg-url=\"https:\/\/caracolvan.com\/wp-content\/uploads\/2024\/06\/1-Alquilar_Camper_Tarifa_2.jpg\"><img decoding=\"async\" class=\"fusion-empty-dims-img-placeholder\" aria-label=\"1-Alquilar_Camper_Tarifa_2\" src=\"data:image\/svg+xml,%3Csvg%20xmlns%3D%27http%3A%2F%2Fwww.w3.org%2F2000%2Fsvg%27%20width%3D%271920%27%20height%3D%271058%27%20viewBox%3D%270%200%201920%201058%27%3E%3Crect%20width%3D%271920%27%20height%3D%271058%27%20fill-opacity%3D%220%22%2F%3E%3C%2Fsvg%3E\"><\/div><\/div><\/div><\/div><\/p>\n","protected":false},"excerpt":{"rendered":"","protected":false},"author":4,"featured_media":12364,"parent":0,"menu_order":0,"comment_status":"closed","ping_status":"closed","template":"100-width.php","meta":{"_joinchat":[],"footnotes":""},"class_list":["post-7324","page","type-page","status-publish","has-post-thumbnail","hentry"],"yoast_head":"<!-- This site is optimized with the Yoast SEO Premium plugin v27.2 (Yoast SEO v27.2) - https:\/\/yoast.com\/product\/yoast-seo-premium-wordpress\/ -->\n<title>Descubre d\u00f3nde alquilar una camper Caracolvan<\/title>\n<meta name=\"description\" content=\"Aqu\u00ed puedes ver d\u00f3nde estamos y los puntos de recogida y devoluci\u00f3n de nuestras furgonetas Camper de alquiler.\" \/>\n<meta name=\"robots\" content=\"index, follow, max-snippet:-1, max-image-preview:large, max-video-preview:-1\" \/>\n<link rel=\"canonical\" href=\"https:\/\/caracolvan.com\/de\/wo-sind-wir\/\" \/>\n<meta property=\"og:locale\" content=\"de_DE\" \/>\n<meta property=\"og:type\" content=\"article\" \/>\n<meta property=\"og:title\" content=\"Wo sind wir?\" \/>\n<meta property=\"og:description\" content=\"Aqu\u00ed puedes ver d\u00f3nde estamos y los puntos de recogida y devoluci\u00f3n de nuestras furgonetas Camper de alquiler.\" \/>\n<meta property=\"og:url\" content=\"https:\/\/caracolvan.com\/de\/wo-sind-wir\/\" \/>\n<meta property=\"og:site_name\" content=\"Alquiler Camper Rental - Caracolvan\" \/>\n<meta property=\"article:publisher\" content=\"https:\/\/www.facebook.com\/Caracolvan\/\" \/>\n<meta property=\"article:modified_time\" content=\"2024-10-25T09:20:50+00:00\" \/>\n<meta property=\"og:image\" content=\"https:\/\/caracolvan.com\/wp-content\/uploads\/2023\/05\/Donde-ESTAMOS-General_1.jpg\" \/>\n\t<meta property=\"og:image:width\" content=\"1920\" \/>\n\t<meta property=\"og:image:height\" content=\"657\" \/>\n\t<meta property=\"og:image:type\" content=\"image\/jpeg\" \/>\n<meta name=\"twitter:card\" content=\"summary_large_image\" \/>\n<meta name=\"twitter:site\" content=\"@Caracolvan\" \/>\n<meta name=\"twitter:label1\" content=\"Gesch\u00e4tzte Lesezeit\" \/>\n\t<meta name=\"twitter:data1\" content=\"8\u00a0Minuten\" \/>\n<script type=\"application\/ld+json\" class=\"yoast-schema-graph\">{\"@context\":\"https:\/\/schema.org\",\"@graph\":[{\"@type\":\"WebPage\",\"@id\":\"https:\/\/caracolvan.com\/de\/wo-sind-wir\/\",\"url\":\"https:\/\/caracolvan.com\/de\/wo-sind-wir\/\",\"name\":\"Descubre d\u00f3nde alquilar una camper Caracolvan\",\"isPartOf\":{\"@id\":\"https:\/\/caracolvan.com\/de\/#website\"},\"primaryImageOfPage\":{\"@id\":\"https:\/\/caracolvan.com\/de\/wo-sind-wir\/#primaryimage\"},\"image\":{\"@id\":\"https:\/\/caracolvan.com\/de\/wo-sind-wir\/#primaryimage\"},\"thumbnailUrl\":\"https:\/\/caracolvan.com\/wp-content\/uploads\/2023\/05\/Donde-ESTAMOS-General_1.jpg\",\"datePublished\":\"2018-02-01T10:35:09+00:00\",\"dateModified\":\"2024-10-25T09:20:50+00:00\",\"description\":\"Aqu\u00ed puedes ver d\u00f3nde estamos y los puntos de recogida y devoluci\u00f3n de nuestras furgonetas Camper de alquiler.\",\"breadcrumb\":{\"@id\":\"https:\/\/caracolvan.com\/de\/wo-sind-wir\/#breadcrumb\"},\"inLanguage\":\"de\",\"potentialAction\":[{\"@type\":\"ReadAction\",\"target\":[\"https:\/\/caracolvan.com\/de\/wo-sind-wir\/\"]}]},{\"@type\":\"ImageObject\",\"inLanguage\":\"de\",\"@id\":\"https:\/\/caracolvan.com\/de\/wo-sind-wir\/#primaryimage\",\"url\":\"https:\/\/caracolvan.com\/wp-content\/uploads\/2023\/05\/Donde-ESTAMOS-General_1.jpg\",\"contentUrl\":\"https:\/\/caracolvan.com\/wp-content\/uploads\/2023\/05\/Donde-ESTAMOS-General_1.jpg\",\"width\":1920,\"height\":657,\"caption\":\"wo befindet sich caracolvan\"},{\"@type\":\"BreadcrumbList\",\"@id\":\"https:\/\/caracolvan.com\/de\/wo-sind-wir\/#breadcrumb\",\"itemListElement\":[{\"@type\":\"ListItem\",\"position\":1,\"name\":\"Portada\",\"item\":\"https:\/\/caracolvan.com\/de\/\"},{\"@type\":\"ListItem\",\"position\":2,\"name\":\"Wo sind wir?\"}]},{\"@type\":\"WebSite\",\"@id\":\"https:\/\/caracolvan.com\/de\/#website\",\"url\":\"https:\/\/caracolvan.com\/de\/\",\"name\":\"Alquiler Camper Rental - Caracolvan\",\"description\":\"Alquiler de furgonetas camper y autocaravanas\",\"publisher\":{\"@id\":\"https:\/\/caracolvan.com\/de\/#organization\"},\"potentialAction\":[{\"@type\":\"SearchAction\",\"target\":{\"@type\":\"EntryPoint\",\"urlTemplate\":\"https:\/\/caracolvan.com\/de\/?s={search_term_string}\"},\"query-input\":{\"@type\":\"PropertyValueSpecification\",\"valueRequired\":true,\"valueName\":\"search_term_string\"}}],\"inLanguage\":\"de\"},{\"@type\":\"Organization\",\"@id\":\"https:\/\/caracolvan.com\/de\/#organization\",\"name\":\"Caracolvan\",\"url\":\"https:\/\/caracolvan.com\/de\/\",\"logo\":{\"@type\":\"ImageObject\",\"inLanguage\":\"de\",\"@id\":\"https:\/\/caracolvan.com\/de\/#\/schema\/logo\/image\/\",\"url\":\"https:\/\/caracolvan.com\/wp-content\/uploads\/2023\/08\/caracolvan-logotipo.jpg\",\"contentUrl\":\"https:\/\/caracolvan.com\/wp-content\/uploads\/2023\/08\/caracolvan-logotipo.jpg\",\"width\":696,\"height\":696,\"caption\":\"Caracolvan\"},\"image\":{\"@id\":\"https:\/\/caracolvan.com\/de\/#\/schema\/logo\/image\/\"},\"sameAs\":[\"https:\/\/www.facebook.com\/Caracolvan\/\",\"https:\/\/x.com\/Caracolvan\"]}]}<\/script>\n<!-- \/ Yoast SEO Premium plugin. -->","yoast_head_json":{"title":"Descubre d\u00f3nde alquilar una camper Caracolvan","description":"Aqu\u00ed puedes ver d\u00f3nde estamos y los puntos de recogida y devoluci\u00f3n de nuestras furgonetas Camper de alquiler.","robots":{"index":"index","follow":"follow","max-snippet":"max-snippet:-1","max-image-preview":"max-image-preview:large","max-video-preview":"max-video-preview:-1"},"canonical":"https:\/\/caracolvan.com\/de\/wo-sind-wir\/","og_locale":"de_DE","og_type":"article","og_title":"Wo sind wir?","og_description":"Aqu\u00ed puedes ver d\u00f3nde estamos y los puntos de recogida y devoluci\u00f3n de nuestras furgonetas Camper de alquiler.","og_url":"https:\/\/caracolvan.com\/de\/wo-sind-wir\/","og_site_name":"Alquiler Camper Rental - Caracolvan","article_publisher":"https:\/\/www.facebook.com\/Caracolvan\/","article_modified_time":"2024-10-25T09:20:50+00:00","og_image":[{"width":1920,"height":657,"url":"https:\/\/caracolvan.com\/wp-content\/uploads\/2023\/05\/Donde-ESTAMOS-General_1.jpg","type":"image\/jpeg"}],"twitter_card":"summary_large_image","twitter_site":"@Caracolvan","twitter_misc":{"Gesch\u00e4tzte Lesezeit":"8\u00a0Minuten"},"schema":{"@context":"https:\/\/schema.org","@graph":[{"@type":"WebPage","@id":"https:\/\/caracolvan.com\/de\/wo-sind-wir\/","url":"https:\/\/caracolvan.com\/de\/wo-sind-wir\/","name":"Descubre d\u00f3nde alquilar una camper Caracolvan","isPartOf":{"@id":"https:\/\/caracolvan.com\/de\/#website"},"primaryImageOfPage":{"@id":"https:\/\/caracolvan.com\/de\/wo-sind-wir\/#primaryimage"},"image":{"@id":"https:\/\/caracolvan.com\/de\/wo-sind-wir\/#primaryimage"},"thumbnailUrl":"https:\/\/caracolvan.com\/wp-content\/uploads\/2023\/05\/Donde-ESTAMOS-General_1.jpg","datePublished":"2018-02-01T10:35:09+00:00","dateModified":"2024-10-25T09:20:50+00:00","description":"Aqu\u00ed puedes ver d\u00f3nde estamos y los puntos de recogida y devoluci\u00f3n de nuestras furgonetas Camper de alquiler.","breadcrumb":{"@id":"https:\/\/caracolvan.com\/de\/wo-sind-wir\/#breadcrumb"},"inLanguage":"de","potentialAction":[{"@type":"ReadAction","target":["https:\/\/caracolvan.com\/de\/wo-sind-wir\/"]}]},{"@type":"ImageObject","inLanguage":"de","@id":"https:\/\/caracolvan.com\/de\/wo-sind-wir\/#primaryimage","url":"https:\/\/caracolvan.com\/wp-content\/uploads\/2023\/05\/Donde-ESTAMOS-General_1.jpg","contentUrl":"https:\/\/caracolvan.com\/wp-content\/uploads\/2023\/05\/Donde-ESTAMOS-General_1.jpg","width":1920,"height":657,"caption":"wo befindet sich caracolvan"},{"@type":"BreadcrumbList","@id":"https:\/\/caracolvan.com\/de\/wo-sind-wir\/#breadcrumb","itemListElement":[{"@type":"ListItem","position":1,"name":"Portada","item":"https:\/\/caracolvan.com\/de\/"},{"@type":"ListItem","position":2,"name":"Wo sind wir?"}]},{"@type":"WebSite","@id":"https:\/\/caracolvan.com\/de\/#website","url":"https:\/\/caracolvan.com\/de\/","name":"Alquiler Camper Rental - Caracolvan","description":"Alquiler de furgonetas camper y autocaravanas","publisher":{"@id":"https:\/\/caracolvan.com\/de\/#organization"},"potentialAction":[{"@type":"SearchAction","target":{"@type":"EntryPoint","urlTemplate":"https:\/\/caracolvan.com\/de\/?s={search_term_string}"},"query-input":{"@type":"PropertyValueSpecification","valueRequired":true,"valueName":"search_term_string"}}],"inLanguage":"de"},{"@type":"Organization","@id":"https:\/\/caracolvan.com\/de\/#organization","name":"Caracolvan","url":"https:\/\/caracolvan.com\/de\/","logo":{"@type":"ImageObject","inLanguage":"de","@id":"https:\/\/caracolvan.com\/de\/#\/schema\/logo\/image\/","url":"https:\/\/caracolvan.com\/wp-content\/uploads\/2023\/08\/caracolvan-logotipo.jpg","contentUrl":"https:\/\/caracolvan.com\/wp-content\/uploads\/2023\/08\/caracolvan-logotipo.jpg","width":696,"height":696,"caption":"Caracolvan"},"image":{"@id":"https:\/\/caracolvan.com\/de\/#\/schema\/logo\/image\/"},"sameAs":["https:\/\/www.facebook.com\/Caracolvan\/","https:\/\/x.com\/Caracolvan"]}]}},"_links":{"self":[{"href":"https:\/\/caracolvan.com\/de\/wp-json\/wp\/v2\/pages\/7324","targetHints":{"allow":["GET"]}}],"collection":[{"href":"https:\/\/caracolvan.com\/de\/wp-json\/wp\/v2\/pages"}],"about":[{"href":"https:\/\/caracolvan.com\/de\/wp-json\/wp\/v2\/types\/page"}],"author":[{"embeddable":true,"href":"https:\/\/caracolvan.com\/de\/wp-json\/wp\/v2\/users\/4"}],"replies":[{"embeddable":true,"href":"https:\/\/caracolvan.com\/de\/wp-json\/wp\/v2\/comments?post=7324"}],"version-history":[{"count":22,"href":"https:\/\/caracolvan.com\/de\/wp-json\/wp\/v2\/pages\/7324\/revisions"}],"predecessor-version":[{"id":15215,"href":"https:\/\/caracolvan.com\/de\/wp-json\/wp\/v2\/pages\/7324\/revisions\/15215"}],"wp:featuredmedia":[{"embeddable":true,"href":"https:\/\/caracolvan.com\/de\/wp-json\/wp\/v2\/media\/12364"}],"wp:attachment":[{"href":"https:\/\/caracolvan.com\/de\/wp-json\/wp\/v2\/media?parent=7324"}],"curies":[{"name":"wp","href":"https:\/\/api.w.org\/{rel}","templated":true}]}}