{"id":7353,"date":"2018-02-05T15:48:01","date_gmt":"2018-02-05T15:48:01","guid":{"rendered":"https:\/\/www.caracolvan.com\/rent-your-camper-van-in-seville\/"},"modified":"2023-12-13T09:26:31","modified_gmt":"2023-12-13T07:26:31","slug":"mieten-sie-ihren-camper-van-in-sevilla","status":"publish","type":"page","link":"https:\/\/caracolvan.com\/de\/mieten-sie-ihren-camper-van-in-sevilla\/","title":{"rendered":"Mieten sie ihren camper van in Sevilla"},"content":{"rendered":"<p><div class=\"fusion-fullwidth fullwidth-box fusion-builder-row-1 fusion-flex-container has-pattern-background has-mask-background fusion-parallax-none hundred-percent-fullwidth non-hundred-percent-height-scrolling\" style=\"--awb-border-radius-top-left:0px;--awb-border-radius-top-right:0px;--awb-border-radius-bottom-right:0px;--awb-border-radius-bottom-left:0px;--awb-padding-top:10%;--awb-padding-right:10%;--awb-padding-bottom:10%;--awb-padding-left:10%;--awb-margin-top:0px;--awb-min-height:300px;--awb-background-color:#262626;--awb-background-image:linear-gradient(180deg, rgba(20,20,20,0.5) 0%,rgba(20,20,20,0.5) 100%),url(https:\/\/caracolvan.com\/wp-content\/uploads\/2023\/05\/16715363338279_1.jpg);;--awb-background-size:cover;--awb-flex-wrap:wrap;\" ><div class=\"fusion-builder-row fusion-row fusion-flex-align-items-flex-start fusion-flex-content-wrap\" style=\"width:104% !important;max-width:104% !important;margin-left: calc(-4% \/ 2 );margin-right: calc(-4% \/ 2 );\"><div class=\"fusion-layout-column fusion_builder_column fusion-builder-column-0 fusion_builder_column_1_1 1_1 fusion-flex-column fusion-flex-align-self-center\" style=\"--awb-bg-size:cover;--awb-width-large:100%;--awb-margin-top-large:0px;--awb-spacing-right-large:1.92%;--awb-margin-bottom-large:0px;--awb-spacing-left-large:1.92%;--awb-width-medium:100%;--awb-order-medium:0;--awb-spacing-right-medium:1.92%;--awb-spacing-left-medium:1.92%;--awb-width-small:100%;--awb-order-small:0;--awb-spacing-right-small:1.92%;--awb-spacing-left-small:1.92%;\"><div class=\"fusion-column-wrapper fusion-column-has-shadow fusion-flex-justify-content-center fusion-content-layout-column\"><div class=\"fusion-title title fusion-title-1 fusion-sep-none fusion-title-center fusion-title-text fusion-title-size-one\" style=\"--awb-text-color:var(--awb-color1);--awb-margin-top-small:10px;--awb-margin-right-small:0px;--awb-margin-bottom-small:10px;--awb-margin-left-small:0px;--awb-font-size:var(--awb-typography1-font-size);\"><h1 class=\"fusion-title-heading title-heading-center\" style=\"font-family:var(--awb-typography1-font-family);font-weight:var(--awb-typography1-font-weight);font-style:var(--awb-typography1-font-style);margin:0;letter-spacing:var(--awb-typography1-letter-spacing);text-transform:uppercase;font-size:1em;line-height:var(--awb-typography1-line-height);\">MIETEN SIE IHREN CAMPER VAN IN SEVILLA<\/h1><\/div><\/div><\/div><\/div><\/div><div class=\"fusion-fullwidth fullwidth-box fusion-builder-row-2 fusion-flex-container has-pattern-background has-mask-background hundred-percent-fullwidth non-hundred-percent-height-scrolling\" style=\"--awb-border-radius-top-left:0px;--awb-border-radius-top-right:0px;--awb-border-radius-bottom-right:0px;--awb-border-radius-bottom-left:0px;--awb-padding-right:10%;--awb-padding-left:10%;--awb-padding-right-medium:5%;--awb-padding-left-medium:5%;--awb-flex-wrap:wrap;\" ><div class=\"fusion-builder-row fusion-row fusion-flex-align-items-center fusion-flex-justify-content-center fusion-flex-content-wrap\" style=\"width:104% !important;max-width:104% !important;margin-left: calc(-4% \/ 2 );margin-right: calc(-4% \/ 2 );\"><div class=\"fusion-layout-column fusion_builder_column fusion-builder-column-1 fusion_builder_column_1_1 1_1 fusion-flex-column caracol-home-buscador\" style=\"--awb-padding-top:15px;--awb-padding-right:20px;--awb-padding-bottom:15px;--awb-padding-left:20px;--awb-bg-color:var(--awb-color7);--awb-bg-color-hover:var(--awb-color7);--awb-bg-size:cover;--awb-width-large:100%;--awb-margin-top-large:-30px;--awb-spacing-right-large:1.92%;--awb-margin-bottom-large:20px;--awb-spacing-left-large:1.92%;--awb-width-medium:100%;--awb-order-medium:0;--awb-spacing-right-medium:1.92%;--awb-spacing-left-medium:1.92%;--awb-width-small:100%;--awb-order-small:0;--awb-spacing-right-small:1.92%;--awb-spacing-left-small:1.92%;\" data-scroll-devices=\"small-visibility,medium-visibility,large-visibility\"><div class=\"fusion-column-wrapper fusion-column-has-shadow fusion-flex-justify-content-flex-start fusion-content-layout-column\"><div class=\"fusion-widget-area awb-widget-area-element fusion-widget-area-1 fusion-content-widget-area\" style=\"--awb-title-color:var(--awb-color8);--awb-padding:0px 0px 0px 0px;\"><div class=\"fusion-additional-widget-content\"><\/div><\/div><\/div><\/div><\/div><\/div><div class=\"fusion-fullwidth fullwidth-box fusion-builder-row-3 fusion-flex-container has-pattern-background has-mask-background nonhundred-percent-fullwidth non-hundred-percent-height-scrolling\" style=\"--awb-border-radius-top-left:0px;--awb-border-radius-top-right:0px;--awb-border-radius-bottom-right:0px;--awb-border-radius-bottom-left:0px;--awb-padding-right-small:0px;--awb-padding-left-small:0px;--awb-margin-top:70px;--awb-margin-bottom:50px;--awb-margin-bottom-small:20px;--awb-flex-wrap:wrap;\" ><div class=\"fusion-builder-row fusion-row fusion-flex-align-items-center fusion-flex-justify-content-center fusion-flex-content-wrap\" style=\"max-width:1248px;margin-left: calc(-4% \/ 2 );margin-right: calc(-4% \/ 2 );\"><div class=\"fusion-layout-column fusion_builder_column fusion-builder-column-2 fusion_builder_column_1_1 1_1 fusion-flex-column fusion-flex-align-self-center\" style=\"--awb-padding-right-small:5%;--awb-padding-left-small:5%;--awb-bg-size:cover;--awb-width-large:100%;--awb-margin-top-large:0px;--awb-spacing-right-large:1.92%;--awb-margin-bottom-large:20px;--awb-spacing-left-large:1.92%;--awb-width-medium:100%;--awb-order-medium:0;--awb-spacing-right-medium:1.92%;--awb-spacing-left-medium:1.92%;--awb-width-small:100%;--awb-order-small:0;--awb-spacing-right-small:4.8%;--awb-margin-bottom-small:0;--awb-spacing-left-small:4.8%;\"><div class=\"fusion-column-wrapper fusion-column-has-shadow fusion-flex-justify-content-center fusion-content-layout-column\"><div class=\"fusion-title title fusion-title-2 fusion-sep-none fusion-title-center fusion-title-text fusion-title-size-two\" style=\"--awb-margin-top-small:10px;--awb-margin-right-small:0px;--awb-margin-bottom-small:10px;--awb-margin-left-small:0px;--awb-font-size:var(--awb-typography3-font-size);\"><h2 class=\"fusion-title-heading title-heading-center sm-text-align-left\" style=\"font-family:var(--awb-typography3-font-family);font-weight:var(--awb-typography3-font-weight);font-style:var(--awb-typography3-font-style);margin:0;letter-spacing:var(--awb-typography3-letter-spacing);text-transform:var(--awb-typography3-text-transform);font-size:1em;line-height:var(--awb-typography3-line-height);\">Caracolvan in Sevilla<\/h2><\/div><\/div><\/div><\/div><\/div><div class=\"fusion-fullwidth fullwidth-box fusion-builder-row-4 fusion-flex-container has-pattern-background has-mask-background hundred-percent-fullwidth non-hundred-percent-height-scrolling\" style=\"--awb-border-radius-top-left:0px;--awb-border-radius-top-right:0px;--awb-border-radius-bottom-right:0px;--awb-border-radius-bottom-left:0px;--awb-padding-right:0px;--awb-padding-left:10%;--awb-padding-left-medium:5%;--awb-padding-right-small:0px;--awb-padding-left-small:0px;--awb-flex-wrap:wrap;\" ><div class=\"fusion-builder-row fusion-row fusion-flex-align-items-flex-start fusion-flex-justify-content-space-between fusion-flex-content-wrap\" style=\"width:104% !important;max-width:104% !important;margin-left: calc(-4% \/ 2 );margin-right: calc(-4% \/ 2 );\"><div class=\"fusion-layout-column fusion_builder_column fusion-builder-column-3 fusion_builder_column_2_5 2_5 fusion-flex-column fusion-flex-align-self-center\" style=\"--awb-padding-top:5%;--awb-padding-right-small:5%;--awb-padding-left-small:5%;--awb-bg-size:cover;--awb-width-large:40%;--awb-margin-top-large:0px;--awb-spacing-right-large:4.8%;--awb-margin-bottom-large:20px;--awb-spacing-left-large:4.8%;--awb-width-medium:40%;--awb-order-medium:0;--awb-spacing-right-medium:4.8%;--awb-spacing-left-medium:4.8%;--awb-width-small:100%;--awb-order-small:0;--awb-spacing-right-small:4.8%;--awb-spacing-left-small:4.8%;\" data-scroll-devices=\"small-visibility,medium-visibility,large-visibility\"><div class=\"fusion-column-wrapper fusion-column-has-shadow fusion-flex-justify-content-center fusion-content-layout-column\"><div class=\"fusion-text fusion-text-1\"><p>Wenn man einen <strong>Urlaub in Andalusien<\/strong> plant, ist <strong>Sevilla<\/strong> ein unbedingtes Muss. Es ist eine monumentale Stadt mit dem Charme jahrhundertejahrelanger Geschichte. Leicht auf dem <strong>Land- oder Luftweg zu erreichen<\/strong> ist es auch ein idealer Startpunkt einer unverge\u00dflichen Reise im Wohnwagen. <strong>Sevilla<\/strong> hat einen <strong>internationalen Flughafen (SVQ)<\/strong> und den ersten <strong>Hochgeschwindigkeitsbahnhof<\/strong> in Spanien, <strong>Santa Justa.<\/strong><\/p>\n<p>Aus diesem Grund wollen wir, <strong>von Caracolvan<\/strong>, Ihnen die M\u00f6glichkeit geben Ihren Mietwohnwagen <strong>direkt in Sevilla abzuholen<\/strong>. So k\u00f6nnen Sie Ihr <strong>Abenteuer<\/strong> beginnen ohne warten zu m\u00fcssen. Ob sie auf dem <strong>Flughafen Sevilla<\/strong> landen oder mit dem Zug von einem anderen Ort in <strong>Spanien<\/strong> anreisen, Madrid, Barcelona oder Valencia\u2026.wir <strong>k\u00f6nnen Ihren Camper Van<\/strong> zum <strong>Bahnhof<\/strong> oder <strong>Flughafen<\/strong> bringen.<\/p>\n<\/div><\/div><\/div><div class=\"fusion-layout-column fusion_builder_column fusion-builder-column-4 fusion_builder_column_3_5 3_5 fusion-flex-column fusion-flex-align-self-stretch\" style=\"--awb-bg-image:url(&#039;https:\/\/caracolvan.com\/wp-content\/uploads\/2023\/05\/16715363338279_1.jpg&#039;);--awb-bg-size:cover;--awb-width-large:60%;--awb-margin-top-large:0px;--awb-spacing-right-large:3.2%;--awb-margin-bottom-large:20px;--awb-spacing-left-large:11.04%;--awb-width-medium:60%;--awb-order-medium:0;--awb-spacing-right-medium:3.2%;--awb-spacing-left-medium:11.04%;--awb-width-small:100%;--awb-order-small:0;--awb-spacing-right-small:1.92%;--awb-spacing-left-small:1.92%;\" data-scroll-devices=\"small-visibility,medium-visibility,large-visibility\"><div class=\"fusion-column-wrapper fusion-column-has-shadow fusion-flex-justify-content-flex-start fusion-content-layout-column fusion-empty-column-bg-image fusion-column-has-bg-image\" data-bg-url=\"https:\/\/caracolvan.com\/wp-content\/uploads\/2023\/05\/16715363338279_1.jpg\"><img decoding=\"async\" class=\"fusion-empty-dims-img-placeholder\" alt=\"alquila tu furgo camper en sevilla\" aria-label=\"16715363338279_1\" src=\"data:image\/svg+xml,%3Csvg%20xmlns%3D%27http%3A%2F%2Fwww.w3.org%2F2000%2Fsvg%27%20width%3D%271920%27%20height%3D%27970%27%20viewBox%3D%270%200%201920%20970%27%3E%3Crect%20width%3D%271920%27%20height%3D%27970%27%20fill-opacity%3D%220%22%2F%3E%3C%2Fsvg%3E\"><\/div><\/div><\/div><\/div><div class=\"fusion-fullwidth fullwidth-box fusion-builder-row-5 fusion-flex-container has-pattern-background has-mask-background hundred-percent-fullwidth non-hundred-percent-height-scrolling\" style=\"--awb-border-radius-top-left:0px;--awb-border-radius-top-right:0px;--awb-border-radius-bottom-right:0px;--awb-border-radius-bottom-left:0px;--awb-padding-right:10%;--awb-padding-left:10%;--awb-padding-right-medium:5%;--awb-padding-left-medium:5%;--awb-padding-right-small:0px;--awb-padding-left-small:0px;--awb-margin-top:100px;--awb-margin-bottom:50px;--awb-margin-top-medium:80px;--awb-margin-top-small:60px;--awb-flex-wrap:wrap;\" ><div class=\"fusion-builder-row fusion-row fusion-flex-align-items-flex-start fusion-flex-content-wrap\" style=\"width:104% !important;max-width:104% !important;margin-left: calc(-4% \/ 2 );margin-right: calc(-4% \/ 2 );\"><div class=\"fusion-layout-column fusion_builder_column fusion-builder-column-5 fusion_builder_column_1_2 1_2 fusion-flex-column\" style=\"--awb-padding-right-small:5%;--awb-padding-left-small:5%;--awb-bg-size:cover;--awb-width-large:50%;--awb-margin-top-large:0px;--awb-spacing-right-large:3.84%;--awb-margin-bottom-large:20px;--awb-spacing-left-large:3.84%;--awb-width-medium:50%;--awb-order-medium:0;--awb-spacing-right-medium:3.84%;--awb-spacing-left-medium:3.84%;--awb-width-small:100%;--awb-order-small:0;--awb-spacing-right-small:4.8%;--awb-spacing-left-small:4.8%;\" data-scroll-devices=\"small-visibility,medium-visibility,large-visibility\"><div class=\"fusion-column-wrapper fusion-column-has-shadow fusion-flex-justify-content-center fusion-content-layout-column\"><div class=\"fusion-title title fusion-title-3 fusion-sep-none fusion-title-text fusion-title-size-three\" style=\"--awb-margin-bottom:20px;--awb-margin-top-small:10px;--awb-margin-right-small:0px;--awb-margin-bottom-small:10px;--awb-margin-left-small:0px;--awb-font-size:var(--awb-typography3-font-size);\"><h3 class=\"fusion-title-heading title-heading-left\" style=\"font-family:var(--awb-typography3-font-family);font-weight:var(--awb-typography3-font-weight);font-style:var(--awb-typography3-font-style);margin:0;letter-spacing:var(--awb-typography3-letter-spacing);text-transform:var(--awb-typography3-text-transform);font-size:1em;line-height:var(--awb-typography3-line-height);\">Sehenswertes in Sevilla<\/h3><\/div><div class=\"fusion-text fusion-text-2\"><p>Einfach durch die Stadt spazieren ist zweifellos eines der besten <strong>Dinge die man in Sevilla tun kann.<\/strong> Die Altstadt ist die gr\u00f6\u00dfste in <strong>Spanien<\/strong> und man kann sowohl beeindruckende Monumente, als auch magische Ecken in engen Stra\u00dfen entdecken. Das meist Besuchte und Ber\u00fchmte ist die <strong>Kathedrale,<\/strong> mit dem <strong>Giralda<\/strong> als gr\u00f6\u00dftem Turm, der <strong>Alcazar Palast und das Indienarchiv.<\/strong> Diese drei <strong>wurden zum Weltkulturerbe der UNESCO erkl\u00e4rt. Schauen Sie \u00fcber den Flu\u00df Guadalquivir, immer bewacht vom goldenen Turm, \u00fcberqueren Sie eine der Br\u00fccken und verlieren Sie sich in der Nachbarschaft Triana. <\/strong><\/p>\n<\/div><\/div><\/div><div class=\"fusion-layout-column fusion_builder_column fusion-builder-column-6 fusion_builder_column_1_2 1_2 fusion-flex-column\" style=\"--awb-padding-right-small:5%;--awb-padding-left-small:5%;--awb-bg-size:cover;--awb-width-large:50%;--awb-margin-top-large:0px;--awb-spacing-right-large:3.84%;--awb-margin-bottom-large:20px;--awb-spacing-left-large:3.84%;--awb-width-medium:50%;--awb-order-medium:0;--awb-spacing-right-medium:3.84%;--awb-spacing-left-medium:3.84%;--awb-width-small:100%;--awb-order-small:0;--awb-spacing-right-small:4.8%;--awb-spacing-left-small:4.8%;\"><div class=\"fusion-column-wrapper fusion-column-has-shadow fusion-flex-justify-content-flex-start fusion-content-layout-column\"><div class=\"fusion-image-element \" style=\"--awb-caption-title-font-family:var(--h2_typography-font-family);--awb-caption-title-font-weight:var(--h2_typography-font-weight);--awb-caption-title-font-style:var(--h2_typography-font-style);--awb-caption-title-size:var(--h2_typography-font-size);--awb-caption-title-transform:var(--h2_typography-text-transform);--awb-caption-title-line-height:var(--h2_typography-line-height);--awb-caption-title-letter-spacing:var(--h2_typography-letter-spacing);\"><span class=\" fusion-imageframe imageframe-none imageframe-1 hover-type-none\"><img decoding=\"async\" width=\"1024\" height=\"676\" alt=\"alquiler furgoneta camper sevilla\" title=\"DONDE ESTAMOS SEVILLA_1\" src=\"https:\/\/caracolvan.com\/wp-content\/uploads\/2023\/05\/DONDE-ESTAMOS-SEVILLA_1-1024x676.jpg\" class=\"img-responsive wp-image-12371\" srcset=\"https:\/\/caracolvan.com\/wp-content\/uploads\/2023\/05\/DONDE-ESTAMOS-SEVILLA_1-200x132.jpg 200w, https:\/\/caracolvan.com\/wp-content\/uploads\/2023\/05\/DONDE-ESTAMOS-SEVILLA_1-400x264.jpg 400w, https:\/\/caracolvan.com\/wp-content\/uploads\/2023\/05\/DONDE-ESTAMOS-SEVILLA_1-600x396.jpg 600w, https:\/\/caracolvan.com\/wp-content\/uploads\/2023\/05\/DONDE-ESTAMOS-SEVILLA_1-800x528.jpg 800w, https:\/\/caracolvan.com\/wp-content\/uploads\/2023\/05\/DONDE-ESTAMOS-SEVILLA_1-1200x792.jpg 1200w, https:\/\/caracolvan.com\/wp-content\/uploads\/2023\/05\/DONDE-ESTAMOS-SEVILLA_1.jpg 1920w\" sizes=\"(max-width: 800px) 100vw, 600px\" \/><\/span><\/div><\/div><\/div><div class=\"fusion-layout-column fusion_builder_column fusion-builder-column-7 fusion_builder_column_1_1 1_1 fusion-flex-column\" style=\"--awb-padding-right-small:5%;--awb-padding-left-small:5%;--awb-bg-size:cover;--awb-width-large:100%;--awb-margin-top-large:0px;--awb-spacing-right-large:1.92%;--awb-margin-bottom-large:30px;--awb-spacing-left-large:1.92%;--awb-width-medium:100%;--awb-order-medium:0;--awb-spacing-right-medium:1.92%;--awb-spacing-left-medium:1.92%;--awb-width-small:100%;--awb-order-small:0;--awb-spacing-right-small:1.92%;--awb-spacing-left-small:1.92%;\"><div class=\"fusion-column-wrapper fusion-column-has-shadow fusion-flex-justify-content-flex-start fusion-content-layout-column\"><div class=\"fusion-separator fusion-full-width-sep\" style=\"align-self: center;margin-left: auto;margin-right: auto;width:100%;\"><div class=\"fusion-separator-border sep-single sep-solid\" style=\"--awb-height:20px;--awb-amount:20px;--awb-sep-color:#eaeaea;border-color:#eaeaea;border-top-width:1px;\"><\/div><\/div><\/div><\/div><div class=\"fusion-layout-column fusion_builder_column fusion-builder-column-8 fusion_builder_column_1_2 1_2 fusion-flex-column\" style=\"--awb-padding-right-small:5%;--awb-padding-left-small:5%;--awb-bg-size:cover;--awb-width-large:50%;--awb-margin-top-large:0px;--awb-spacing-right-large:3.84%;--awb-margin-bottom-large:0px;--awb-spacing-left-large:3.84%;--awb-width-medium:50%;--awb-order-medium:0;--awb-spacing-right-medium:3.84%;--awb-spacing-left-medium:3.84%;--awb-width-small:100%;--awb-order-small:0;--awb-spacing-right-small:4.8%;--awb-spacing-left-small:4.8%;\"><div class=\"fusion-column-wrapper fusion-column-has-shadow fusion-flex-justify-content-flex-start fusion-content-layout-column\"><div class=\"fusion-title title fusion-title-4 fusion-sep-none fusion-title-text fusion-title-size-five\" style=\"--awb-margin-top-small:10px;--awb-margin-right-small:0px;--awb-margin-bottom-small:10px;--awb-margin-left-small:0px;--awb-font-size:var(--awb-typography5-font-size);\"><h5 class=\"fusion-title-heading title-heading-left\" style=\"font-family:var(--awb-typography5-font-family);font-weight:var(--awb-typography5-font-weight);font-style:var(--awb-typography5-font-style);margin:0;letter-spacing:var(--awb-typography5-letter-spacing);text-transform:var(--awb-typography5-text-transform);font-size:1em;line-height:var(--awb-typography5-line-height);\"><strong>Plaza Espa\u00f1a, Sevilla<\/strong><\/h5><\/div><\/div><\/div><div class=\"fusion-layout-column fusion_builder_column fusion-builder-column-9 fusion_builder_column_1_2 1_2 fusion-flex-column\" style=\"--awb-padding-right-small:5%;--awb-padding-left-small:5%;--awb-bg-size:cover;--awb-width-large:50%;--awb-margin-top-large:0px;--awb-spacing-right-large:3.84%;--awb-margin-bottom-large:0px;--awb-spacing-left-large:3.84%;--awb-width-medium:50%;--awb-order-medium:0;--awb-spacing-right-medium:3.84%;--awb-spacing-left-medium:3.84%;--awb-width-small:100%;--awb-order-small:2;--awb-spacing-right-small:4.8%;--awb-spacing-left-small:4.8%;\"><div class=\"fusion-column-wrapper fusion-column-has-shadow fusion-flex-justify-content-flex-start fusion-content-layout-column\"><div class=\"fusion-title title fusion-title-5 fusion-sep-none fusion-title-text fusion-title-size-five\" style=\"--awb-margin-top-small:10px;--awb-margin-right-small:0px;--awb-margin-bottom-small:10px;--awb-margin-left-small:0px;--awb-font-size:var(--awb-typography5-font-size);\"><h5 class=\"fusion-title-heading title-heading-left\" style=\"font-family:var(--awb-typography5-font-family);font-weight:var(--awb-typography5-font-weight);font-style:var(--awb-typography5-font-style);margin:0;letter-spacing:var(--awb-typography5-letter-spacing);text-transform:var(--awb-typography5-text-transform);font-size:1em;line-height:var(--awb-typography5-line-height);\"><strong>Torre del Oro, Sevilla<\/strong><\/h5><\/div><\/div><\/div><div class=\"fusion-layout-column fusion_builder_column fusion-builder-column-10 fusion_builder_column_1_2 1_2 fusion-flex-column fusion-flex-align-self-stretch\" style=\"--awb-bg-image:url(&#039;https:\/\/caracolvan.com\/wp-content\/uploads\/2023\/03\/plaza-espana-sevilla-1024x683-1.jpg&#039;);--awb-bg-size:cover;--awb-width-large:50%;--awb-margin-top-large:0px;--awb-spacing-right-large:3.84%;--awb-margin-bottom-large:20px;--awb-spacing-left-large:3.84%;--awb-width-medium:50%;--awb-order-medium:0;--awb-spacing-right-medium:3.84%;--awb-spacing-left-medium:3.84%;--awb-width-small:100%;--awb-order-small:1;--awb-spacing-right-small:9.6%;--awb-spacing-left-small:9.6%;\"><div class=\"fusion-column-wrapper fusion-column-has-shadow fusion-flex-justify-content-flex-start fusion-content-layout-column fusion-empty-column-bg-image fusion-column-has-bg-image\" data-bg-url=\"https:\/\/caracolvan.com\/wp-content\/uploads\/2023\/03\/plaza-espana-sevilla-1024x683-1.jpg\"><img decoding=\"async\" class=\"fusion-empty-dims-img-placeholder\" alt=\"plaza-espana-sevilla\" aria-label=\"plaza-espana-sevilla-1024x683\" src=\"data:image\/svg+xml,%3Csvg%20xmlns%3D%27http%3A%2F%2Fwww.w3.org%2F2000%2Fsvg%27%20width%3D%271024%27%20height%3D%27683%27%20viewBox%3D%270%200%201024%20683%27%3E%3Crect%20width%3D%271024%27%20height%3D%27683%27%20fill-opacity%3D%220%22%2F%3E%3C%2Fsvg%3E\"><\/div><\/div><div class=\"fusion-layout-column fusion_builder_column fusion-builder-column-11 fusion_builder_column_1_2 1_2 fusion-flex-column fusion-flex-align-self-stretch\" style=\"--awb-bg-image:url(&#039;https:\/\/caracolvan.com\/wp-content\/uploads\/2023\/03\/sevilla-torre-del-oro-1024x683-1.jpg&#039;);--awb-bg-size:cover;--awb-width-large:50%;--awb-margin-top-large:0px;--awb-spacing-right-large:3.84%;--awb-margin-bottom-large:20px;--awb-spacing-left-large:3.84%;--awb-width-medium:50%;--awb-order-medium:0;--awb-spacing-right-medium:3.84%;--awb-spacing-left-medium:3.84%;--awb-width-small:100%;--awb-order-small:3;--awb-spacing-right-small:9.6%;--awb-spacing-left-small:9.6%;\"><div class=\"fusion-column-wrapper fusion-column-has-shadow fusion-flex-justify-content-flex-start fusion-content-layout-column fusion-empty-column-bg-image fusion-column-has-bg-image\" data-bg-url=\"https:\/\/caracolvan.com\/wp-content\/uploads\/2023\/03\/sevilla-torre-del-oro-1024x683-1.jpg\"><img decoding=\"async\" class=\"fusion-empty-dims-img-placeholder\" alt=\"Sevilla-Goldturm\" aria-label=\"sevilla-torre-del-oro-1024x683\" src=\"data:image\/svg+xml,%3Csvg%20xmlns%3D%27http%3A%2F%2Fwww.w3.org%2F2000%2Fsvg%27%20width%3D%271024%27%20height%3D%27683%27%20viewBox%3D%270%200%201024%20683%27%3E%3Crect%20width%3D%271024%27%20height%3D%27683%27%20fill-opacity%3D%220%22%2F%3E%3C%2Fsvg%3E\"><\/div><\/div><div class=\"fusion-layout-column fusion_builder_column fusion-builder-column-12 fusion_builder_column_1_2 1_2 fusion-flex-column\" style=\"--awb-padding-right-small:5%;--awb-padding-left-small:5%;--awb-bg-size:cover;--awb-width-large:50%;--awb-margin-top-large:0px;--awb-spacing-right-large:3.84%;--awb-margin-bottom-large:0px;--awb-spacing-left-large:3.84%;--awb-width-medium:50%;--awb-order-medium:0;--awb-spacing-right-medium:3.84%;--awb-spacing-left-medium:3.84%;--awb-width-small:100%;--awb-order-small:4;--awb-spacing-right-small:4.8%;--awb-spacing-left-small:4.8%;\"><div class=\"fusion-column-wrapper fusion-column-has-shadow fusion-flex-justify-content-flex-start fusion-content-layout-column\"><div class=\"fusion-title title fusion-title-6 fusion-sep-none fusion-title-text fusion-title-size-five\" style=\"--awb-margin-top-small:10px;--awb-margin-right-small:0px;--awb-margin-bottom-small:10px;--awb-margin-left-small:0px;--awb-font-size:var(--awb-typography5-font-size);\"><h5 class=\"fusion-title-heading title-heading-left\" style=\"font-family:var(--awb-typography5-font-family);font-weight:var(--awb-typography5-font-weight);font-style:var(--awb-typography5-font-style);margin:0;letter-spacing:var(--awb-typography5-letter-spacing);text-transform:var(--awb-typography5-text-transform);font-size:1em;line-height:var(--awb-typography5-line-height);\"><strong>Paseo en caballo por Sevilla<\/strong><\/h5><\/div><\/div><\/div><div class=\"fusion-layout-column fusion_builder_column fusion-builder-column-13 fusion_builder_column_1_2 1_2 fusion-flex-column\" style=\"--awb-padding-right-small:5%;--awb-padding-left-small:5%;--awb-bg-size:cover;--awb-width-large:50%;--awb-margin-top-large:0px;--awb-spacing-right-large:3.84%;--awb-margin-bottom-large:0px;--awb-spacing-left-large:3.84%;--awb-width-medium:50%;--awb-order-medium:0;--awb-spacing-right-medium:3.84%;--awb-spacing-left-medium:3.84%;--awb-width-small:100%;--awb-order-small:6;--awb-spacing-right-small:4.8%;--awb-spacing-left-small:4.8%;\"><div class=\"fusion-column-wrapper fusion-column-has-shadow fusion-flex-justify-content-flex-start fusion-content-layout-column\"><div class=\"fusion-title title fusion-title-7 fusion-sep-none fusion-title-text fusion-title-size-five\" style=\"--awb-margin-top-small:10px;--awb-margin-right-small:0px;--awb-margin-bottom-small:10px;--awb-margin-left-small:0px;--awb-font-size:var(--awb-typography5-font-size);\"><h5 class=\"fusion-title-heading title-heading-left\" style=\"font-family:var(--awb-typography5-font-family);font-weight:var(--awb-typography5-font-weight);font-style:var(--awb-typography5-font-style);margin:0;letter-spacing:var(--awb-typography5-letter-spacing);text-transform:var(--awb-typography5-text-transform);font-size:1em;line-height:var(--awb-typography5-line-height);\"><strong>Puente de Triana, Sevilla<\/strong><\/h5><\/div><\/div><\/div><div class=\"fusion-layout-column fusion_builder_column fusion-builder-column-14 fusion_builder_column_1_2 1_2 fusion-flex-column fusion-flex-align-self-stretch\" style=\"--awb-bg-image:url(&#039;https:\/\/caracolvan.com\/wp-content\/uploads\/2023\/03\/paseo-en-caballo-por-sevilla-1024x683-1.jpg&#039;);--awb-bg-size:cover;--awb-width-large:50%;--awb-margin-top-large:0px;--awb-spacing-right-large:3.84%;--awb-margin-bottom-large:20px;--awb-spacing-left-large:3.84%;--awb-width-medium:50%;--awb-order-medium:0;--awb-spacing-right-medium:3.84%;--awb-spacing-left-medium:3.84%;--awb-width-small:100%;--awb-order-small:5;--awb-spacing-right-small:9.6%;--awb-spacing-left-small:9.6%;\"><div class=\"fusion-column-wrapper fusion-column-has-shadow fusion-flex-justify-content-flex-start fusion-content-layout-column fusion-empty-column-bg-image fusion-column-has-bg-image\" data-bg-url=\"https:\/\/caracolvan.com\/wp-content\/uploads\/2023\/03\/paseo-en-caballo-por-sevilla-1024x683-1.jpg\"><img decoding=\"async\" class=\"fusion-empty-dims-img-placeholder\" alt=\"Pferdereiten-durch-Sevilla\" aria-label=\"paseo-en-caballo-por-sevilla-1024x683\" src=\"data:image\/svg+xml,%3Csvg%20xmlns%3D%27http%3A%2F%2Fwww.w3.org%2F2000%2Fsvg%27%20width%3D%271024%27%20height%3D%27683%27%20viewBox%3D%270%200%201024%20683%27%3E%3Crect%20width%3D%271024%27%20height%3D%27683%27%20fill-opacity%3D%220%22%2F%3E%3C%2Fsvg%3E\"><\/div><\/div><div class=\"fusion-layout-column fusion_builder_column fusion-builder-column-15 fusion_builder_column_1_2 1_2 fusion-flex-column fusion-flex-align-self-stretch\" style=\"--awb-bg-image:url(&#039;https:\/\/caracolvan.com\/wp-content\/uploads\/2023\/03\/alquiler-furgoneta-en-puente-triana-sevilla-1024x683-1.jpg&#039;);--awb-bg-size:cover;--awb-width-large:50%;--awb-margin-top-large:0px;--awb-spacing-right-large:3.84%;--awb-margin-bottom-large:20px;--awb-spacing-left-large:3.84%;--awb-width-medium:50%;--awb-order-medium:0;--awb-spacing-right-medium:3.84%;--awb-spacing-left-medium:3.84%;--awb-width-small:100%;--awb-order-small:7;--awb-spacing-right-small:9.6%;--awb-spacing-left-small:9.6%;\"><div class=\"fusion-column-wrapper fusion-column-has-shadow fusion-flex-justify-content-flex-start fusion-content-layout-column fusion-empty-column-bg-image fusion-column-has-bg-image\" data-bg-url=\"https:\/\/caracolvan.com\/wp-content\/uploads\/2023\/03\/alquiler-furgoneta-en-puente-triana-sevilla-1024x683-1.jpg\"><img decoding=\"async\" class=\"fusion-empty-dims-img-placeholder\" alt=\"Van-Miete-an-der-Triana-Brucke\" aria-label=\"alquiler-furgoneta-en-puente-triana-sevilla-1024x683\" src=\"data:image\/svg+xml,%3Csvg%20xmlns%3D%27http%3A%2F%2Fwww.w3.org%2F2000%2Fsvg%27%20width%3D%271024%27%20height%3D%27683%27%20viewBox%3D%270%200%201024%20683%27%3E%3Crect%20width%3D%271024%27%20height%3D%27683%27%20fill-opacity%3D%220%22%2F%3E%3C%2Fsvg%3E\"><\/div><\/div><\/div><\/div><div class=\"fusion-fullwidth fullwidth-box fusion-builder-row-6 fusion-flex-container has-pattern-background has-mask-background hundred-percent-fullwidth non-hundred-percent-height-scrolling\" style=\"--awb-border-radius-top-left:0px;--awb-border-radius-top-right:0px;--awb-border-radius-bottom-right:0px;--awb-border-radius-bottom-left:0px;--awb-padding-right:10%;--awb-padding-left:10%;--awb-padding-right-medium:5%;--awb-padding-left-medium:5%;--awb-padding-right-small:0px;--awb-padding-left-small:0px;--awb-margin-top:50px;--awb-margin-bottom:50px;--awb-flex-wrap:wrap;\" ><div class=\"fusion-builder-row fusion-row fusion-flex-align-items-flex-start fusion-flex-content-wrap\" style=\"width:104% !important;max-width:104% !important;margin-left: calc(-4% \/ 2 );margin-right: calc(-4% \/ 2 );\"><div class=\"fusion-layout-column fusion_builder_column fusion-builder-column-16 fusion_builder_column_1_1 1_1 fusion-flex-column\" style=\"--awb-padding-right-small:5%;--awb-padding-left-small:5%;--awb-bg-size:cover;--awb-width-large:100%;--awb-margin-top-large:0px;--awb-spacing-right-large:1.92%;--awb-margin-bottom-large:20px;--awb-spacing-left-large:1.92%;--awb-width-medium:100%;--awb-order-medium:0;--awb-spacing-right-medium:1.92%;--awb-spacing-left-medium:1.92%;--awb-width-small:100%;--awb-order-small:0;--awb-spacing-right-small:4.8%;--awb-spacing-left-small:4.8%;\"><div class=\"fusion-column-wrapper fusion-column-has-shadow fusion-flex-justify-content-flex-start fusion-content-layout-column\"><div class=\"fusion-title title fusion-title-8 fusion-sep-none fusion-title-text fusion-title-size-three\" style=\"--awb-margin-top-small:10px;--awb-margin-right-small:0px;--awb-margin-bottom-small:10px;--awb-margin-left-small:0px;--awb-font-size:var(--awb-typography3-font-size);\"><h3 class=\"fusion-title-heading title-heading-left\" style=\"font-family:var(--awb-typography3-font-family);font-weight:var(--awb-typography3-font-weight);font-style:var(--awb-typography3-font-style);margin:0;letter-spacing:var(--awb-typography3-letter-spacing);text-transform:var(--awb-typography3-text-transform);font-size:1em;line-height:var(--awb-typography3-line-height);\">Erlebenswertes in Sevilla<\/h3><\/div><\/div><\/div><div class=\"fusion-layout-column fusion_builder_column fusion-builder-column-17 fusion_builder_column_1_2 1_2 fusion-flex-column\" style=\"--awb-padding-right-small:5%;--awb-padding-left-small:5%;--awb-bg-size:cover;--awb-width-large:50%;--awb-margin-top-large:0px;--awb-spacing-right-large:3.84%;--awb-margin-bottom-large:20px;--awb-spacing-left-large:3.84%;--awb-width-medium:50%;--awb-order-medium:0;--awb-spacing-right-medium:3.84%;--awb-spacing-left-medium:3.84%;--awb-width-small:100%;--awb-order-small:0;--awb-spacing-right-small:4.8%;--awb-spacing-left-small:4.8%;\"><div class=\"fusion-column-wrapper fusion-column-has-shadow fusion-flex-justify-content-flex-start fusion-content-layout-column\"><div class=\"fusion-text fusion-text-3\"><p>\u00dcber die Jahrhunderte war <b>Sevilla<\/b> der Schauplatz einzigartiger weltbekannter Ereignisse. Wir <b>sprechen nicht nur \u00fcber die Ferias<\/b>, die jedes Jahr tausende Menschen nach <b>Sevilla<\/b> bringen. <b>Die Osterwoche<\/b> in <b>Sevilla<\/b> ist ein Ereignis an dem sich die Teilnahme lohnt. Man kann es nur durch die Leidenschaft der Einwohner verstehen und es hinterl\u00e4sst jeden der es besucht, sprachlos.<\/p>\n<\/div><\/div><\/div><div class=\"fusion-layout-column fusion_builder_column fusion-builder-column-18 fusion_builder_column_1_2 1_2 fusion-flex-column\" style=\"--awb-padding-right-small:5%;--awb-padding-left-small:5%;--awb-bg-size:cover;--awb-width-large:50%;--awb-margin-top-large:0px;--awb-spacing-right-large:3.84%;--awb-margin-bottom-large:20px;--awb-spacing-left-large:3.84%;--awb-width-medium:50%;--awb-order-medium:0;--awb-spacing-right-medium:3.84%;--awb-spacing-left-medium:3.84%;--awb-width-small:100%;--awb-order-small:0;--awb-spacing-right-small:4.8%;--awb-spacing-left-small:4.8%;\"><div class=\"fusion-column-wrapper fusion-column-has-shadow fusion-flex-justify-content-flex-start fusion-content-layout-column\"><div class=\"fusion-text fusion-text-4\"><p>The <b>Feria de Abril<\/b> ist sehr viel weniger religi\u00f6s angehaucht, aber sie zieht mindestens genauso viele, falls nicht sogar mehr Menschen in die Stadt. Vorallem wegen der sch\u00f6nen Pferde und Laternen. <b>Dies sind<\/b>, <b>unter anderen,<\/b> <i>einige der Dinge die man nur<\/i> in <b>Sevilla tun kann.<\/b><\/p>\n<\/div><\/div><\/div><div class=\"fusion-layout-column fusion_builder_column fusion-builder-column-19 fusion_builder_column_1_1 1_1 fusion-flex-column\" style=\"--awb-padding-right-small:5%;--awb-padding-left-small:5%;--awb-bg-size:cover;--awb-width-large:100%;--awb-margin-top-large:0px;--awb-spacing-right-large:1.92%;--awb-margin-bottom-large:30px;--awb-spacing-left-large:1.92%;--awb-width-medium:100%;--awb-order-medium:0;--awb-spacing-right-medium:1.92%;--awb-spacing-left-medium:1.92%;--awb-width-small:100%;--awb-order-small:0;--awb-spacing-right-small:1.92%;--awb-spacing-left-small:1.92%;\"><div class=\"fusion-column-wrapper fusion-column-has-shadow fusion-flex-justify-content-flex-start fusion-content-layout-column\"><div class=\"fusion-separator fusion-full-width-sep\" style=\"align-self: center;margin-left: auto;margin-right: auto;width:100%;\"><div class=\"fusion-separator-border sep-single sep-solid\" style=\"--awb-height:20px;--awb-amount:20px;--awb-sep-color:#eaeaea;border-color:#eaeaea;border-top-width:1px;\"><\/div><\/div><\/div><\/div><div class=\"fusion-layout-column fusion_builder_column fusion-builder-column-20 fusion_builder_column_1_2 1_2 fusion-flex-column\" style=\"--awb-padding-right-small:5%;--awb-padding-left-small:5%;--awb-bg-size:cover;--awb-width-large:50%;--awb-margin-top-large:0px;--awb-spacing-right-large:3.84%;--awb-margin-bottom-large:0px;--awb-spacing-left-large:3.84%;--awb-width-medium:50%;--awb-order-medium:0;--awb-spacing-right-medium:3.84%;--awb-spacing-left-medium:3.84%;--awb-width-small:100%;--awb-order-small:0;--awb-spacing-right-small:4.8%;--awb-spacing-left-small:4.8%;\"><div class=\"fusion-column-wrapper fusion-column-has-shadow fusion-flex-justify-content-flex-start fusion-content-layout-column\"><div class=\"fusion-title title fusion-title-9 fusion-sep-none fusion-title-text fusion-title-size-five\" style=\"--awb-margin-top-small:10px;--awb-margin-right-small:0px;--awb-margin-bottom-small:10px;--awb-margin-left-small:0px;--awb-font-size:var(--awb-typography5-font-size);\"><h5 class=\"fusion-title-heading title-heading-left\" style=\"font-family:var(--awb-typography5-font-family);font-weight:var(--awb-typography5-font-weight);font-style:var(--awb-typography5-font-style);margin:0;letter-spacing:var(--awb-typography5-letter-spacing);text-transform:var(--awb-typography5-text-transform);font-size:1em;line-height:var(--awb-typography5-line-height);\"><strong>Semana Santa, Sevilla<\/strong><\/h5><\/div><\/div><\/div><div class=\"fusion-layout-column fusion_builder_column fusion-builder-column-21 fusion_builder_column_1_2 1_2 fusion-flex-column\" style=\"--awb-padding-right-small:5%;--awb-padding-left-small:5%;--awb-bg-size:cover;--awb-width-large:50%;--awb-margin-top-large:0px;--awb-spacing-right-large:3.84%;--awb-margin-bottom-large:0px;--awb-spacing-left-large:3.84%;--awb-width-medium:50%;--awb-order-medium:0;--awb-spacing-right-medium:3.84%;--awb-spacing-left-medium:3.84%;--awb-width-small:100%;--awb-order-small:2;--awb-spacing-right-small:4.8%;--awb-spacing-left-small:4.8%;\"><div class=\"fusion-column-wrapper fusion-column-has-shadow fusion-flex-justify-content-flex-start fusion-content-layout-column\"><div class=\"fusion-title title fusion-title-10 fusion-sep-none fusion-title-text fusion-title-size-five\" style=\"--awb-margin-top-small:10px;--awb-margin-right-small:0px;--awb-margin-bottom-small:10px;--awb-margin-left-small:0px;--awb-font-size:var(--awb-typography5-font-size);\"><h5 class=\"fusion-title-heading title-heading-left\" style=\"font-family:var(--awb-typography5-font-family);font-weight:var(--awb-typography5-font-weight);font-style:var(--awb-typography5-font-style);margin:0;letter-spacing:var(--awb-typography5-letter-spacing);text-transform:var(--awb-typography5-text-transform);font-size:1em;line-height:var(--awb-typography5-line-height);\"><strong>Die ber\u00fchmten Bitterorangen von Sevilla.<\/strong><\/h5><\/div><\/div><\/div><div class=\"fusion-layout-column fusion_builder_column fusion-builder-column-22 fusion_builder_column_1_2 1_2 fusion-flex-column fusion-flex-align-self-stretch\" style=\"--awb-bg-image:url(&#039;https:\/\/caracolvan.com\/wp-content\/uploads\/2023\/03\/Semana-santa-sevilla-1024x701-1.jpg&#039;);--awb-bg-size:cover;--awb-width-large:50%;--awb-margin-top-large:0px;--awb-spacing-right-large:3.84%;--awb-margin-bottom-large:20px;--awb-spacing-left-large:3.84%;--awb-width-medium:50%;--awb-order-medium:0;--awb-spacing-right-medium:3.84%;--awb-spacing-left-medium:3.84%;--awb-width-small:100%;--awb-order-small:1;--awb-spacing-right-small:9.6%;--awb-spacing-left-small:9.6%;\"><div class=\"fusion-column-wrapper fusion-column-has-shadow fusion-flex-justify-content-flex-start fusion-content-layout-column fusion-empty-column-bg-image fusion-column-has-bg-image\" data-bg-url=\"https:\/\/caracolvan.com\/wp-content\/uploads\/2023\/03\/Semana-santa-sevilla-1024x701-1.jpg\"><img decoding=\"async\" class=\"fusion-empty-dims-img-placeholder\" alt=\"Karwoche-Sevilla\" aria-label=\"Semana-santa-sevilla-1024x701\" src=\"data:image\/svg+xml,%3Csvg%20xmlns%3D%27http%3A%2F%2Fwww.w3.org%2F2000%2Fsvg%27%20width%3D%271024%27%20height%3D%27701%27%20viewBox%3D%270%200%201024%20701%27%3E%3Crect%20width%3D%271024%27%20height%3D%27701%27%20fill-opacity%3D%220%22%2F%3E%3C%2Fsvg%3E\"><\/div><\/div><div class=\"fusion-layout-column fusion_builder_column fusion-builder-column-23 fusion_builder_column_1_2 1_2 fusion-flex-column fusion-flex-align-self-stretch\" style=\"--awb-bg-image:url(&#039;https:\/\/caracolvan.com\/wp-content\/uploads\/2023\/03\/que-hacer-en-Sevilla-naranjas-1024x683-1.jpg&#039;);--awb-bg-size:cover;--awb-width-large:50%;--awb-margin-top-large:0px;--awb-spacing-right-large:3.84%;--awb-margin-bottom-large:20px;--awb-spacing-left-large:3.84%;--awb-width-medium:50%;--awb-order-medium:0;--awb-spacing-right-medium:3.84%;--awb-spacing-left-medium:3.84%;--awb-width-small:100%;--awb-order-small:3;--awb-spacing-right-small:9.6%;--awb-spacing-left-small:9.6%;\"><div class=\"fusion-column-wrapper fusion-column-has-shadow fusion-flex-justify-content-flex-start fusion-content-layout-column fusion-empty-column-bg-image fusion-column-has-bg-image\" data-bg-url=\"https:\/\/caracolvan.com\/wp-content\/uploads\/2023\/03\/que-hacer-en-Sevilla-naranjas-1024x683-1.jpg\"><img decoding=\"async\" class=\"fusion-empty-dims-img-placeholder\" alt=\"was-in-Sevilla-tun-Orangen\" aria-label=\"que-hacer-en-Sevilla-naranjas-1024x683\" src=\"data:image\/svg+xml,%3Csvg%20xmlns%3D%27http%3A%2F%2Fwww.w3.org%2F2000%2Fsvg%27%20width%3D%271024%27%20height%3D%27683%27%20viewBox%3D%270%200%201024%20683%27%3E%3Crect%20width%3D%271024%27%20height%3D%27683%27%20fill-opacity%3D%220%22%2F%3E%3C%2Fsvg%3E\"><\/div><\/div><\/div><\/div><div class=\"fusion-fullwidth fullwidth-box fusion-builder-row-7 fusion-flex-container has-pattern-background has-mask-background hundred-percent-fullwidth non-hundred-percent-height-scrolling\" style=\"--awb-border-radius-top-left:0px;--awb-border-radius-top-right:0px;--awb-border-radius-bottom-right:0px;--awb-border-radius-bottom-left:0px;--awb-padding-right:10%;--awb-padding-left:10%;--awb-padding-right-medium:5%;--awb-padding-left-medium:5%;--awb-padding-right-small:0px;--awb-padding-left-small:0px;--awb-margin-top:50px;--awb-margin-bottom:70px;--awb-flex-wrap:wrap;\" ><div class=\"fusion-builder-row fusion-row fusion-flex-align-items-flex-start fusion-flex-content-wrap\" style=\"width:104% !important;max-width:104% !important;margin-left: calc(-4% \/ 2 );margin-right: calc(-4% \/ 2 );\"><div class=\"fusion-layout-column fusion_builder_column fusion-builder-column-24 fusion_builder_column_1_1 1_1 fusion-flex-column\" style=\"--awb-padding-right-small:5%;--awb-padding-left-small:5%;--awb-bg-size:cover;--awb-width-large:100%;--awb-margin-top-large:0px;--awb-spacing-right-large:1.92%;--awb-margin-bottom-large:20px;--awb-spacing-left-large:1.92%;--awb-width-medium:100%;--awb-order-medium:0;--awb-spacing-right-medium:1.92%;--awb-spacing-left-medium:1.92%;--awb-width-small:100%;--awb-order-small:0;--awb-spacing-right-small:4.8%;--awb-spacing-left-small:4.8%;\"><div class=\"fusion-column-wrapper fusion-column-has-shadow fusion-flex-justify-content-flex-start fusion-content-layout-column\"><div class=\"fusion-title title fusion-title-11 fusion-sep-none fusion-title-text fusion-title-size-three\" style=\"--awb-margin-top-small:10px;--awb-margin-right-small:0px;--awb-margin-bottom-small:10px;--awb-margin-left-small:0px;--awb-font-size:var(--awb-typography3-font-size);\"><h3 class=\"fusion-title-heading title-heading-left\" style=\"font-family:var(--awb-typography3-font-family);font-weight:var(--awb-typography3-font-weight);font-style:var(--awb-typography3-font-style);margin:0;letter-spacing:var(--awb-typography3-letter-spacing);text-transform:var(--awb-typography3-text-transform);font-size:1em;line-height:var(--awb-typography3-line-height);\">Reise nach Sevilla<\/h3><\/div><\/div><\/div><div class=\"fusion-layout-column fusion_builder_column fusion-builder-column-25 fusion_builder_column_1_2 1_2 fusion-flex-column\" style=\"--awb-padding-right-small:5%;--awb-padding-left-small:5%;--awb-bg-size:cover;--awb-width-large:50%;--awb-margin-top-large:0px;--awb-spacing-right-large:3.84%;--awb-margin-bottom-large:20px;--awb-spacing-left-large:3.84%;--awb-width-medium:50%;--awb-order-medium:0;--awb-spacing-right-medium:3.84%;--awb-spacing-left-medium:3.84%;--awb-width-small:100%;--awb-order-small:0;--awb-spacing-right-small:4.8%;--awb-spacing-left-small:4.8%;\"><div class=\"fusion-column-wrapper fusion-column-has-shadow fusion-flex-justify-content-flex-start fusion-content-layout-column\"><div class=\"fusion-text fusion-text-5\"><p>Es hat viele <b>Vorteile die Reise durch Andalusien<\/b> in <b>Sevilla<\/b> zu starten, weil man von hier aus jede seiner St\u00e4dte leicht und schnell erreichen kann. Sie k\u00f6nnen sich Ihren eigenen <b>\u201cRoadtrip\u201d durch Andalusien<\/b> gestalten. <b>C\u00f3rdoba<\/b> oder <b>Granada<\/b> sollten unbedingt dabei sein, ein Besuch in <b>Almeria<\/b> mit der <b>Cabo de Gata<\/b> oder der <b>Costa de C\u00e1diz und Huelva<\/b> sind sehr zu empfehlen. Genie\u00dfen Sie die Freiheit die einem das <b>Wohnmobil dabei bietet.<\/b> Von <b>Sevilla<\/b> aus kann man auch nach <b>Portugal fahren<\/b>, die Grenze liegt nur 100 km von der Andalusischen Hauptstadt entfernt.<\/p>\n<\/div><\/div><\/div><div class=\"fusion-layout-column fusion_builder_column fusion-builder-column-26 fusion_builder_column_1_2 1_2 fusion-flex-column\" style=\"--awb-padding-right-small:5%;--awb-padding-left-small:5%;--awb-bg-size:cover;--awb-width-large:50%;--awb-margin-top-large:0px;--awb-spacing-right-large:3.84%;--awb-margin-bottom-large:20px;--awb-spacing-left-large:3.84%;--awb-width-medium:50%;--awb-order-medium:0;--awb-spacing-right-medium:3.84%;--awb-spacing-left-medium:3.84%;--awb-width-small:100%;--awb-order-small:0;--awb-spacing-right-small:4.8%;--awb-spacing-left-small:4.8%;\"><div class=\"fusion-column-wrapper fusion-column-has-shadow fusion-flex-justify-content-flex-start fusion-content-layout-column\"><div class=\"fusion-text fusion-text-6\"><p><b>Portugal ist ein Paradies f\u00fcr Camper,<\/b> von der <b>Algarve<\/b> bis zu der wundersch\u00f6nen, wilden <b>Costa Vicentina.<\/b> Die bevorzugten Pl\u00e4tze zum <b>Surfen<\/b> reichen von <b>Sagres,<\/b> in <b>Cabo San Vicente<\/b>, bis hin zur n\u00f6rdlichen Grenze mit <b>Spanien.<\/b>Auf dieser Route kommt man auch an <b>Lissabon<\/b> vorbei. Wenn Sie nach <b>Ericeira<\/b>, <b>Nazar\u00e9<\/b> oder <b>Peniche<\/b> reisen m\u00f6chten, nehmen Sie einfach Ihr Board, denn wir bringen Ihnen das <b>Wohnmobil<\/b> ja dann direkt zu <b>Flughafen.<\/b><\/p>\n<\/div><\/div><\/div><div class=\"fusion-layout-column fusion_builder_column fusion-builder-column-27 fusion_builder_column_1_1 1_1 fusion-flex-column\" style=\"--awb-padding-right-small:5%;--awb-padding-left-small:5%;--awb-bg-size:cover;--awb-width-large:100%;--awb-margin-top-large:0px;--awb-spacing-right-large:1.92%;--awb-margin-bottom-large:30px;--awb-spacing-left-large:1.92%;--awb-width-medium:100%;--awb-order-medium:0;--awb-spacing-right-medium:1.92%;--awb-spacing-left-medium:1.92%;--awb-width-small:100%;--awb-order-small:0;--awb-spacing-right-small:1.92%;--awb-spacing-left-small:1.92%;\"><div class=\"fusion-column-wrapper fusion-column-has-shadow fusion-flex-justify-content-flex-start fusion-content-layout-column\"><div class=\"fusion-separator fusion-full-width-sep\" style=\"align-self: center;margin-left: auto;margin-right: auto;width:100%;\"><div class=\"fusion-separator-border sep-single sep-solid\" style=\"--awb-height:20px;--awb-amount:20px;--awb-sep-color:#eaeaea;border-color:#eaeaea;border-top-width:1px;\"><\/div><\/div><\/div><\/div><div class=\"fusion-layout-column fusion_builder_column fusion-builder-column-28 fusion_builder_column_1_2 1_2 fusion-flex-column\" style=\"--awb-padding-right-small:5%;--awb-padding-left-small:5%;--awb-bg-size:cover;--awb-width-large:50%;--awb-margin-top-large:0px;--awb-spacing-right-large:3.84%;--awb-margin-bottom-large:0px;--awb-spacing-left-large:3.84%;--awb-width-medium:50%;--awb-order-medium:0;--awb-spacing-right-medium:3.84%;--awb-spacing-left-medium:3.84%;--awb-width-small:100%;--awb-order-small:0;--awb-spacing-right-small:4.8%;--awb-spacing-left-small:4.8%;\"><div class=\"fusion-column-wrapper fusion-column-has-shadow fusion-flex-justify-content-flex-start fusion-content-layout-column\"><div class=\"fusion-title title fusion-title-12 fusion-sep-none fusion-title-text fusion-title-size-five\" style=\"--awb-margin-top-small:10px;--awb-margin-right-small:0px;--awb-margin-bottom-small:10px;--awb-margin-left-small:0px;--awb-font-size:var(--awb-typography5-font-size);\"><h5 class=\"fusion-title-heading title-heading-left\" style=\"font-family:var(--awb-typography5-font-family);font-weight:var(--awb-typography5-font-weight);font-style:var(--awb-typography5-font-style);margin:0;letter-spacing:var(--awb-typography5-letter-spacing);text-transform:var(--awb-typography5-text-transform);font-size:1em;line-height:var(--awb-typography5-line-height);\"><strong>Wohnmobilroute Sevilla \u2013 Portugal <\/strong><\/h5><\/div><\/div><\/div><div class=\"fusion-layout-column fusion_builder_column fusion-builder-column-29 fusion_builder_column_1_2 1_2 fusion-flex-column\" style=\"--awb-padding-right-small:5%;--awb-padding-left-small:5%;--awb-bg-size:cover;--awb-width-large:50%;--awb-margin-top-large:0px;--awb-spacing-right-large:3.84%;--awb-margin-bottom-large:0px;--awb-spacing-left-large:3.84%;--awb-width-medium:50%;--awb-order-medium:0;--awb-spacing-right-medium:3.84%;--awb-spacing-left-medium:3.84%;--awb-width-small:100%;--awb-order-small:2;--awb-spacing-right-small:4.8%;--awb-spacing-left-small:4.8%;\"><div class=\"fusion-column-wrapper fusion-column-has-shadow fusion-flex-justify-content-flex-start fusion-content-layout-column\"><div class=\"fusion-title title fusion-title-13 fusion-sep-none fusion-title-text fusion-title-size-five\" style=\"--awb-margin-top-small:10px;--awb-margin-right-small:0px;--awb-margin-bottom-small:10px;--awb-margin-left-small:0px;--awb-font-size:var(--awb-typography5-font-size);\"><h5 class=\"fusion-title-heading title-heading-left\" style=\"font-family:var(--awb-typography5-font-family);font-weight:var(--awb-typography5-font-weight);font-style:var(--awb-typography5-font-style);margin:0;letter-spacing:var(--awb-typography5-letter-spacing);text-transform:var(--awb-typography5-text-transform);font-size:1em;line-height:var(--awb-typography5-line-height);\"><strong>Strand von El Palmar, C\u00e1diz <\/strong><\/h5><\/div><\/div><\/div><div class=\"fusion-layout-column fusion_builder_column fusion-builder-column-30 fusion_builder_column_1_2 1_2 fusion-flex-column fusion-flex-align-self-stretch\" style=\"--awb-bg-image:url(&#039;https:\/\/caracolvan.com\/wp-content\/uploads\/2023\/03\/sevilla-portugal-ruta-en-autocaravana-1024x683-1.jpg&#039;);--awb-bg-size:cover;--awb-width-large:50%;--awb-margin-top-large:0px;--awb-spacing-right-large:3.84%;--awb-margin-bottom-large:20px;--awb-spacing-left-large:3.84%;--awb-width-medium:50%;--awb-order-medium:0;--awb-spacing-right-medium:3.84%;--awb-spacing-left-medium:3.84%;--awb-width-small:100%;--awb-order-small:1;--awb-spacing-right-small:9.6%;--awb-spacing-left-small:9.6%;\"><div class=\"fusion-column-wrapper fusion-column-has-shadow fusion-flex-justify-content-flex-start fusion-content-layout-column fusion-empty-column-bg-image fusion-column-has-bg-image\" data-bg-url=\"https:\/\/caracolvan.com\/wp-content\/uploads\/2023\/03\/sevilla-portugal-ruta-en-autocaravana-1024x683-1.jpg\"><img decoding=\"async\" class=\"fusion-empty-dims-img-placeholder\" alt=\"Sevilla-Portugal-Wohnmobilroute\" aria-label=\"sevilla-portugal-ruta-en-autocaravana-1024x683\" src=\"data:image\/svg+xml,%3Csvg%20xmlns%3D%27http%3A%2F%2Fwww.w3.org%2F2000%2Fsvg%27%20width%3D%271024%27%20height%3D%27683%27%20viewBox%3D%270%200%201024%20683%27%3E%3Crect%20width%3D%271024%27%20height%3D%27683%27%20fill-opacity%3D%220%22%2F%3E%3C%2Fsvg%3E\"><\/div><\/div><div class=\"fusion-layout-column fusion_builder_column fusion-builder-column-31 fusion_builder_column_1_2 1_2 fusion-flex-column fusion-flex-align-self-stretch\" style=\"--awb-bg-image:url(&#039;https:\/\/caracolvan.com\/wp-content\/uploads\/2023\/03\/playas-de-cadiz-2-1024x683-1.jpg&#039;);--awb-bg-size:cover;--awb-width-large:50%;--awb-margin-top-large:0px;--awb-spacing-right-large:3.84%;--awb-margin-bottom-large:20px;--awb-spacing-left-large:3.84%;--awb-width-medium:50%;--awb-order-medium:0;--awb-spacing-right-medium:3.84%;--awb-spacing-left-medium:3.84%;--awb-width-small:100%;--awb-order-small:3;--awb-spacing-right-small:9.6%;--awb-spacing-left-small:9.6%;\"><div class=\"fusion-column-wrapper fusion-column-has-shadow fusion-flex-justify-content-flex-start fusion-content-layout-column fusion-empty-column-bg-image fusion-column-has-bg-image\" data-bg-url=\"https:\/\/caracolvan.com\/wp-content\/uploads\/2023\/03\/playas-de-cadiz-2-1024x683-1.jpg\"><img decoding=\"async\" class=\"fusion-empty-dims-img-placeholder\" alt=\"Strande von Cadiz\" aria-label=\"playas-de-cadiz-2-1024x683\" src=\"data:image\/svg+xml,%3Csvg%20xmlns%3D%27http%3A%2F%2Fwww.w3.org%2F2000%2Fsvg%27%20width%3D%271024%27%20height%3D%27683%27%20viewBox%3D%270%200%201024%20683%27%3E%3Crect%20width%3D%271024%27%20height%3D%27683%27%20fill-opacity%3D%220%22%2F%3E%3C%2Fsvg%3E\"><\/div><\/div><div class=\"fusion-layout-column fusion_builder_column fusion-builder-column-32 fusion_builder_column_1_2 1_2 fusion-flex-column\" style=\"--awb-padding-right-small:5%;--awb-padding-left-small:5%;--awb-bg-size:cover;--awb-width-large:50%;--awb-margin-top-large:0px;--awb-spacing-right-large:3.84%;--awb-margin-bottom-large:0px;--awb-spacing-left-large:3.84%;--awb-width-medium:50%;--awb-order-medium:0;--awb-spacing-right-medium:3.84%;--awb-spacing-left-medium:3.84%;--awb-width-small:100%;--awb-order-small:4;--awb-spacing-right-small:4.8%;--awb-spacing-left-small:4.8%;\"><div class=\"fusion-column-wrapper fusion-column-has-shadow fusion-flex-justify-content-flex-start fusion-content-layout-column\"><div class=\"fusion-title title fusion-title-14 fusion-sep-none fusion-title-text fusion-title-size-five\" style=\"--awb-margin-top-small:10px;--awb-margin-right-small:0px;--awb-margin-bottom-small:10px;--awb-margin-left-small:0px;--awb-font-size:var(--awb-typography5-font-size);\"><h5 class=\"fusion-title-heading title-heading-left\" style=\"font-family:var(--awb-typography5-font-family);font-weight:var(--awb-typography5-font-weight);font-style:var(--awb-typography5-font-style);margin:0;letter-spacing:var(--awb-typography5-letter-spacing);text-transform:var(--awb-typography5-text-transform);font-size:1em;line-height:var(--awb-typography5-line-height);\"><strong>Cabo de Gata, Almeria<\/strong><\/h5><\/div><\/div><\/div><div class=\"fusion-layout-column fusion_builder_column fusion-builder-column-33 fusion_builder_column_1_2 1_2 fusion-flex-column\" style=\"--awb-padding-right-small:5%;--awb-padding-left-small:5%;--awb-bg-size:cover;--awb-width-large:50%;--awb-margin-top-large:0px;--awb-spacing-right-large:3.84%;--awb-margin-bottom-large:0px;--awb-spacing-left-large:3.84%;--awb-width-medium:50%;--awb-order-medium:0;--awb-spacing-right-medium:3.84%;--awb-spacing-left-medium:3.84%;--awb-width-small:100%;--awb-order-small:6;--awb-spacing-right-small:4.8%;--awb-spacing-left-small:4.8%;\"><div class=\"fusion-column-wrapper fusion-column-has-shadow fusion-flex-justify-content-flex-start fusion-content-layout-column\"><div class=\"fusion-title title fusion-title-15 fusion-sep-none fusion-title-text fusion-title-size-five\" style=\"--awb-margin-top-small:10px;--awb-margin-right-small:0px;--awb-margin-bottom-small:10px;--awb-margin-left-small:0px;--awb-font-size:var(--awb-typography5-font-size);\"><h5 class=\"fusion-title-heading title-heading-left\" style=\"font-family:var(--awb-typography5-font-family);font-weight:var(--awb-typography5-font-weight);font-style:var(--awb-typography5-font-style);margin:0;letter-spacing:var(--awb-typography5-letter-spacing);text-transform:var(--awb-typography5-text-transform);font-size:1em;line-height:var(--awb-typography5-line-height);\"><p><strong>Donana-Nationalpark, Huelva<br \/>\n<\/strong><\/p><\/h5><\/div><\/div><\/div><div class=\"fusion-layout-column fusion_builder_column fusion-builder-column-34 fusion_builder_column_1_2 1_2 fusion-flex-column fusion-flex-align-self-stretch\" style=\"--awb-bg-image:url(&#039;https:\/\/caracolvan.com\/wp-content\/uploads\/2023\/03\/Cabo-de-gata-en-autocaravana-1024x683-1.jpg&#039;);--awb-bg-size:cover;--awb-width-large:50%;--awb-margin-top-large:0px;--awb-spacing-right-large:3.84%;--awb-margin-bottom-large:20px;--awb-spacing-left-large:3.84%;--awb-width-medium:50%;--awb-order-medium:0;--awb-spacing-right-medium:3.84%;--awb-spacing-left-medium:3.84%;--awb-width-small:100%;--awb-order-small:5;--awb-spacing-right-small:9.6%;--awb-spacing-left-small:9.6%;\"><div class=\"fusion-column-wrapper fusion-column-has-shadow fusion-flex-justify-content-flex-start fusion-content-layout-column fusion-empty-column-bg-image fusion-column-has-bg-image\" data-bg-url=\"https:\/\/caracolvan.com\/wp-content\/uploads\/2023\/03\/Cabo-de-gata-en-autocaravana-1024x683-1.jpg\"><img decoding=\"async\" class=\"fusion-empty-dims-img-placeholder\" alt=\"Cabo de Gata im Wohnmobil\" aria-label=\"Cabo-de-gata-en-autocaravana-1024x683\" src=\"data:image\/svg+xml,%3Csvg%20xmlns%3D%27http%3A%2F%2Fwww.w3.org%2F2000%2Fsvg%27%20width%3D%271024%27%20height%3D%27683%27%20viewBox%3D%270%200%201024%20683%27%3E%3Crect%20width%3D%271024%27%20height%3D%27683%27%20fill-opacity%3D%220%22%2F%3E%3C%2Fsvg%3E\"><\/div><\/div><div class=\"fusion-layout-column fusion_builder_column fusion-builder-column-35 fusion_builder_column_1_2 1_2 fusion-flex-column fusion-flex-align-self-stretch\" style=\"--awb-bg-image:url(&#039;https:\/\/caracolvan.com\/wp-content\/uploads\/2023\/03\/parque-nacional-donana-sevilla-1024x683-1.jpg&#039;);--awb-bg-size:cover;--awb-width-large:50%;--awb-margin-top-large:0px;--awb-spacing-right-large:3.84%;--awb-margin-bottom-large:20px;--awb-spacing-left-large:3.84%;--awb-width-medium:50%;--awb-order-medium:0;--awb-spacing-right-medium:3.84%;--awb-spacing-left-medium:3.84%;--awb-width-small:100%;--awb-order-small:7;--awb-spacing-right-small:9.6%;--awb-spacing-left-small:9.6%;\"><div class=\"fusion-column-wrapper fusion-column-has-shadow fusion-flex-justify-content-flex-start fusion-content-layout-column fusion-empty-column-bg-image fusion-column-has-bg-image\" data-bg-url=\"https:\/\/caracolvan.com\/wp-content\/uploads\/2023\/03\/parque-nacional-donana-sevilla-1024x683-1.jpg\"><img decoding=\"async\" class=\"fusion-empty-dims-img-placeholder\" alt=\"Nationalpark Do\u00f1ana in Sevilla\" aria-label=\"parque-nacional-donana-sevilla-1024x683\" src=\"data:image\/svg+xml,%3Csvg%20xmlns%3D%27http%3A%2F%2Fwww.w3.org%2F2000%2Fsvg%27%20width%3D%271024%27%20height%3D%27683%27%20viewBox%3D%270%200%201024%20683%27%3E%3Crect%20width%3D%271024%27%20height%3D%27683%27%20fill-opacity%3D%220%22%2F%3E%3C%2Fsvg%3E\"><\/div><\/div><\/div><\/div><\/p>\n","protected":false},"excerpt":{"rendered":"","protected":false},"author":4,"featured_media":12413,"parent":0,"menu_order":0,"comment_status":"closed","ping_status":"closed","template":"100-width.php","meta":{"_joinchat":[],"footnotes":""},"class_list":["post-7353","page","type-page","status-publish","has-post-thumbnail","hentry"],"yoast_head":"<!-- This site is optimized with the Yoast SEO Premium plugin v27.5 (Yoast SEO v27.5) - https:\/\/yoast.com\/product\/yoast-seo-premium-wordpress\/ -->\n<title>Mieten sie ihren camper van in Sevilla | Caracolvan Alquiler Camper Rental<\/title>\n<meta name=\"description\" content=\"M\u00f6chten Sie in Sevilla einen Transporter oder ein Wohnmobil mieten? In Caracolvan haben wir die beste Option f\u00fcr Ihr Wohnmobil. Entdecken Sie, was Sie in Sevilla mit dem Van sehen und besichtigen k\u00f6nnen!\" \/>\n<meta name=\"robots\" content=\"index, follow, max-snippet:-1, max-image-preview:large, max-video-preview:-1\" \/>\n<link rel=\"canonical\" href=\"https:\/\/caracolvan.com\/de\/mieten-sie-ihren-camper-van-in-sevilla\/\" \/>\n<meta property=\"og:locale\" content=\"de_DE\" \/>\n<meta property=\"og:type\" content=\"article\" \/>\n<meta property=\"og:title\" content=\"Mieten sie ihren camper van in Sevilla\" \/>\n<meta property=\"og:description\" content=\"M\u00f6chten Sie in Sevilla einen Transporter oder ein Wohnmobil mieten? In Caracolvan haben wir die beste Option f\u00fcr Ihr Wohnmobil. Entdecken Sie, was Sie in Sevilla mit dem Van sehen und besichtigen k\u00f6nnen!\" \/>\n<meta property=\"og:url\" content=\"https:\/\/caracolvan.com\/de\/mieten-sie-ihren-camper-van-in-sevilla\/\" \/>\n<meta property=\"og:site_name\" content=\"Alquiler Camper Rental - Caracolvan\" \/>\n<meta property=\"article:publisher\" content=\"https:\/\/www.facebook.com\/Caracolvan\/\" \/>\n<meta property=\"article:modified_time\" content=\"2023-12-13T07:26:31+00:00\" \/>\n<meta property=\"og:image\" content=\"https:\/\/caracolvan.com\/wp-content\/uploads\/2023\/05\/16715363338279_1.jpg\" \/>\n\t<meta property=\"og:image:width\" content=\"1920\" \/>\n\t<meta property=\"og:image:height\" content=\"970\" \/>\n\t<meta property=\"og:image:type\" content=\"image\/jpeg\" \/>\n<meta name=\"twitter:card\" content=\"summary_large_image\" \/>\n<meta name=\"twitter:site\" content=\"@Caracolvan\" \/>\n<meta name=\"twitter:label1\" content=\"Gesch\u00e4tzte Lesezeit\" \/>\n\t<meta name=\"twitter:data1\" content=\"26\u00a0Minuten\" \/>\n<script type=\"application\/ld+json\" class=\"yoast-schema-graph\">{\"@context\":\"https:\\\/\\\/schema.org\",\"@graph\":[{\"@type\":\"WebPage\",\"@id\":\"https:\\\/\\\/caracolvan.com\\\/de\\\/mieten-sie-ihren-camper-van-in-sevilla\\\/\",\"url\":\"https:\\\/\\\/caracolvan.com\\\/de\\\/mieten-sie-ihren-camper-van-in-sevilla\\\/\",\"name\":\"Mieten sie ihren camper van in Sevilla | Caracolvan Alquiler Camper Rental\",\"isPartOf\":{\"@id\":\"https:\\\/\\\/caracolvan.com\\\/de\\\/#website\"},\"primaryImageOfPage\":{\"@id\":\"https:\\\/\\\/caracolvan.com\\\/de\\\/mieten-sie-ihren-camper-van-in-sevilla\\\/#primaryimage\"},\"image\":{\"@id\":\"https:\\\/\\\/caracolvan.com\\\/de\\\/mieten-sie-ihren-camper-van-in-sevilla\\\/#primaryimage\"},\"thumbnailUrl\":\"https:\\\/\\\/caracolvan.com\\\/wp-content\\\/uploads\\\/2023\\\/05\\\/16715363338279_1.jpg\",\"datePublished\":\"2018-02-05T15:48:01+00:00\",\"dateModified\":\"2023-12-13T07:26:31+00:00\",\"description\":\"M\u00f6chten Sie in Sevilla einen Transporter oder ein Wohnmobil mieten? In Caracolvan haben wir die beste Option f\u00fcr Ihr Wohnmobil. Entdecken Sie, was Sie in Sevilla mit dem Van sehen und besichtigen k\u00f6nnen!\",\"breadcrumb\":{\"@id\":\"https:\\\/\\\/caracolvan.com\\\/de\\\/mieten-sie-ihren-camper-van-in-sevilla\\\/#breadcrumb\"},\"inLanguage\":\"de\",\"potentialAction\":[{\"@type\":\"ReadAction\",\"target\":[\"https:\\\/\\\/caracolvan.com\\\/de\\\/mieten-sie-ihren-camper-van-in-sevilla\\\/\"]}]},{\"@type\":\"ImageObject\",\"inLanguage\":\"de\",\"@id\":\"https:\\\/\\\/caracolvan.com\\\/de\\\/mieten-sie-ihren-camper-van-in-sevilla\\\/#primaryimage\",\"url\":\"https:\\\/\\\/caracolvan.com\\\/wp-content\\\/uploads\\\/2023\\\/05\\\/16715363338279_1.jpg\",\"contentUrl\":\"https:\\\/\\\/caracolvan.com\\\/wp-content\\\/uploads\\\/2023\\\/05\\\/16715363338279_1.jpg\",\"width\":1920,\"height\":970,\"caption\":\"alquila tu furgo camper en sevilla\"},{\"@type\":\"BreadcrumbList\",\"@id\":\"https:\\\/\\\/caracolvan.com\\\/de\\\/mieten-sie-ihren-camper-van-in-sevilla\\\/#breadcrumb\",\"itemListElement\":[{\"@type\":\"ListItem\",\"position\":1,\"name\":\"Portada\",\"item\":\"https:\\\/\\\/caracolvan.com\\\/de\\\/\"},{\"@type\":\"ListItem\",\"position\":2,\"name\":\"Mieten sie ihren camper van in Sevilla\"}]},{\"@type\":\"WebSite\",\"@id\":\"https:\\\/\\\/caracolvan.com\\\/de\\\/#website\",\"url\":\"https:\\\/\\\/caracolvan.com\\\/de\\\/\",\"name\":\"Alquiler Camper Rental - Caracolvan\",\"description\":\"Alquiler de furgonetas camper y autocaravanas\",\"publisher\":{\"@id\":\"https:\\\/\\\/caracolvan.com\\\/de\\\/#organization\"},\"potentialAction\":[{\"@type\":\"SearchAction\",\"target\":{\"@type\":\"EntryPoint\",\"urlTemplate\":\"https:\\\/\\\/caracolvan.com\\\/de\\\/?s={search_term_string}\"},\"query-input\":{\"@type\":\"PropertyValueSpecification\",\"valueRequired\":true,\"valueName\":\"search_term_string\"}}],\"inLanguage\":\"de\"},{\"@type\":\"Organization\",\"@id\":\"https:\\\/\\\/caracolvan.com\\\/de\\\/#organization\",\"name\":\"Caracolvan\",\"url\":\"https:\\\/\\\/caracolvan.com\\\/de\\\/\",\"logo\":{\"@type\":\"ImageObject\",\"inLanguage\":\"de\",\"@id\":\"https:\\\/\\\/caracolvan.com\\\/de\\\/#\\\/schema\\\/logo\\\/image\\\/\",\"url\":\"https:\\\/\\\/caracolvan.com\\\/wp-content\\\/uploads\\\/2023\\\/08\\\/caracolvan-logotipo.jpg\",\"contentUrl\":\"https:\\\/\\\/caracolvan.com\\\/wp-content\\\/uploads\\\/2023\\\/08\\\/caracolvan-logotipo.jpg\",\"width\":696,\"height\":696,\"caption\":\"Caracolvan\"},\"image\":{\"@id\":\"https:\\\/\\\/caracolvan.com\\\/de\\\/#\\\/schema\\\/logo\\\/image\\\/\"},\"sameAs\":[\"https:\\\/\\\/www.facebook.com\\\/Caracolvan\\\/\",\"https:\\\/\\\/x.com\\\/Caracolvan\"]}]}<\/script>\n<!-- \/ Yoast SEO Premium plugin. -->","yoast_head_json":{"title":"Mieten sie ihren camper van in Sevilla | Caracolvan Alquiler Camper Rental","description":"M\u00f6chten Sie in Sevilla einen Transporter oder ein Wohnmobil mieten? In Caracolvan haben wir die beste Option f\u00fcr Ihr Wohnmobil. Entdecken Sie, was Sie in Sevilla mit dem Van sehen und besichtigen k\u00f6nnen!","robots":{"index":"index","follow":"follow","max-snippet":"max-snippet:-1","max-image-preview":"max-image-preview:large","max-video-preview":"max-video-preview:-1"},"canonical":"https:\/\/caracolvan.com\/de\/mieten-sie-ihren-camper-van-in-sevilla\/","og_locale":"de_DE","og_type":"article","og_title":"Mieten sie ihren camper van in Sevilla","og_description":"M\u00f6chten Sie in Sevilla einen Transporter oder ein Wohnmobil mieten? In Caracolvan haben wir die beste Option f\u00fcr Ihr Wohnmobil. Entdecken Sie, was Sie in Sevilla mit dem Van sehen und besichtigen k\u00f6nnen!","og_url":"https:\/\/caracolvan.com\/de\/mieten-sie-ihren-camper-van-in-sevilla\/","og_site_name":"Alquiler Camper Rental - Caracolvan","article_publisher":"https:\/\/www.facebook.com\/Caracolvan\/","article_modified_time":"2023-12-13T07:26:31+00:00","og_image":[{"width":1920,"height":970,"url":"https:\/\/caracolvan.com\/wp-content\/uploads\/2023\/05\/16715363338279_1.jpg","type":"image\/jpeg"}],"twitter_card":"summary_large_image","twitter_site":"@Caracolvan","twitter_misc":{"Gesch\u00e4tzte Lesezeit":"26\u00a0Minuten"},"schema":{"@context":"https:\/\/schema.org","@graph":[{"@type":"WebPage","@id":"https:\/\/caracolvan.com\/de\/mieten-sie-ihren-camper-van-in-sevilla\/","url":"https:\/\/caracolvan.com\/de\/mieten-sie-ihren-camper-van-in-sevilla\/","name":"Mieten sie ihren camper van in Sevilla | Caracolvan Alquiler Camper Rental","isPartOf":{"@id":"https:\/\/caracolvan.com\/de\/#website"},"primaryImageOfPage":{"@id":"https:\/\/caracolvan.com\/de\/mieten-sie-ihren-camper-van-in-sevilla\/#primaryimage"},"image":{"@id":"https:\/\/caracolvan.com\/de\/mieten-sie-ihren-camper-van-in-sevilla\/#primaryimage"},"thumbnailUrl":"https:\/\/caracolvan.com\/wp-content\/uploads\/2023\/05\/16715363338279_1.jpg","datePublished":"2018-02-05T15:48:01+00:00","dateModified":"2023-12-13T07:26:31+00:00","description":"M\u00f6chten Sie in Sevilla einen Transporter oder ein Wohnmobil mieten? In Caracolvan haben wir die beste Option f\u00fcr Ihr Wohnmobil. Entdecken Sie, was Sie in Sevilla mit dem Van sehen und besichtigen k\u00f6nnen!","breadcrumb":{"@id":"https:\/\/caracolvan.com\/de\/mieten-sie-ihren-camper-van-in-sevilla\/#breadcrumb"},"inLanguage":"de","potentialAction":[{"@type":"ReadAction","target":["https:\/\/caracolvan.com\/de\/mieten-sie-ihren-camper-van-in-sevilla\/"]}]},{"@type":"ImageObject","inLanguage":"de","@id":"https:\/\/caracolvan.com\/de\/mieten-sie-ihren-camper-van-in-sevilla\/#primaryimage","url":"https:\/\/caracolvan.com\/wp-content\/uploads\/2023\/05\/16715363338279_1.jpg","contentUrl":"https:\/\/caracolvan.com\/wp-content\/uploads\/2023\/05\/16715363338279_1.jpg","width":1920,"height":970,"caption":"alquila tu furgo camper en sevilla"},{"@type":"BreadcrumbList","@id":"https:\/\/caracolvan.com\/de\/mieten-sie-ihren-camper-van-in-sevilla\/#breadcrumb","itemListElement":[{"@type":"ListItem","position":1,"name":"Portada","item":"https:\/\/caracolvan.com\/de\/"},{"@type":"ListItem","position":2,"name":"Mieten sie ihren camper van in Sevilla"}]},{"@type":"WebSite","@id":"https:\/\/caracolvan.com\/de\/#website","url":"https:\/\/caracolvan.com\/de\/","name":"Alquiler Camper Rental - Caracolvan","description":"Alquiler de furgonetas camper y autocaravanas","publisher":{"@id":"https:\/\/caracolvan.com\/de\/#organization"},"potentialAction":[{"@type":"SearchAction","target":{"@type":"EntryPoint","urlTemplate":"https:\/\/caracolvan.com\/de\/?s={search_term_string}"},"query-input":{"@type":"PropertyValueSpecification","valueRequired":true,"valueName":"search_term_string"}}],"inLanguage":"de"},{"@type":"Organization","@id":"https:\/\/caracolvan.com\/de\/#organization","name":"Caracolvan","url":"https:\/\/caracolvan.com\/de\/","logo":{"@type":"ImageObject","inLanguage":"de","@id":"https:\/\/caracolvan.com\/de\/#\/schema\/logo\/image\/","url":"https:\/\/caracolvan.com\/wp-content\/uploads\/2023\/08\/caracolvan-logotipo.jpg","contentUrl":"https:\/\/caracolvan.com\/wp-content\/uploads\/2023\/08\/caracolvan-logotipo.jpg","width":696,"height":696,"caption":"Caracolvan"},"image":{"@id":"https:\/\/caracolvan.com\/de\/#\/schema\/logo\/image\/"},"sameAs":["https:\/\/www.facebook.com\/Caracolvan\/","https:\/\/x.com\/Caracolvan"]}]}},"_links":{"self":[{"href":"https:\/\/caracolvan.com\/de\/wp-json\/wp\/v2\/pages\/7353","targetHints":{"allow":["GET"]}}],"collection":[{"href":"https:\/\/caracolvan.com\/de\/wp-json\/wp\/v2\/pages"}],"about":[{"href":"https:\/\/caracolvan.com\/de\/wp-json\/wp\/v2\/types\/page"}],"author":[{"embeddable":true,"href":"https:\/\/caracolvan.com\/de\/wp-json\/wp\/v2\/users\/4"}],"replies":[{"embeddable":true,"href":"https:\/\/caracolvan.com\/de\/wp-json\/wp\/v2\/comments?post=7353"}],"version-history":[{"count":13,"href":"https:\/\/caracolvan.com\/de\/wp-json\/wp\/v2\/pages\/7353\/revisions"}],"predecessor-version":[{"id":14705,"href":"https:\/\/caracolvan.com\/de\/wp-json\/wp\/v2\/pages\/7353\/revisions\/14705"}],"wp:featuredmedia":[{"embeddable":true,"href":"https:\/\/caracolvan.com\/de\/wp-json\/wp\/v2\/media\/12413"}],"wp:attachment":[{"href":"https:\/\/caracolvan.com\/de\/wp-json\/wp\/v2\/media?parent=7353"}],"curies":[{"name":"wp","href":"https:\/\/api.w.org\/{rel}","templated":true}]}}